{"id":2588,"date":"2019-11-28T08:53:39","date_gmt":"2019-11-28T13:53:39","guid":{"rendered":"https:\/\/hsbtest.com\/?page_id=2588"},"modified":"2025-08-01T14:02:37","modified_gmt":"2025-08-01T18:02:37","slug":"communiquesarchives","status":"publish","type":"page","link":"https:\/\/ilesaintbernard.ca\/english\/communiquesarchives\/","title":{"rendered":"Communiqu\u00e9s archives"},"content":{"rendered":"\t\t<div data-elementor-type=\"wp-post\" data-elementor-id=\"2588\" class=\"elementor elementor-2588\" data-elementor-post-type=\"page\">\n\t\t\t\t\t\t<section data-particle_enable=\"false\" data-particle-mobile-disabled=\"false\" class=\"elementor-section elementor-top-section elementor-element elementor-element-b00d676 elementor-section-content-middle elementor-section-boxed elementor-section-height-default elementor-section-height-default\" data-id=\"b00d676\" data-element_type=\"section\" data-e-type=\"section\" data-settings=\"{&quot;background_background&quot;:&quot;classic&quot;,&quot;sticky&quot;:&quot;top&quot;,&quot;sticky_on&quot;:[&quot;desktop&quot;,&quot;tablet&quot;,&quot;mobile&quot;],&quot;sticky_offset&quot;:0,&quot;sticky_effects_offset&quot;:0,&quot;sticky_anchor_link_offset&quot;:0}\">\n\t\t\t\t\t\t<div class=\"elementor-container elementor-column-gap-no\">\n\t\t\t\t\t<div class=\"elementor-column elementor-col-50 elementor-top-column elementor-element elementor-element-4a43ed6\" data-id=\"4a43ed6\" data-element_type=\"column\" data-e-type=\"column\">\n\t\t\t<div class=\"elementor-widget-wrap elementor-element-populated\">\n\t\t\t\t\t\t<div class=\"elementor-element elementor-element-4cdc9d6 elementor-widget elementor-widget-theme-site-logo elementor-widget-image\" data-id=\"4cdc9d6\" data-element_type=\"widget\" data-e-type=\"widget\" data-widget_type=\"theme-site-logo.default\">\n\t\t\t\t<div class=\"elementor-widget-container\">\n\t\t\t\t\t\t\t\t\t\t\t<a href=\"https:\/\/ilesaintbernard.ca\/english\/\">\n\t\t\t<img decoding=\"async\" width=\"126\" height=\"100\" src=\"https:\/\/ilesaintbernard.ca\/wp-content\/uploads\/2019\/05\/logo-1.png\" class=\"attachment-full size-full wp-image-607\" alt=\"\u00cele Saint Bernard - logo\" sizes=\"(max-width: 34.9rem) calc(100vw - 2rem), (max-width: 53rem) calc(8 * (100vw \/ 12)), (min-width: 53rem) calc(6 * (100vw \/ 12)), 100vw\" \/>\t\t\t\t<\/a>\n\t\t\t\t\t\t\t\t\t\t\t<\/div>\n\t\t\t\t<\/div>\n\t\t\t\t\t<\/div>\n\t\t<\/div>\n\t\t\t\t<div class=\"elementor-column elementor-col-50 elementor-top-column elementor-element elementor-element-1e20d43\" data-id=\"1e20d43\" data-element_type=\"column\" data-e-type=\"column\">\n\t\t\t<div class=\"elementor-widget-wrap elementor-element-populated\">\n\t\t\t\t\t\t<div class=\"elementor-element elementor-element-21187ee elementor-nav-menu__align-end elementor-widget__width-initial elementor-nav-menu--dropdown-tablet elementor-nav-menu__text-align-aside elementor-nav-menu--toggle elementor-nav-menu--burger elementor-widget elementor-widget-global elementor-global-1158 elementor-widget-nav-menu\" data-id=\"21187ee\" data-element_type=\"widget\" data-e-type=\"widget\" data-settings=\"{&quot;layout&quot;:&quot;horizontal&quot;,&quot;submenu_icon&quot;:{&quot;value&quot;:&quot;fas fa-caret-down&quot;,&quot;library&quot;:&quot;fa-solid&quot;},&quot;toggle&quot;:&quot;burger&quot;}\" data-widget_type=\"nav-menu.default\">\n\t\t\t\t<div class=\"elementor-widget-container\">\n\t\t\t\t\t\t\t\t<nav aria-label=\"Menu\" class=\"elementor-nav-menu--main elementor-nav-menu__container elementor-nav-menu--layout-horizontal e--pointer-underline e--animation-fade\">\n\t\t\t\t<ul id=\"menu-1-21187ee\" class=\"elementor-nav-menu\"><li class=\"menu-item menu-item-type-post_type menu-item-object-page menu-item-has-children menu-item-4969\"><a href=\"https:\/\/ilesaintbernard.ca\/english\/quoi-faire\/\" class=\"elementor-item\">Quoi faire ?<\/a>\n<ul class=\"sub-menu elementor-nav-menu--dropdown\">\n\t<li class=\"menu-item menu-item-type-post_type menu-item-object-page menu-item-20547\"><a href=\"https:\/\/ilesaintbernard.ca\/english\/activitesetevenements\/\" class=\"elementor-sub-item\">Activit\u00e9s &#038; \u00e9v\u00e9nements<\/a><\/li>\n\t<li class=\"menu-item menu-item-type-post_type menu-item-object-page menu-item-20548\"><a href=\"https:\/\/ilesaintbernard.ca\/english\/groupesorganises\/\" class=\"elementor-sub-item\">Groupes organis\u00e9s<\/a><\/li>\n\t<li class=\"menu-item menu-item-type-post_type menu-item-object-post menu-item-20550\"><a href=\"https:\/\/ilesaintbernard.ca\/english\/ecoles\/\" class=\"elementor-sub-item\">\u00c9coles<\/a><\/li>\n<\/ul>\n<\/li>\n<li class=\"menu-item menu-item-type-custom menu-item-object-custom menu-item-has-children menu-item-2634\"><a class=\"elementor-item\">Services et restauration<\/a>\n<ul class=\"sub-menu elementor-nav-menu--dropdown\">\n\t<li class=\"menu-item menu-item-type-post_type menu-item-object-page menu-item-29436\"><a href=\"https:\/\/ilesaintbernard.ca\/english\/accessibilite\/\" class=\"elementor-sub-item\">Accessibilit\u00e9<\/a><\/li>\n\t<li class=\"menu-item menu-item-type-post_type menu-item-object-page menu-item-6997\"><a href=\"https:\/\/ilesaintbernard.ca\/english\/cafe-de-lile\/\" class=\"elementor-sub-item\">Caf\u00e9 de l\u2019\u00eele<\/a><\/li>\n\t<li class=\"menu-item menu-item-type-post_type menu-item-object-post menu-item-11791\"><a href=\"https:\/\/ilesaintbernard.ca\/english\/ecoles\/\" class=\"elementor-sub-item\">\u00c9coles<\/a><\/li>\n\t<li class=\"menu-item menu-item-type-custom menu-item-object-custom menu-item-16765\"><a target=\"_blank\" href=\"https:\/\/manoirdyouville.ca\/\" class=\"elementor-sub-item\">H\u00f4tel Manoir D&rsquo;Youville<\/a><\/li>\n\t<li class=\"menu-item menu-item-type-custom menu-item-object-custom menu-item-16766\"><a target=\"_blank\" href=\"https:\/\/www.bistrolatraite.ca\/\" class=\"elementor-sub-item\">Bistro La Traite<\/a><\/li>\n\t<li class=\"menu-item menu-item-type-custom menu-item-object-custom menu-item-16767\"><a target=\"_blank\" href=\"https:\/\/ville.chateauguay.qc.ca\/spectacles-chateau-scenes\/spectacles\/\" class=\"elementor-sub-item\">Programmation culturelle \u2014 Ch\u00e2teau Sc\u00e8nes<\/a><\/li>\n\t<li class=\"menu-item menu-item-type-custom menu-item-object-custom menu-item-29309\"><a href=\"https:\/\/centre-multifonctionnel-horizon.ca\/service\/le-manoir-horizon\/\" class=\"elementor-sub-item\">Manoir Horizon<\/a><\/li>\n<\/ul>\n<\/li>\n<li class=\"menu-item menu-item-type-custom menu-item-object-custom menu-item-has-children menu-item-2635\"><a class=\"elementor-item\">Territoires naturels<\/a>\n<ul class=\"sub-menu elementor-nav-menu--dropdown\">\n\t<li class=\"menu-item menu-item-type-post_type menu-item-object-page menu-item-has-children menu-item-1535\"><a href=\"https:\/\/ilesaintbernard.ca\/english\/ilerefuge\/\" class=\"elementor-sub-item\">L\u2019\u00eele et son refuge<\/a>\n\t<ul class=\"sub-menu elementor-nav-menu--dropdown\">\n\t\t<li class=\"menu-item menu-item-type-post_type menu-item-object-page menu-item-21239\"><a href=\"https:\/\/ilesaintbernard.ca\/english\/tarification\/\" class=\"elementor-sub-item\">Tarification<\/a><\/li>\n\t<\/ul>\n<\/li>\n\t<li class=\"menu-item menu-item-type-custom menu-item-object-custom menu-item-7483\"><a href=\"http:\/\/www.cefseguin.com\" class=\"elementor-sub-item\">Centre \u00e9cologique Fernand-Seguin<\/a><\/li>\n\t<li class=\"menu-item menu-item-type-post_type menu-item-object-page menu-item-1533\"><a href=\"https:\/\/ilesaintbernard.ca\/english\/ruisseauparc\/\" class=\"elementor-sub-item\">Ruisseau Saint-Jean et parc de la Commune<\/a><\/li>\n\t<li class=\"menu-item menu-item-type-post_type menu-item-object-page menu-item-1532\"><a href=\"https:\/\/ilesaintbernard.ca\/english\/corridorvert\/\" class=\"elementor-sub-item\">Corridor vert Ch\u00e2teauguay-L\u00e9ry<\/a><\/li>\n<\/ul>\n<\/li>\n<li class=\"menu-item menu-item-type-custom menu-item-object-custom menu-item-has-children menu-item-25782\"><a class=\"elementor-item\">Je contribue<\/a>\n<ul class=\"sub-menu elementor-nav-menu--dropdown\">\n\t<li class=\"menu-item menu-item-type-custom menu-item-object-custom menu-item-29546\"><a href=\"https:\/\/www.zeffy.com\/fr-CA\/ticketing\/formulaire-dadhesion-a-lorganisme\" class=\"elementor-sub-item\">Devenir membre d&rsquo;H\u00e9ritage<\/a><\/li>\n\t<li class=\"menu-item menu-item-type-post_type menu-item-object-page menu-item-28931\"><a href=\"https:\/\/ilesaintbernard.ca\/english\/faites-un-don\/\" class=\"elementor-sub-item\">Faites un don \ud83c\udf3f<\/a><\/li>\n\t<li class=\"menu-item menu-item-type-custom menu-item-object-custom menu-item-29555\"><a href=\"https:\/\/ilesaintbernard.ca\/wp-content\/uploads\/2026\/01\/donstestamentaires.pdf\" class=\"elementor-sub-item\">Dons testamentaires<\/a><\/li>\n\t<li class=\"menu-item menu-item-type-post_type menu-item-object-page menu-item-20241\"><a href=\"https:\/\/ilesaintbernard.ca\/english\/soiree-benefice\/\" class=\"elementor-sub-item\">\u00c9v\u00e9nement-b\u00e9n\u00e9fice annuel<\/a><\/li>\n\t<li class=\"menu-item menu-item-type-post_type menu-item-object-page menu-item-22961\"><a href=\"https:\/\/ilesaintbernard.ca\/english\/adoptez-un-banc\/\" class=\"elementor-sub-item\">Adoptez un banc<\/a><\/li>\n\t<li class=\"menu-item menu-item-type-post_type menu-item-object-page menu-item-25309\"><a href=\"https:\/\/ilesaintbernard.ca\/english\/partenaires\/\" class=\"elementor-sub-item\">Partenaires<\/a><\/li>\n\t<li class=\"menu-item menu-item-type-post_type menu-item-object-page menu-item-25608\"><a href=\"https:\/\/ilesaintbernard.ca\/english\/certificat-cadeau\/\" class=\"elementor-sub-item\">Certificat cadeau<\/a><\/li>\n<\/ul>\n<\/li>\n<li class=\"trp-language-switcher-container menu-item menu-item-type-post_type menu-item-object-language_switcher current-language-menu-item menu-item-24680\"><a href=\"https:\/\/ilesaintbernard.ca\/english\/wp-json\/wp\/v2\/pages\/2588#TRPLINKPROCESSED\" class=\"elementor-item elementor-item-anchor\"><span data-no-translation><span class=\"trp-ls-language-name\">FRANCAIS<\/span><\/span><\/a><\/li>\n<\/ul>\t\t\t<\/nav>\n\t\t\t\t\t<div class=\"elementor-menu-toggle\" role=\"button\" tabindex=\"0\" aria-label=\"Menu Toggle\" aria-expanded=\"false\">\n\t\t\t<i aria-hidden=\"true\" role=\"presentation\" class=\"elementor-menu-toggle__icon--open eicon-menu-bar\"><\/i><i aria-hidden=\"true\" role=\"presentation\" class=\"elementor-menu-toggle__icon--close eicon-close\"><\/i>\t\t<\/div>\n\t\t\t\t\t<nav class=\"elementor-nav-menu--dropdown elementor-nav-menu__container\" aria-hidden=\"true\">\n\t\t\t\t<ul id=\"menu-2-21187ee\" class=\"elementor-nav-menu\"><li class=\"menu-item menu-item-type-post_type menu-item-object-page menu-item-has-children menu-item-4969\"><a href=\"https:\/\/ilesaintbernard.ca\/english\/quoi-faire\/\" class=\"elementor-item\" tabindex=\"-1\">Quoi faire ?<\/a>\n<ul class=\"sub-menu elementor-nav-menu--dropdown\">\n\t<li class=\"menu-item menu-item-type-post_type menu-item-object-page menu-item-20547\"><a href=\"https:\/\/ilesaintbernard.ca\/english\/activitesetevenements\/\" class=\"elementor-sub-item\" tabindex=\"-1\">Activit\u00e9s &#038; \u00e9v\u00e9nements<\/a><\/li>\n\t<li class=\"menu-item menu-item-type-post_type menu-item-object-page menu-item-20548\"><a href=\"https:\/\/ilesaintbernard.ca\/english\/groupesorganises\/\" class=\"elementor-sub-item\" tabindex=\"-1\">Groupes organis\u00e9s<\/a><\/li>\n\t<li class=\"menu-item menu-item-type-post_type menu-item-object-post menu-item-20550\"><a href=\"https:\/\/ilesaintbernard.ca\/english\/ecoles\/\" class=\"elementor-sub-item\" tabindex=\"-1\">\u00c9coles<\/a><\/li>\n<\/ul>\n<\/li>\n<li class=\"menu-item menu-item-type-custom menu-item-object-custom menu-item-has-children menu-item-2634\"><a class=\"elementor-item\" tabindex=\"-1\">Services et restauration<\/a>\n<ul class=\"sub-menu elementor-nav-menu--dropdown\">\n\t<li class=\"menu-item menu-item-type-post_type menu-item-object-page menu-item-29436\"><a href=\"https:\/\/ilesaintbernard.ca\/english\/accessibilite\/\" class=\"elementor-sub-item\" tabindex=\"-1\">Accessibilit\u00e9<\/a><\/li>\n\t<li class=\"menu-item menu-item-type-post_type menu-item-object-page menu-item-6997\"><a href=\"https:\/\/ilesaintbernard.ca\/english\/cafe-de-lile\/\" class=\"elementor-sub-item\" tabindex=\"-1\">Caf\u00e9 de l\u2019\u00eele<\/a><\/li>\n\t<li class=\"menu-item menu-item-type-post_type menu-item-object-post menu-item-11791\"><a href=\"https:\/\/ilesaintbernard.ca\/english\/ecoles\/\" class=\"elementor-sub-item\" tabindex=\"-1\">\u00c9coles<\/a><\/li>\n\t<li class=\"menu-item menu-item-type-custom menu-item-object-custom menu-item-16765\"><a target=\"_blank\" href=\"https:\/\/manoirdyouville.ca\/\" class=\"elementor-sub-item\" tabindex=\"-1\">H\u00f4tel Manoir D&rsquo;Youville<\/a><\/li>\n\t<li class=\"menu-item menu-item-type-custom menu-item-object-custom menu-item-16766\"><a target=\"_blank\" href=\"https:\/\/www.bistrolatraite.ca\/\" class=\"elementor-sub-item\" tabindex=\"-1\">Bistro La Traite<\/a><\/li>\n\t<li class=\"menu-item menu-item-type-custom menu-item-object-custom menu-item-16767\"><a target=\"_blank\" href=\"https:\/\/ville.chateauguay.qc.ca\/spectacles-chateau-scenes\/spectacles\/\" class=\"elementor-sub-item\" tabindex=\"-1\">Programmation culturelle \u2014 Ch\u00e2teau Sc\u00e8nes<\/a><\/li>\n\t<li class=\"menu-item menu-item-type-custom menu-item-object-custom menu-item-29309\"><a href=\"https:\/\/centre-multifonctionnel-horizon.ca\/service\/le-manoir-horizon\/\" class=\"elementor-sub-item\" tabindex=\"-1\">Manoir Horizon<\/a><\/li>\n<\/ul>\n<\/li>\n<li class=\"menu-item menu-item-type-custom menu-item-object-custom menu-item-has-children menu-item-2635\"><a class=\"elementor-item\" tabindex=\"-1\">Territoires naturels<\/a>\n<ul class=\"sub-menu elementor-nav-menu--dropdown\">\n\t<li class=\"menu-item menu-item-type-post_type menu-item-object-page menu-item-has-children menu-item-1535\"><a href=\"https:\/\/ilesaintbernard.ca\/english\/ilerefuge\/\" class=\"elementor-sub-item\" tabindex=\"-1\">L\u2019\u00eele et son refuge<\/a>\n\t<ul class=\"sub-menu elementor-nav-menu--dropdown\">\n\t\t<li class=\"menu-item menu-item-type-post_type menu-item-object-page menu-item-21239\"><a href=\"https:\/\/ilesaintbernard.ca\/english\/tarification\/\" class=\"elementor-sub-item\" tabindex=\"-1\">Tarification<\/a><\/li>\n\t<\/ul>\n<\/li>\n\t<li class=\"menu-item menu-item-type-custom menu-item-object-custom menu-item-7483\"><a href=\"http:\/\/www.cefseguin.com\" class=\"elementor-sub-item\" tabindex=\"-1\">Centre \u00e9cologique Fernand-Seguin<\/a><\/li>\n\t<li class=\"menu-item menu-item-type-post_type menu-item-object-page menu-item-1533\"><a href=\"https:\/\/ilesaintbernard.ca\/english\/ruisseauparc\/\" class=\"elementor-sub-item\" tabindex=\"-1\">Ruisseau Saint-Jean et parc de la Commune<\/a><\/li>\n\t<li class=\"menu-item menu-item-type-post_type menu-item-object-page menu-item-1532\"><a href=\"https:\/\/ilesaintbernard.ca\/english\/corridorvert\/\" class=\"elementor-sub-item\" tabindex=\"-1\">Corridor vert Ch\u00e2teauguay-L\u00e9ry<\/a><\/li>\n<\/ul>\n<\/li>\n<li class=\"menu-item menu-item-type-custom menu-item-object-custom menu-item-has-children menu-item-25782\"><a class=\"elementor-item\" tabindex=\"-1\">Je contribue<\/a>\n<ul class=\"sub-menu elementor-nav-menu--dropdown\">\n\t<li class=\"menu-item menu-item-type-custom menu-item-object-custom menu-item-29546\"><a href=\"https:\/\/www.zeffy.com\/fr-CA\/ticketing\/formulaire-dadhesion-a-lorganisme\" class=\"elementor-sub-item\" tabindex=\"-1\">Devenir membre d&rsquo;H\u00e9ritage<\/a><\/li>\n\t<li class=\"menu-item menu-item-type-post_type menu-item-object-page menu-item-28931\"><a href=\"https:\/\/ilesaintbernard.ca\/english\/faites-un-don\/\" class=\"elementor-sub-item\" tabindex=\"-1\">Faites un don \ud83c\udf3f<\/a><\/li>\n\t<li class=\"menu-item menu-item-type-custom menu-item-object-custom menu-item-29555\"><a href=\"https:\/\/ilesaintbernard.ca\/wp-content\/uploads\/2026\/01\/donstestamentaires.pdf\" class=\"elementor-sub-item\" tabindex=\"-1\">Dons testamentaires<\/a><\/li>\n\t<li class=\"menu-item menu-item-type-post_type menu-item-object-page menu-item-20241\"><a href=\"https:\/\/ilesaintbernard.ca\/english\/soiree-benefice\/\" class=\"elementor-sub-item\" tabindex=\"-1\">\u00c9v\u00e9nement-b\u00e9n\u00e9fice annuel<\/a><\/li>\n\t<li class=\"menu-item menu-item-type-post_type menu-item-object-page menu-item-22961\"><a href=\"https:\/\/ilesaintbernard.ca\/english\/adoptez-un-banc\/\" class=\"elementor-sub-item\" tabindex=\"-1\">Adoptez un banc<\/a><\/li>\n\t<li class=\"menu-item menu-item-type-post_type menu-item-object-page menu-item-25309\"><a href=\"https:\/\/ilesaintbernard.ca\/english\/partenaires\/\" class=\"elementor-sub-item\" tabindex=\"-1\">Partenaires<\/a><\/li>\n\t<li class=\"menu-item menu-item-type-post_type menu-item-object-page menu-item-25608\"><a href=\"https:\/\/ilesaintbernard.ca\/english\/certificat-cadeau\/\" class=\"elementor-sub-item\" tabindex=\"-1\">Certificat cadeau<\/a><\/li>\n<\/ul>\n<\/li>\n<li class=\"trp-language-switcher-container menu-item menu-item-type-post_type menu-item-object-language_switcher current-language-menu-item menu-item-24680\"><a href=\"https:\/\/ilesaintbernard.ca\/english\/wp-json\/wp\/v2\/pages\/2588#TRPLINKPROCESSED\" class=\"elementor-item elementor-item-anchor\" tabindex=\"-1\"><span data-no-translation><span class=\"trp-ls-language-name\">FRANCAIS<\/span><\/span><\/a><\/li>\n<\/ul>\t\t\t<\/nav>\n\t\t\t\t\t\t<\/div>\n\t\t\t\t<\/div>\n\t\t\t\t\t<\/div>\n\t\t<\/div>\n\t\t\t\t\t<\/div>\n\t\t<\/section>\n\t\t\t\t<section data-particle_enable=\"false\" data-particle-mobile-disabled=\"false\" class=\"elementor-section elementor-top-section elementor-element elementor-element-57939f36 elementor-section-height-min-height elementor-section-boxed elementor-section-height-default elementor-section-items-middle\" data-id=\"57939f36\" data-element_type=\"section\" data-e-type=\"section\" data-settings=\"{&quot;background_background&quot;:&quot;classic&quot;,&quot;background_motion_fx_motion_fx_scrolling&quot;:&quot;yes&quot;,&quot;background_motion_fx_translateY_effect&quot;:&quot;yes&quot;,&quot;background_motion_fx_translateY_speed&quot;:{&quot;unit&quot;:&quot;px&quot;,&quot;size&quot;:4,&quot;sizes&quot;:[]},&quot;background_motion_fx_translateY_affectedRange&quot;:{&quot;unit&quot;:&quot;%&quot;,&quot;size&quot;:&quot;&quot;,&quot;sizes&quot;:{&quot;start&quot;:0,&quot;end&quot;:100}},&quot;background_motion_fx_devices&quot;:[&quot;desktop&quot;,&quot;tablet&quot;,&quot;mobile&quot;]}\">\n\t\t\t\t\t\t<div class=\"elementor-container elementor-column-gap-default\">\n\t\t\t\t\t<div class=\"elementor-column elementor-col-100 elementor-top-column elementor-element elementor-element-4fef15a6\" data-id=\"4fef15a6\" data-element_type=\"column\" data-e-type=\"column\">\n\t\t\t<div class=\"elementor-widget-wrap elementor-element-populated\">\n\t\t\t\t\t\t<div class=\"elementor-element elementor-element-5ac798e7 elementor-widget elementor-widget-heading\" data-id=\"5ac798e7\" data-element_type=\"widget\" data-e-type=\"widget\" data-widget_type=\"heading.default\">\n\t\t\t\t<div class=\"elementor-widget-container\">\n\t\t\t\t\t<h3 class=\"elementor-heading-title elementor-size-default\">Archives<br>des communiqu\u00e9s<\/h3>\t\t\t\t<\/div>\n\t\t\t\t<\/div>\n\t\t\t\t\t<\/div>\n\t\t<\/div>\n\t\t\t\t\t<\/div>\n\t\t<\/section>\n\t\t\t\t<section data-particle_enable=\"false\" data-particle-mobile-disabled=\"false\" class=\"elementor-section elementor-top-section elementor-element elementor-element-9bcc3f6 elementor-section-boxed elementor-section-height-default elementor-section-height-default\" data-id=\"9bcc3f6\" data-element_type=\"section\" data-e-type=\"section\">\n\t\t\t\t\t\t<div class=\"elementor-container elementor-column-gap-no\">\n\t\t\t\t\t<div class=\"elementor-column elementor-col-100 elementor-top-column elementor-element elementor-element-3d64710\" data-id=\"3d64710\" data-element_type=\"column\" data-e-type=\"column\">\n\t\t\t<div class=\"elementor-widget-wrap elementor-element-populated\">\n\t\t\t\t\t\t<div class=\"elementor-element elementor-element-44b877f elementor-tabs-view-horizontal elementor-widget elementor-widget-tabs\" data-id=\"44b877f\" data-element_type=\"widget\" data-e-type=\"widget\" data-widget_type=\"tabs.default\">\n\t\t\t\t<div class=\"elementor-widget-container\">\n\t\t\t\t\t\t\t<div class=\"elementor-tabs\">\n\t\t\t<div class=\"elementor-tabs-wrapper\" role=\"tablist\" >\n\t\t\t\t\t\t\t\t\t<div id=\"elementor-tab-title-7201\" class=\"elementor-tab-title elementor-tab-desktop-title\" aria-selected=\"true\" data-tab=\"1\" role=\"tab\" tabindex=\"0\" aria-controls=\"elementor-tab-content-7201\" aria-expanded=\"false\">2024<\/div>\n\t\t\t\t\t\t\t\t\t<div id=\"elementor-tab-title-7202\" class=\"elementor-tab-title elementor-tab-desktop-title\" aria-selected=\"false\" data-tab=\"2\" role=\"tab\" tabindex=\"-1\" aria-controls=\"elementor-tab-content-7202\" aria-expanded=\"false\">2023<\/div>\n\t\t\t\t\t\t\t\t\t<div id=\"elementor-tab-title-7203\" class=\"elementor-tab-title elementor-tab-desktop-title\" aria-selected=\"false\" data-tab=\"3\" role=\"tab\" tabindex=\"-1\" aria-controls=\"elementor-tab-content-7203\" aria-expanded=\"false\">2022<\/div>\n\t\t\t\t\t\t\t\t\t<div id=\"elementor-tab-title-7204\" class=\"elementor-tab-title elementor-tab-desktop-title\" aria-selected=\"false\" data-tab=\"4\" role=\"tab\" tabindex=\"-1\" aria-controls=\"elementor-tab-content-7204\" aria-expanded=\"false\">2021<\/div>\n\t\t\t\t\t\t\t\t\t<div id=\"elementor-tab-title-7205\" class=\"elementor-tab-title elementor-tab-desktop-title\" aria-selected=\"false\" data-tab=\"5\" role=\"tab\" tabindex=\"-1\" aria-controls=\"elementor-tab-content-7205\" aria-expanded=\"false\">2020<\/div>\n\t\t\t\t\t\t\t\t\t<div id=\"elementor-tab-title-7206\" class=\"elementor-tab-title elementor-tab-desktop-title\" aria-selected=\"false\" data-tab=\"6\" role=\"tab\" tabindex=\"-1\" aria-controls=\"elementor-tab-content-7206\" aria-expanded=\"false\">2019<\/div>\n\t\t\t\t\t\t\t\t\t<div id=\"elementor-tab-title-7207\" class=\"elementor-tab-title elementor-tab-desktop-title\" aria-selected=\"false\" data-tab=\"7\" role=\"tab\" tabindex=\"-1\" aria-controls=\"elementor-tab-content-7207\" aria-expanded=\"false\">2018<\/div>\n\t\t\t\t\t\t\t\t\t<div id=\"elementor-tab-title-7208\" class=\"elementor-tab-title elementor-tab-desktop-title\" aria-selected=\"false\" data-tab=\"8\" role=\"tab\" tabindex=\"-1\" aria-controls=\"elementor-tab-content-7208\" aria-expanded=\"false\">2017<\/div>\n\t\t\t\t\t\t\t\t\t<div id=\"elementor-tab-title-7209\" class=\"elementor-tab-title elementor-tab-desktop-title\" aria-selected=\"false\" data-tab=\"9\" role=\"tab\" tabindex=\"-1\" aria-controls=\"elementor-tab-content-7209\" aria-expanded=\"false\">2016<\/div>\n\t\t\t\t\t\t\t\t\t<div id=\"elementor-tab-title-72010\" class=\"elementor-tab-title elementor-tab-desktop-title\" aria-selected=\"false\" data-tab=\"10\" role=\"tab\" tabindex=\"-1\" aria-controls=\"elementor-tab-content-72010\" aria-expanded=\"false\">2015<\/div>\n\t\t\t\t\t\t\t\t\t<div id=\"elementor-tab-title-72011\" class=\"elementor-tab-title elementor-tab-desktop-title\" aria-selected=\"false\" data-tab=\"11\" role=\"tab\" tabindex=\"-1\" aria-controls=\"elementor-tab-content-72011\" aria-expanded=\"false\">2014<\/div>\n\t\t\t\t\t\t\t\t\t<div id=\"elementor-tab-title-72012\" class=\"elementor-tab-title elementor-tab-desktop-title\" aria-selected=\"false\" data-tab=\"12\" role=\"tab\" tabindex=\"-1\" aria-controls=\"elementor-tab-content-72012\" aria-expanded=\"false\">2013<\/div>\n\t\t\t\t\t\t\t\t\t<div id=\"elementor-tab-title-72013\" class=\"elementor-tab-title elementor-tab-desktop-title\" aria-selected=\"false\" data-tab=\"13\" role=\"tab\" tabindex=\"-1\" aria-controls=\"elementor-tab-content-72013\" aria-expanded=\"false\">2012<\/div>\n\t\t\t\t\t\t\t\t\t<div id=\"elementor-tab-title-72014\" class=\"elementor-tab-title elementor-tab-desktop-title\" aria-selected=\"false\" data-tab=\"14\" role=\"tab\" tabindex=\"-1\" aria-controls=\"elementor-tab-content-72014\" aria-expanded=\"false\">2011<\/div>\n\t\t\t\t\t\t\t\t\t<div id=\"elementor-tab-title-72015\" class=\"elementor-tab-title elementor-tab-desktop-title\" aria-selected=\"false\" data-tab=\"15\" role=\"tab\" tabindex=\"-1\" aria-controls=\"elementor-tab-content-72015\" aria-expanded=\"false\">2010<\/div>\n\t\t\t\t\t\t\t\t\t<div id=\"elementor-tab-title-72016\" class=\"elementor-tab-title elementor-tab-desktop-title\" aria-selected=\"false\" data-tab=\"16\" role=\"tab\" tabindex=\"-1\" aria-controls=\"elementor-tab-content-72016\" aria-expanded=\"false\">2009<\/div>\n\t\t\t\t\t\t\t\t\t<div id=\"elementor-tab-title-72017\" class=\"elementor-tab-title elementor-tab-desktop-title\" aria-selected=\"false\" data-tab=\"17\" role=\"tab\" tabindex=\"-1\" aria-controls=\"elementor-tab-content-72017\" aria-expanded=\"false\">2008<\/div>\n\t\t\t\t\t\t\t<\/div>\n\t\t\t<div class=\"elementor-tabs-content-wrapper\" role=\"tablist\" aria-orientation=\"vertical\">\n\t\t\t\t\t\t\t\t\t<div class=\"elementor-tab-title elementor-tab-mobile-title\" aria-selected=\"true\" data-tab=\"1\" role=\"tab\" tabindex=\"0\" aria-controls=\"elementor-tab-content-7201\" aria-expanded=\"false\">2024<\/div>\n\t\t\t\t\t<div id=\"elementor-tab-content-7201\" class=\"elementor-tab-content elementor-clearfix\" data-tab=\"1\" role=\"tabpanel\" aria-labelledby=\"elementor-tab-title-7201\" tabindex=\"0\" hidden=\"false\"><ul><li><span style=\"color: #000000;\"><a style=\"color: #000000;\" href=\"https:\/\/ilesaintbernard.ca\/wp-content\/uploads\/2024\/12\/Communique_12122024.pdf\">12 d\u00e9cembre \u2014 Modification du trac\u00e9 de ski de fond au centre \u00e9cologique Fernand-Seguin<\/a><\/span><\/li><li><span style=\"color: #000000;\"><a style=\"color: #000000;\" href=\"https:\/\/ilesaintbernard.ca\/wp-content\/uploads\/2024\/11\/communique_20112024.pdf\">20 novembre \u2014 Am\u00e9lioration des infrastructures du refuge faunique Marguerite-D\u2019Youville : d\u00e9but des travaux<\/a><\/span><\/li><li><span style=\"color: #000000;\"><a style=\"color: #000000;\" href=\"https:\/\/ilesaintbernard.ca\/wp-content\/uploads\/2024\/09\/communique_09092024.pdf\">10 septembre \u2014 Vers un automne color\u00e9, savoureux et magique!\u00a0<\/a><\/span><\/li><li><span style=\"color: #000000;\"><a style=\"color: #000000;\" href=\"https:\/\/ilesaintbernard.ca\/wp-content\/uploads\/2024\/08\/Communique_29082024.pdf\">29 ao\u00fbt \u2014 Autocueillette unique en son genre sur l&rsquo;\u00eele Saint-Bernard<\/a><\/span><\/li><li><span style=\"color: #000000;\"><a style=\"color: #000000;\" href=\"https:\/\/ilesaintbernard.ca\/wp-content\/uploads\/2024\/08\/Communique-peche-en-herbe-220824.pdf\">22 ao\u00fbt \u2014 Un autre initiation \u00e0 la p\u00eache r\u00e9ussie pour les jeunes<\/a><\/span><\/li><li><span style=\"color: #000000;\"><a style=\"color: #000000;\" href=\"https:\/\/ilesaintbernard.ca\/wp-content\/uploads\/2025\/07\/Communique_170624.pdf\">17 juin \u2014 5,4 hectares de milieux naturels prot\u00e9g\u00e9s \u00e0 L\u00e9ry<\/a><\/span><\/li><li><span style=\"color: #000000;\"><a style=\"color: #000000;\" href=\"https:\/\/ilesaintbernard.ca\/wp-content\/uploads\/2024\/06\/Communique_120624-1.pdf\">12 juin \u2014 Explorez la nature en famille tout pr\u00e8s de chez vous\u00a0<\/a><\/span><\/li><li><span style=\"color: #000000;\"><a style=\"color: #000000;\" href=\"https:\/\/ilesaintbernard.ca\/wp-content\/uploads\/2024\/06\/Communique_06062024-1.pdf\">6 juin \u2014 37 000$ amass\u00e9s pour la pr\u00e9servation des milieux naturels\u00a0<\/a><\/span><\/li><li><span style=\"color: #000000;\"><a style=\"color: #000000;\" href=\"https:\/\/ilesaintbernard.ca\/wp-content\/uploads\/2024\/04\/Communique_19042024.pdf\">19 avril \u2014 Un printemps florissant \u00e0 Ch\u00e2teauguay<\/a><\/span><\/li><li><span style=\"color: #000000;\"><a style=\"color: #000000;\" href=\"https:\/\/ilesaintbernard.ca\/wp-content\/uploads\/2025\/01\/Communique_Cocktail-benefice_010424.pdf\">9 avril \u2014 Soir\u00e9e-b\u00e9n\u00e9fice au profit de la nature<\/a><\/span><\/li><li><span style=\"color: #000000;\"><a style=\"color: #000000;\" href=\"https:\/\/ilesaintbernard.ca\/wp-content\/uploads\/2025\/01\/Communique_28032024.pdf\">28 mars \u2014 Une action citoyenne concr\u00e8te pour l\u2019environnement !<\/a><\/span><\/li><li><span style=\"color: #000000;\"><a style=\"color: #000000;\" href=\"https:\/\/ilesaintbernard.ca\/wp-content\/uploads\/2025\/01\/Communique_03272024.pdf\">27 mars \u2014 Un engagement pour la protection du corridor vert Ch\u00e2teauguay-L\u00e9ry<\/a><\/span><\/li><li><span style=\"color: #000000;\"><a style=\"color: #000000;\" href=\"https:\/\/ilesaintbernard.ca\/wp-content\/uploads\/2025\/01\/COM_Chateauguay_sous_la_neige-version-finale.pdf\">12 janvier \u2014 Une avalanche d\u2019activit\u00e9s en ville et en nature Ch\u00e2teauguay sous la neige!<\/a><\/span><\/li><\/ul><\/div>\n\t\t\t\t\t\t\t\t\t<div class=\"elementor-tab-title elementor-tab-mobile-title\" aria-selected=\"false\" data-tab=\"2\" role=\"tab\" tabindex=\"-1\" aria-controls=\"elementor-tab-content-7202\" aria-expanded=\"false\">2023<\/div>\n\t\t\t\t\t<div id=\"elementor-tab-content-7202\" class=\"elementor-tab-content elementor-clearfix\" data-tab=\"2\" role=\"tabpanel\" aria-labelledby=\"elementor-tab-title-7202\" tabindex=\"0\" hidden=\"hidden\"><ul><li><span style=\"color: #000000;\"><a style=\"color: #000000;\" href=\"https:\/\/ilesaintbernard.ca\/wp-content\/uploads\/2023\/12\/Communique-de-presse-LEcomarche-de-lile-prend-une-pause.pdf\">6 d\u00e9cembre \u2014 L\u2019\u00c9comarch\u00e9 de l\u2019\u00eele prend une pause<\/a><\/span><\/li><li><span style=\"color: #000000;\"><a style=\"color: #000000;\" href=\"https:\/\/ilesaintbernard.ca\/wp-content\/uploads\/2023\/09\/Communique_25092023.pdf\">25 septembre \u2014 Une initiation \u00e0 la p\u00eache r\u00e9ussie pour les jeunes du camp Mordus de nature !<\/a><\/span><\/li><li><span style=\"color: #000000;\"><a style=\"color: #000000;\" href=\"https:\/\/ilesaintbernard.ca\/wp-content\/uploads\/2023\/09\/communique_18092023.pdf\">18 septembre \u2014 Un automne haut en couleur!<\/a><\/span><\/li><li><span style=\"color: #000000;\"><a style=\"color: #000000;\" href=\"https:\/\/ilesaintbernard.ca\/wp-content\/uploads\/2023\/09\/communique_13092023.pdf\">13 septembre \u2014 Adoptez un banc<\/a><\/span><\/li><li><span style=\"color: #000000;\"><a style=\"color: #000000;\" href=\"https:\/\/ilesaintbernard.ca\/wp-content\/uploads\/2023\/09\/Communique_06092023.pdf\">6 septembre \u2014 Autocueillette \u00abz\u00e9ro plastique\u00bb au verger biologique!<\/a><\/span><\/li><li><span style=\"color: #000000;\"><a style=\"color: #000000;\" href=\"https:\/\/ilesaintbernard.ca\/wp-content\/uploads\/2023\/08\/Communique_28082023.pdf\">28 ao\u00fbt \u2014 L\u2019\u00c9comarch\u00e9 de l\u2019\u00eele \u2013 un week-end r\u00e9ussi!<\/a><\/span><\/li><li><span style=\"color: #000000;\"><a style=\"color: #000000;\" href=\"https:\/\/ilesaintbernard.ca\/wp-content\/uploads\/2023\/08\/Communique_02082023.pdf\">2 ao\u00fbt \u2014 Un festival qui rime avec \u00e9coresponsabilit\u00e9!<\/a><\/span><\/li><li><span style=\"color: #000000;\"><a style=\"color: #000000;\" href=\"https:\/\/ilesaintbernard.ca\/wp-content\/uploads\/2025\/01\/Communique-Gosselin-HSB-MERGE_FRA-EN.pdf\">27 juin \u2014 Un milieu naturel de 1,1 hectare prot\u00e9g\u00e9 \u00e0 Ch\u00e2teauguay<\/a><\/span><\/li><li><span style=\"color: #000000;\"><a style=\"color: #000000;\" href=\"https:\/\/ilesaintbernard.ca\/wp-content\/uploads\/2025\/01\/Communique-Bilan-Cocktail-benefice-2023-14-juin-Heritage-Saint-Bernard.pdf\">15 juin \u2014 39 260$ amass\u00e9s pour la pr\u00e9servation des milieux naturels!<\/a><\/span><\/li><li><span style=\"color: #000000;\"><a style=\"color: #000000;\" href=\"https:\/\/ilesaintbernard.ca\/wp-content\/uploads\/2025\/01\/communique_08062023.pdf\">8 juin \u2014 Une saison estivale en nature<\/a><\/span><\/li><li><span style=\"color: #000000;\"><a style=\"color: #000000;\" href=\"https:\/\/ilesaintbernard.ca\/wp-content\/uploads\/2025\/01\/communique_13042023.pdf\">13 avril \u2014 \u00c9closion du printemps \u00e0 Ch\u00e2teauguay!<\/a><\/span><\/li><li><span style=\"color: #000000;\"><a style=\"color: #000000;\" href=\"https:\/\/ilesaintbernard.ca\/wp-content\/uploads\/2025\/01\/Communique-Cocktail-benefice-2023-14-juin-Heritage-Saint-Bernard.pdf\">20 mars \u2014 Cocktail-b\u00e9n\u00e9fice au profit de la nature<\/a><\/span><\/li><li><span style=\"color: #000000;\"><a style=\"color: #000000;\" href=\"https:\/\/ilesaintbernard.ca\/wp-content\/uploads\/2023\/02\/Avis-de-nomination-MHD-HSB-01-02-2023.pdf\">1 f\u00e9vrier \u2014 Avis de nomination \u00e0 la direction g\u00e9n\u00e9rale d\u2019H\u00e9ritage Saint-Bernard<\/a><\/span><\/li><\/ul><\/div>\n\t\t\t\t\t\t\t\t\t<div class=\"elementor-tab-title elementor-tab-mobile-title\" aria-selected=\"false\" data-tab=\"3\" role=\"tab\" tabindex=\"-1\" aria-controls=\"elementor-tab-content-7203\" aria-expanded=\"false\">2022<\/div>\n\t\t\t\t\t<div id=\"elementor-tab-content-7203\" class=\"elementor-tab-content elementor-clearfix\" data-tab=\"3\" role=\"tabpanel\" aria-labelledby=\"elementor-tab-title-7203\" tabindex=\"0\" hidden=\"hidden\"><ul><li><span style=\"color: #000000;\"><a style=\"color: #000000;\" href=\"https:\/\/ilesaintbernard.ca\/wp-content\/uploads\/2022\/12\/communique_211222.pdf\">20 d\u00e9cembre \u2014 Un hiver en plein air \u00e0 Ch\u00e2teauguay<\/a><\/span><\/li><li><span style=\"color: #000000;\"><a style=\"color: #000000;\" href=\"https:\/\/ilesaintbernard.ca\/wp-content\/uploads\/2022\/12\/communique_141222.pdf\">14 d\u00e9cembre \u2014 Un programme de compensation carbone offert aux \u00e9coles<\/a><\/span><\/li><li><span style=\"color: #000000;\"><a style=\"color: #000000;\" href=\"https:\/\/ilesaintbernard.ca\/wp-content\/uploads\/2022\/10\/communique_141022.pdf\">14 octobre \u2014\u00a0 Un milieu naturel de 4,49 hectares prot\u00e9g\u00e9 \u00e0 Ch\u00e2teauguay<\/a><\/span><\/li><li><span style=\"color: #000000;\"><a style=\"color: #000000;\" href=\"https:\/\/ilesaintbernard.ca\/wp-content\/uploads\/2022\/09\/communique_230922.pdf\">23 septembre \u2014 Des jeunes initi\u00e9s aux joies de la p\u00eaches cet \u00e9t\u00e9<\/a><\/span><\/li><li><span style=\"color: #000000;\"><a style=\"color: #000000;\" href=\"https:\/\/ilesaintbernard.ca\/wp-content\/uploads\/2022\/09\/communique_160922.pdf\">16 septembre \u2014 Saison des couleurs au centre \u00e9cologique Fernand-Seguin\u00a0<\/a><\/span><\/li><li><span style=\"color: #000000;\"><a style=\"color: #000000;\" href=\"https:\/\/ilesaintbernard.ca\/wp-content\/uploads\/2022\/09\/communique_070922.pdf\">07 septembre \u2014 Autocueillette en famille au verger biologique<\/a><\/span><\/li><li><span style=\"color: #000000;\"><a style=\"color: #000000;\" href=\"https:\/\/ilesaintbernard.ca\/wp-content\/uploads\/2022\/09\/communique_290822.pdf\">29 ao\u00fbt \u2014 Pr\u00e8s de 9500 personnes c\u00e9l\u00e8brent le retour de l&rsquo;\u00c9comarch\u00e9 de l&rsquo;\u00eele!<\/a><\/span><\/li><li><span style=\"color: #000000;\"><a style=\"color: #000000;\" href=\"https:\/\/ilesaintbernard.ca\/wp-content\/uploads\/2025\/08\/communique_270822.pdf\">27 ao\u00fbt \u2014 L&rsquo;Ergot-de-coq 2.0 maintenant disponible!<\/a><\/span><\/li><li><span style=\"color: #000000;\"><a style=\"color: #000000;\" href=\"https:\/\/ilesaintbernard.ca\/wp-content\/uploads\/2022\/08\/communique_090822.pdf\">09 ao\u00fbt \u2014 L&rsquo;\u00c9comarch\u00e9 enfin de retour<\/a><\/span><\/li><li><span style=\"color: #000000;\"><a style=\"color: #000000;\" href=\"https:\/\/ilesaintbernard.ca\/wp-content\/uploads\/2022\/06\/communiquePSSPA_130622.pdf\">13 juin \u2014 Am\u00e9lioration des infrastructures au refuge faunique Marguerite-D&rsquo;Youville<\/a><\/span><\/li><li><span style=\"color: #000000;\"><a style=\"color: #000000;\" href=\"https:\/\/ilesaintbernard.ca\/wp-content\/uploads\/2022\/06\/communique_090622.pdf\">09 juin \u2014 Une saison estivale en nature!<\/a><\/span><\/li><li><span style=\"color: #000000;\"><a style=\"color: #000000;\" href=\"https:\/\/ilesaintbernard.ca\/wp-content\/uploads\/2022\/04\/communique_250422.pdf\">25 avril \u2014 La superficie de milieux naturels prot\u00e9g\u00e9s s&rsquo;agrandit \u00e0 Ch\u00e2teauguay<\/a><\/span><\/li><li><span style=\"color: #000000;\"><a style=\"color: #000000;\" href=\"https:\/\/ilesaintbernard.ca\/wp-content\/uploads\/2022\/04\/communique_130422.pdf\">14 avril \u2014 Vivement le printemps \u00e0 Ch\u00e2teauguay<\/a><\/span><\/li><li><span style=\"color: #000000;\"><a style=\"color: #000000;\" href=\"https:\/\/ilesaintbernard.ca\/wp-content\/uploads\/2022\/03\/communique_160322-1.pdf\">16 mars \u2014 Retour de l\u2019\u00c9comarch\u00e9 de l\u2019\u00eele \u00e0 l\u2019\u00e9t\u00e9 2022!<\/a><\/span><\/li><li><span style=\"color: #000000;\"><a style=\"color: #000000;\" href=\"https:\/\/ilesaintbernard.ca\/wp-content\/uploads\/2021\/11\/COM_Nouvelle_collaboration_Kahnawake.pdf\">03 janvier \u2014 Un hiver en plein air \u00e0 Ch\u00e2teauguay!<\/a><\/span><\/li><\/ul><\/div>\n\t\t\t\t\t\t\t\t\t<div class=\"elementor-tab-title elementor-tab-mobile-title\" aria-selected=\"false\" data-tab=\"4\" role=\"tab\" tabindex=\"-1\" aria-controls=\"elementor-tab-content-7204\" aria-expanded=\"false\">2021<\/div>\n\t\t\t\t\t<div id=\"elementor-tab-content-7204\" class=\"elementor-tab-content elementor-clearfix\" data-tab=\"4\" role=\"tabpanel\" aria-labelledby=\"elementor-tab-title-7204\" tabindex=\"0\" hidden=\"hidden\"><ul><li><span style=\"color: #000000;\"><a style=\"color: #000000;\" href=\"https:\/\/ilesaintbernard.ca\/wp-content\/uploads\/2021\/04\/communique_150421.pdf\">15 avril \u2014 Mordus de nature en mode covid<\/a><\/span><\/li><li><span style=\"color: #000000;\"><a style=\"color: #000000;\" href=\"https:\/\/ilesaintbernard.ca\/wp-content\/uploads\/2021\/05\/communiqueFHQE_040521.pdf\">04 mai \u2014 Exp\u00e9rience bonifi\u00e9e au centre \u00e9cologique Fernand-Seguin<\/a><\/span><\/li><li><span style=\"color: #000000;\"><a style=\"color: #000000;\" href=\"https:\/\/ilesaintbernard.ca\/wp-content\/uploads\/2021\/06\/communique_220621.pdf\">22 juin \u2014 S&rsquo;\u00e9vader en nature tout pr\u00e8s de chez nous!<\/a><\/span><\/li><li><span style=\"color: #000000;\"><a style=\"color: #000000;\" href=\"https:\/\/ilesaintbernard.ca\/wp-content\/uploads\/2025\/01\/communique_010921.pdf\">1<sup>er<\/sup> septembre \u2014 Autocueillette en famille au verger biologique!<\/a><\/span><\/li><li><span style=\"color: #000000;\"><a style=\"color: #000000;\" href=\"https:\/\/ilesaintbernard.ca\/wp-content\/uploads\/2021\/10\/communique_291021.pdf\">29 octobre \u2014 Sophie Thibault invite la population \u00e0 soutenir la nature<\/a><\/span><\/li><li><span style=\"color: #000000;\"><a style=\"color: #000000;\" href=\"https:\/\/ilesaintbernard.ca\/wp-content\/uploads\/2021\/11\/COM_Nouvelle_collaboration_Kahnawake.pdf\">29 octobre \u2014 Le nouveau conseil de bande de Kahnawake et la Ville de Ch\u00e2teauguay tissent des liens<\/a><\/span><\/li><\/ul><\/div>\n\t\t\t\t\t\t\t\t\t<div class=\"elementor-tab-title elementor-tab-mobile-title\" aria-selected=\"false\" data-tab=\"5\" role=\"tab\" tabindex=\"-1\" aria-controls=\"elementor-tab-content-7205\" aria-expanded=\"false\">2020<\/div>\n\t\t\t\t\t<div id=\"elementor-tab-content-7205\" class=\"elementor-tab-content elementor-clearfix\" data-tab=\"5\" role=\"tabpanel\" aria-labelledby=\"elementor-tab-title-7205\" tabindex=\"0\" hidden=\"hidden\"><ul><li><span style=\"color: #000000;\"><a style=\"color: #000000;\" href=\"https:\/\/ilesaintbernard.ca\/wp-content\/uploads\/2020\/01\/Communique_270120.pdf\">07 janvier \u2014 De nouvelles th\u00e9matiques tout l\u2019\u00e9t\u00e9 pour les jeunes Mordus de nature!<\/a><\/span><\/li><li><span style=\"color: #000000;\"><a style=\"color: #000000;\" href=\"https:\/\/ilesaintbernard.ca\/wp-content\/uploads\/2020\/01\/Communique_290120.pdf\">29 janvier \u2014 Les Mercredis horticoles sur l\u2019\u00eele Saint-Bernard<\/a><\/span><\/li><li><span style=\"color: #000000;\"><a style=\"color: #000000;\" href=\"https:\/\/ilesaintbernard.ca\/wp-content\/uploads\/2020\/01\/Communique_310120.pdf\">30 janvier \u2014 Les Soir\u00e9es Jeux au Caf\u00e9 de l\u2019\u00eele!<\/a><\/span><\/li><li><span style=\"color: #000000;\"><a style=\"color: #000000;\" href=\"https:\/\/ilesaintbernard.ca\/wp-content\/uploads\/2020\/03\/Communique_130320.pdf\">13 mars \u2014 FERMETURE DE SERVICES AU PAVILLON DE L\u2019\u00ceLE ET AU CENTRE \u00c9COLOGIQUE FERNAND-SEGUIN<\/a><\/span><\/li><li><span style=\"color: #000000;\"><a style=\"color: #000000;\" href=\"https:\/\/ilesaintbernard.ca\/wp-content\/uploads\/2020\/04\/Communique_070420.pdf\">07 avril \u2014 H\u00c9RITAGE SAINT-BERNARD EN PAUSE JUSQU\u2019\u00c0 NOUVEL ORDRE<\/a><\/span><\/li><li><span style=\"color: #000000;\"><a style=\"color: #000000;\" href=\"https:\/\/ilesaintbernard.ca\/wp-content\/uploads\/2020\/12\/communique_141220.pdf\">14 d\u00e9cembre \u2014 Tout pr\u00e8s de 23 000 $ pour la nature<\/a> <\/span><\/li><\/ul><\/div>\n\t\t\t\t\t\t\t\t\t<div class=\"elementor-tab-title elementor-tab-mobile-title\" aria-selected=\"false\" data-tab=\"6\" role=\"tab\" tabindex=\"-1\" aria-controls=\"elementor-tab-content-7206\" aria-expanded=\"false\">2019<\/div>\n\t\t\t\t\t<div id=\"elementor-tab-content-7206\" class=\"elementor-tab-content elementor-clearfix\" data-tab=\"6\" role=\"tabpanel\" aria-labelledby=\"elementor-tab-title-7206\" tabindex=\"0\" hidden=\"hidden\"><ul><li><span style=\"color: #000000;\"><a style=\"color: #000000;\" href=\"https:\/\/ilesaintbernard.ca\/wp-content\/uploads\/2019\/09\/communique_090119_2.pdf\">09 janvier \u2014 Un hiver en plein air \u00e0 Ch\u00e2teauguay!<\/a><\/span><\/li><li><span style=\"color: #000000;\"><a style=\"color: #000000;\" href=\"https:\/\/ilesaintbernard.ca\/wp-content\/uploads\/2019\/09\/communiqu\u00e9_190319.pdf\">19 mars \u2014 Soir\u00e9e recrutement le mardi 2 avril prochain<\/a><\/span><\/li><li><span style=\"color: #000000;\"><a style=\"color: #000000;\" href=\"https:\/\/ilesaintbernard.ca\/wp-content\/uploads\/2019\/09\/communique_050419.pdf\">05 avril \u2014 UN PRINTEMPS FLORISSANT \u00c0 CH\u00c2TEAUGUAY!\u00a0<\/a><\/span><\/li><li><span style=\"color: #000000;\"><a style=\"color: #000000;\" href=\"https:\/\/ilesaintbernard.ca\/wp-content\/uploads\/2019\/09\/communique_100519.pdf\">10 mai \u2014 PROJET HIRONDELLES : VERNISSAGE &amp; PREMI\u00c8RE MONDIALE<\/a><\/span><\/li><li><span style=\"color: #000000;\"><a style=\"color: #000000;\" href=\"https:\/\/ilesaintbernard.ca\/wp-content\/uploads\/2019\/09\/communique_220519_V2.pdf\">22 mai \u2014 UNE CLASSE EN NATURE OFFERTE \u00c0 TOUS!<\/a><\/span><\/li><li><span style=\"color: #000000;\"><a style=\"color: #000000;\" href=\"https:\/\/ilesaintbernard.ca\/wp-content\/uploads\/2019\/09\/communique_280519.pdf\">28 mai \u2014 Retour de la s\u00e9ance YOGA NATURE au solstice d\u2019\u00e9t\u00e9!\u00a0<\/a><\/span><\/li><li><span style=\"color: #000000;\"><a style=\"color: #000000;\" href=\"https:\/\/ilesaintbernard.ca\/wp-content\/uploads\/2019\/09\/communique_050619.pdf\">05 juin \u2014 Tirage d\u2019un <em>Spazuk<\/em> au profit des milieux naturels<\/a><\/span><\/li><li><span style=\"color: #000000;\"><a style=\"color: #000000;\" href=\"https:\/\/ilesaintbernard.ca\/wp-content\/uploads\/2019\/09\/communique_180619_2.pdf\">18 juin \u2014 S\u2019\u00e9vader tout pr\u00e8s de chez nous!\u00a0<\/a><\/span><\/li><li><span style=\"color: #000000;\"><a style=\"color: #000000;\" href=\"https:\/\/ilesaintbernard.ca\/wp-content\/uploads\/2019\/09\/communique_150719_V2.pdf\">15 juillet \u2014 UNE BI\u00c8RE POUR LA NATURE, BRASS\u00c9E ICI<\/a><\/span><\/li><li><span style=\"color: #000000;\"><a style=\"color: #000000;\" href=\"https:\/\/ilesaintbernard.ca\/wp-content\/uploads\/2019\/09\/Communique_180719.pdf\">18 juillet \u2014 Des structures flottantes destin\u00e9es aux Tortues g\u00e9ographiques<\/a><\/span><\/li><li><span style=\"color: #000000;\"><a style=\"color: #000000;\" href=\"https:\/\/ilesaintbernard.ca\/wp-content\/uploads\/2019\/09\/Communique_060819.pdf\">06 ao\u00fbt \u2014 L\u2019\u00c9comarch\u00e9 de l\u2019\u00eele c\u00e9l\u00e8bre ses 10 ans \u00e0 la fin ao\u00fbt<\/a><\/span><\/li><li><span style=\"color: #000000;\"><a style=\"color: #000000;\" href=\"https:\/\/ilesaintbernard.ca\/wp-content\/uploads\/2019\/09\/communique_260819.pdf\">26 ao\u00fbt \u2014 Un grand succ\u00e8s pour le 10e \u00c9comarch\u00e9 de l\u2019\u00eele!<\/a><\/span><\/li><li><span style=\"color: #000000;\"><a style=\"color: #000000;\" href=\"https:\/\/ilesaintbernard.ca\/wp-content\/uploads\/2019\/09\/communique_030919.pdf\">03 septembre \u2014 Autocueillette en famille au verger biologique!<\/a><\/span><\/li><li><span style=\"color: #000000;\"><a style=\"color: #000000;\" href=\"https:\/\/ilesaintbernard.ca\/wp-content\/uploads\/2019\/09\/communique_100919.pdf\">10 septembre \u2014 De belles activit\u00e9s pour la famille cet automne<\/a><\/span><\/li><li><span style=\"color: #000000;\"><a style=\"color: #000000;\" href=\"https:\/\/ilesaintbernard.ca\/wp-content\/uploads\/2019\/12\/communique_230919.pdf\">23 septembre \u2014 Consolidation des aires prot\u00e9g\u00e9es dans la r\u00e9gion<\/a><\/span><\/li><li><span style=\"color: #000000;\"><a style=\"color: #000000;\" href=\"https:\/\/ilesaintbernard.ca\/wp-content\/uploads\/2019\/12\/communique_260919.pdf\">26 septembre \u2014\u00a0Soir\u00e9e-b\u00e9n\u00e9fice pour la nature <\/a><\/span><\/li><li><span style=\"color: #000000;\"><a style=\"color: #000000;\" href=\"https:\/\/ilesaintbernard.ca\/wp-content\/uploads\/2019\/12\/communique_311019.pdf\">31 octobre \u2014\u00a0Une troisi\u00e8me ann\u00e9e florissante au potager de l\u2019\u00eele Saint-Bernard\u00a0<\/a><\/span><\/li><li><span style=\"color: #000000;\"><a style=\"color: #000000;\" href=\"https:\/\/ilesaintbernard.ca\/wp-content\/uploads\/2019\/12\/communique_141119.pdf\">14 novembre \u2014 Un peu plus de 32 500 $ pour la nature<\/a><\/span><\/li><li><span style=\"color: #000000;\"><a style=\"color: #000000;\" href=\"https:\/\/ilesaintbernard.ca\/wp-content\/uploads\/2019\/12\/communique_281119.pdf\">28 novembre \u2014 Mise \u00e0 niveau des am\u00e9nagements fauniques du refuge faunique Marguerite-D\u2019Youville<\/a>\u00a0<\/span><\/li><li><span style=\"color: #000000;\"><a style=\"color: #000000;\" href=\"https:\/\/ilesaintbernard.ca\/wp-content\/uploads\/2019\/12\/Communique_171219_2.pdf\">17 d\u00e9cembre \u2014 Cet hiver, d\u00e9couvrez la nature \u00e0 Ch\u00e2teauguay!<\/a><\/span><\/li><\/ul><\/div>\n\t\t\t\t\t\t\t\t\t<div class=\"elementor-tab-title elementor-tab-mobile-title\" aria-selected=\"false\" data-tab=\"7\" role=\"tab\" tabindex=\"-1\" aria-controls=\"elementor-tab-content-7207\" aria-expanded=\"false\">2018<\/div>\n\t\t\t\t\t<div id=\"elementor-tab-content-7207\" class=\"elementor-tab-content elementor-clearfix\" data-tab=\"7\" role=\"tabpanel\" aria-labelledby=\"elementor-tab-title-7207\" tabindex=\"0\" hidden=\"hidden\"><ul><li><a style=\"color: #005177; outline: 0px; text-decoration-line: none;\" href=\"https:\/\/ilesaintbernard.ca\/wp-content\/uploads\/2019\/09\/communique_100118-1.pdf\"><span style=\"color: #000000;\">11 janvier \u2014 SOIR\u00c9E CONTES ET FLAMBEAUX AU REFUGE FAUNIQUE!\u00a0<\/span><\/a><\/li><li><span style=\"color: #000000;\"><a style=\"color: #000000;\" href=\"https:\/\/ilesaintbernard.ca\/wp-content\/uploads\/2019\/09\/communique_160218.pdf\">15 f\u00e9vrier \u2014 Une rel\u00e2che de jeux et d\u2019apprentissages!<\/a><\/span><\/li><li><a style=\"color: #005177; outline: 0px; text-decoration-line: none;\" href=\"https:\/\/ilesaintbernard.ca\/wp-content\/uploads\/2019\/09\/Communique_280218.pdf\"><span style=\"color: #000000;\">28 f\u00e9vrier \u2014\u00a0Deux semaines d\u2019aventures en nature!<\/span><\/a><\/li><li><span style=\"color: #000000;\"><a style=\"color: #000000;\" href=\"https:\/\/ilesaintbernard.ca\/wp-content\/uploads\/2019\/09\/communique_190318.pdf\">19 mars \u2014 L\u2019\u00eele Saint-Bernard bat un autre record de visites!\u00a0<\/a><\/span><\/li><li><a style=\"color: #005177; outline: 0px; text-decoration-line: none;\" href=\"https:\/\/ilesaintbernard.ca\/wp-content\/uploads\/2019\/09\/communique_280318.pdf\"><span style=\"color: #000000;\">26 mars \u2014 Journ\u00e9e d&rsquo;activit\u00e9s gratuites pour la protection des hirondelles<\/span><\/a><\/li><li><a style=\"color: #005177; outline: 0px; text-decoration-line: none;\" href=\"https:\/\/ilesaintbernard.ca\/wp-content\/uploads\/2019\/09\/Communique_290318.pdf\"><span style=\"color: #000000;\">29 mars \u2014 Sophie Thibault rel\u00e8ve de nouveau d\u00e9fi \u00e0 l&rsquo;\u00eele Saint-Bernard<\/span><\/a><\/li><li><span style=\"color: #000000;\"><a style=\"color: #000000;\" href=\"https:\/\/ilesaintbernard.ca\/wp-content\/uploads\/2019\/09\/communique_290318_1.pdf\">10 avril \u2014 Des sites naturels \u00e0 explorer en famille ce printemps \u00e0 Ch\u00e2teauguay!<\/a>\u00a0<\/span><\/li><li><span style=\"color: #000000;\"><a style=\"color: #000000;\" href=\"https:\/\/ilesaintbernard.ca\/wp-content\/uploads\/2019\/09\/communique_100418.pdf\">10 avril \u2014 Des sites naturels \u00e0 explorer en famille ce printemps \u00e0 Ch\u00e2teauguay!<\/a>\u00a0<\/span><\/li><li><span style=\"color: #000000;\"><a style=\"color: #000000;\" href=\"https:\/\/ilesaintbernard.ca\/wp-content\/uploads\/2019\/09\/communique_130418.pdf\">13 avril \u2014 Structure impressionnante pour les hirondelles<\/a><\/span><\/li><li><span style=\"color: #000000;\"><a style=\"color: #000000;\" href=\"https:\/\/ilesaintbernard.ca\/wp-content\/uploads\/2019\/09\/communique_230418.pdf\">23 avril \u2014 Nouvel espace Sophie Thibault, photographe \u00e0 la boutique du Pavillon de l\u2019\u00eele<\/a><\/span><\/li><li><span style=\"color: #000000;\"><a style=\"color: #000000;\" href=\"https:\/\/ilesaintbernard.ca\/wp-content\/uploads\/2019\/09\/communique_270418.pdf\">27 avril \u2014\u00a0Vente de plantes potag\u00e8res biologiques pour jardiniers \u00e9colos!<\/a><\/span><\/li><li><span style=\"color: #000000;\"><a style=\"color: #000000;\" href=\"https:\/\/ilesaintbernard.ca\/wp-content\/uploads\/2019\/09\/communique_250518.pdf\">25 mai \u2014 YOGA NATURE pour c\u00e9l\u00e9brer le solstice d\u2019\u00e9t\u00e9!<\/a><\/span><\/li><li><a style=\"color: #005177; outline: 0px; text-decoration-line: none;\" href=\"https:\/\/ilesaintbernard.ca\/wp-content\/uploads\/2019\/09\/Communique_080618.pdf\"><span style=\"color: #000000;\">08 juin \u2014 Des activit\u00e9s en nature et en culture sur un site enchanteur!\u00a0<\/span><\/a><\/li><li><a href=\"https:\/\/ilesaintbernard.ca\/wp-content\/uploads\/2019\/09\/communique_210618.pdf\"><span style=\"color: #000000;\">21 juin \u2014 Les jardins \u00e9ducatifs ouverts \u00e0 tous!<\/span><\/a><\/li><li><a style=\"color: #005177; outline: 0px; text-decoration-line: none;\" href=\"https:\/\/ilesaintbernard.ca\/wp-content\/uploads\/2019\/09\/communique_290618.pdf\"><span style=\"color: #000000;\">29 juin \u2014 Recherches arch\u00e9ologiques sur l\u2019\u00eele Saint-Bernard<\/span><\/a><\/li><li><a href=\"https:\/\/ilesaintbernard.ca\/wp-content\/uploads\/2019\/09\/communique_200718.pdf\"><span style=\"color: #000000;\">20 juillet \u2014 L\u2019\u00c9comarch\u00e9 de l\u2019\u00eele, LE rendez-vous \u00e9coresponsable de l\u2019\u00e9t\u00e9!\u00a0<\/span><\/a><\/li><li><span style=\"color: #000000;\"><a style=\"color: #000000;\" href=\"https:\/\/ilesaintbernard.ca\/wp-content\/uploads\/2019\/09\/communique_280818.pdf\">28 ao\u00fbt \u2014 L\u2019\u00c9comarch\u00e9 de l\u2019\u00eele, une grande r\u00e9ussite \u00e9coresponsable!<\/a>\u00a0<\/span><\/li><li><a style=\"color: #005177; outline: 0px; text-decoration-line: none;\" href=\"https:\/\/ilesaintbernard.ca\/wp-content\/uploads\/2019\/09\/communique_070918_v2.pdf\"><span style=\"color: #000000;\">07 septembre \u2014 Autocueillette en famille au verger biologique!\u00a0<\/span><\/a><\/li><li><span style=\"color: #000000;\"><a style=\"color: #000000;\" href=\"https:\/\/ilesaintbernard.ca\/wp-content\/uploads\/2019\/09\/communique_190918.pdf\">19 septembre \u2014 Activit\u00e9s gratuites au centre \u00e9cologique Fernand-Seguin cet automne<\/a><\/span><\/li><li><span style=\"color: #000000;\"><a style=\"color: #000000;\" href=\"https:\/\/ilesaintbernard.ca\/wp-content\/uploads\/2019\/09\/communique_180918.pdf\">19 septembre \u2014 Exp\u00e9rience bonifi\u00e9e au centre \u00e9cologique Fernand-Seguin<\/a><\/span><\/li><li><span style=\"color: #000000;\"><a style=\"color: #000000;\" href=\"https:\/\/ilesaintbernard.ca\/wp-content\/uploads\/2019\/09\/communique_171018.pdf\">17 octobre \u2014 Course en plein air au profit de la nature<\/a><\/span><\/li><li><span style=\"color: #000000;\"><a style=\"color: #000000;\" href=\"https:\/\/ilesaintbernard.ca\/wp-content\/uploads\/2019\/09\/communique_111018.pdf\">11 octobre \u2014 Soir\u00e9e-b\u00e9n\u00e9fice pour la nature<\/a><\/span><\/li><li><span style=\"color: #000000;\"><a style=\"color: #000000;\" href=\"https:\/\/ilesaintbernard.ca\/wp-content\/uploads\/2019\/09\/communique_141218.pdf\">14 d\u00e9cembre \u2014 Un hiver en plein air \u00e0 Ch\u00e2teauguay!<\/a><\/span><\/li><\/ul><\/div>\n\t\t\t\t\t\t\t\t\t<div class=\"elementor-tab-title elementor-tab-mobile-title\" aria-selected=\"false\" data-tab=\"8\" role=\"tab\" tabindex=\"-1\" aria-controls=\"elementor-tab-content-7208\" aria-expanded=\"false\">2017<\/div>\n\t\t\t\t\t<div id=\"elementor-tab-content-7208\" class=\"elementor-tab-content elementor-clearfix\" data-tab=\"8\" role=\"tabpanel\" aria-labelledby=\"elementor-tab-title-7208\" tabindex=\"0\" hidden=\"hidden\"><ul><li><a style=\"color: #005177; outline: 0px;\" href=\"https:\/\/ilesaintbernard.ca\/wp-content\/uploads\/2019\/09\/communique_070217.pdf\"><span style=\"color: #000000;\">07 f\u00e9vrier \u2014\u00a0Ann\u00e9e record pour l\u2019\u00eele Saint-Bernard en 2016 : Plus de 235 000 visites<\/span><\/a><\/li><li><a style=\"color: #005177; outline: 0px;\" href=\"https:\/\/ilesaintbernard.ca\/wp-content\/uploads\/2019\/09\/Communique_050417.pdf\"><span style=\"color: #000000;\">05 avril \u2014\u00a0Sophie Thibault se joint \u00e0 H\u00e9ritage Saint-Bernard\u00a0<\/span><\/a><\/li><li><a style=\"color: #005177; outline: 0px;\" href=\"https:\/\/ilesaintbernard.ca\/wp-content\/uploads\/2019\/09\/communique_140217.pdf\"><span style=\"color: #000000;\">14 f\u00e9vrier \u2014\u00a0Des visiteurs du nord qui attirent des foules!\u00a0<\/span><\/a><\/li><li><a style=\"color: #005177; outline: 0px;\" href=\"https:\/\/ilesaintbernard.ca\/wp-content\/uploads\/2019\/09\/Communique_160317.pdf\"><span style=\"color: #000000;\">16 mars \u2014\u00a0Une journ\u00e9e Temps\u00a0des\u00a0sucres sous la neige!\u00a0<\/span><\/a><\/li><li><a style=\"color: #005177; outline: 0px;\" href=\"https:\/\/ilesaintbernard.ca\/wp-content\/uploads\/2019\/09\/communique_100317.pdf\"><span style=\"color: #000000;\">16 mars \u2014\u00a0Nouvelle passerelle au refuge faunique Marguerite-D&rsquo;Youville\u00a0<\/span><\/a><\/li><li><span style=\"color: #000000;\"><a style=\"color: #000000;\" href=\"https:\/\/ilesaintbernard.ca\/wp-content\/uploads\/2019\/09\/communique_240417.pdf\">24 avril \u2014 Un printemps tout en nature!\u00a0<\/a><\/span><\/li><li><span style=\"color: #000000;\"><a style=\"color: #000000; outline: 0px;\" href=\"https:\/\/ilesaintbernard.ca\/wp-content\/uploads\/2019\/09\/communique_010517.pdf\">1er mai \u2014\u00a0Un s\u00e9rieux coup de pouce pour des projets environnementaux et \u00e9ducatifs\u00a0<\/a><\/span><\/li><li><span style=\"color: #000000;\"><a style=\"color: #000000;\" href=\"https:\/\/ilesaintbernard.ca\/wp-content\/uploads\/2019\/09\/communique_190517.pdf\">19 mai\u00a0\u2014 La reconstruction des sentiers p\u00e9destres co\u00fbtera des milliers de dollars<\/a><\/span><\/li><li><a style=\"color: #005177; outline: 0px;\" href=\"https:\/\/ilesaintbernard.ca\/wp-content\/uploads\/2019\/09\/communique_090617-1.pdf\"><span style=\"color: #000000;\">09 juin \u2014\u00a0LE CORRIDOR VERT CH\u00c2TEAUGUAY-L\u00c9RY TOUJOURS MENAC\u00c9\u00a0<\/span><\/a><\/li><li><a style=\"color: #005177; outline: 0px;\" href=\"https:\/\/ilesaintbernard.ca\/wp-content\/uploads\/2019\/09\/Communique_120617.pdf\"><span style=\"color: #000000;\">12 juin \u2014\u00a0Red\u00e9couvrir l\u2019\u00eele Saint-Bernard et ses attraits<\/span><\/a><\/li><li><span style=\"color: #000000;\"><a style=\"color: #000000; outline: 0px;\" href=\"https:\/\/ilesaintbernard.ca\/wp-content\/uploads\/2019\/09\/communique_2006017.pdf\">14 juin \u2014\u00a0Les jardins de l\u2019\u00eele Saint-Bernard<\/a><\/span><\/li><li><a style=\"color: #005177; outline: 0px;\" href=\"https:\/\/ilesaintbernard.ca\/wp-content\/uploads\/2019\/09\/communique_060717.pdf\"><span style=\"color: #000000;\">06 juillet \u2014\u00a0L\u2019\u00eele Saint-Bernard \u00e0 nouveau explor\u00e9e cet \u00e9t\u00e9!\u00a0<\/span><\/a><\/li><li><a style=\"color: #005177; outline: 0px;\" href=\"https:\/\/ilesaintbernard.ca\/wp-content\/uploads\/2019\/09\/communique_140717.pdf\"><span style=\"color: #000000;\">14 juillet \u2014\u00a0H\u00e9ritage Saint-Bernard d\u00e9pose un m\u00e9moire en faveur de la protection int\u00e9grale du corridor vert Ch\u00e2teauguay-L\u00e9ry<\/span><\/a><\/li><li><a href=\"https:\/\/ilesaintbernard.ca\/wp-content\/uploads\/2019\/09\/communique_010917.pdf\"><span style=\"color: #000000;\">1er septembre \u2014\u00a0Autocueillette au verger biologique de l\u2019\u00eele Saint-Bernard<\/span><\/a><\/li><li><a style=\"color: #005177; outline: 0px;\" href=\"https:\/\/ilesaintbernard.ca\/wp-content\/uploads\/2019\/09\/communique_070817.pdf\"><span style=\"color: #000000;\">07 ao\u00fbt \u2014\u00a0L\u2019\u00c9comarch\u00e9 de l\u2019\u00eele, un rendez-vous \u00e9coresponsable!\u00a0<\/span><\/a><\/li><li><a style=\"color: #005177; outline: 0px;\" href=\"https:\/\/ilesaintbernard.ca\/wp-content\/uploads\/2019\/09\/communique_280817.pdf\"><span style=\"color: #000000;\">28 ao\u00fbt \u2014\u00a0Plus de onze mille personnes \u00e0 la rencontre des artisans\u00a0<\/span><\/a><\/li><li><a style=\"color: #005177; outline: 0px;\" href=\"https:\/\/ilesaintbernard.ca\/wp-content\/uploads\/2019\/09\/communique_120917.pdf\"><span style=\"color: #000000;\">12 septembre \u2014\u00a0Des activit\u00e9s en nature pour toute la famille!<\/span><\/a><\/li><li><a style=\"color: #005177; outline: 0px;\" href=\"https:\/\/ilesaintbernard.ca\/wp-content\/uploads\/2019\/09\/communique_160917.pdf\"><span style=\"color: #000000;\">16 septembre \u2014\u00a0R\u00c9V\u00c9RENCE : l\u2019art et l\u2019\u00e9ducation r\u00e9unis pour les hirondelles\u00a0<\/span><\/a><\/li><li><span style=\"color: #000000;\"><a style=\"color: #000000;\" href=\"https:\/\/ilesaintbernard.ca\/wp-content\/uploads\/2019\/09\/communique_191017.pdf\">19 octobre \u2014 Un peu plus de 28 500 $ pour la nature!<\/a><\/span><\/li><li><a style=\"color: #005177; outline: 0px; text-decoration-line: none;\" href=\"https:\/\/ilesaintbernard.ca\/wp-content\/uploads\/2019\/09\/Communique_301017.pdf\"><span style=\"color: #000000;\">30 octobre \u2014 Des terrains prot\u00e9g\u00e9s du corridor vert Ch\u00e2teauguay-L\u00e9ry d\u00e9sormais propri\u00e9t\u00e9 de la Ville de Ch\u00e2teauguay et d\u2019H\u00e9ritage Saint-Bernard\u00a0<\/span><\/a><\/li><li><span style=\"color: #000000;\"><a style=\"color: #000000; outline: 0px;\" href=\"https:\/\/ilesaintbernard.ca\/wp-content\/uploads\/2019\/09\/communique_041217.pdf\">04 d\u00e9cembre \u2014 Un hiver en plein air!<\/a><\/span><\/li><li><span style=\"color: #000000;\"><a style=\"color: #000000;\" href=\"https:\/\/ilesaintbernard.ca\/wp-content\/uploads\/2019\/09\/communique_081217-1.pdf\">08 d\u00e9cembre \u2014 Les lutins \u00e9colos de l\u2019\u00eele Saint-Bernard sont arriv\u00e9s!\u00a0<\/a><\/span><\/li><li><span style=\"color: #000000;\"><a style=\"color: #000000;\" href=\"https:\/\/ilesaintbernard.ca\/wp-content\/uploads\/2019\/09\/communique_071217.pdf\">07 d\u00e9cembre \u2014 Nouvelle programmation d\u2019ateliers photo nature<\/a><\/span><\/li><li><a href=\"https:\/\/ilesaintbernard.ca\/wp-content\/uploads\/2019\/09\/communique_221217.pdf\"><span style=\"color: #000000;\">22 d\u00e9cembre \u2014 Fin des bouteilles d\u2019eau \u00e0 usage unique<\/span><\/a><\/li><li><a href=\"https:\/\/ilesaintbernard.ca\/wp-content\/uploads\/2019\/09\/communique_210417.pdf\"><span style=\"color: #000000;\">21 avril \u2014 Tourn\u00e9e D\u00e9fi Z\u00e9ro D\u00e9chet dans les \u00e9coles du territoire La MRC de Roussillon s\u2019unit \u00e0 H\u00e9ritage Saint-Bernard dans le cadre de la mise sur pied d\u2019ateliers li\u00e9s \u00e0 la gestion des mati\u00e8res r\u00e9siduelles\u00a0<\/span><\/a><\/li><\/ul><\/div>\n\t\t\t\t\t\t\t\t\t<div class=\"elementor-tab-title elementor-tab-mobile-title\" aria-selected=\"false\" data-tab=\"9\" role=\"tab\" tabindex=\"-1\" aria-controls=\"elementor-tab-content-7209\" aria-expanded=\"false\">2016<\/div>\n\t\t\t\t\t<div id=\"elementor-tab-content-7209\" class=\"elementor-tab-content elementor-clearfix\" data-tab=\"9\" role=\"tabpanel\" aria-labelledby=\"elementor-tab-title-7209\" tabindex=\"0\" hidden=\"hidden\"><ul><li><span style=\"color: #000000;\"><a style=\"color: #000000;\" href=\"https:\/\/ilesaintbernard.ca\/wp-content\/uploads\/2019\/09\/communique_190116.pdf\">19 janvier \u2014 Les 3 000 participants contribuent \u00e0 fracasser tous les records!<\/a><\/span><\/li><li><a style=\"color: #005177; outline: 0px; text-decoration-line: none;\" href=\"https:\/\/ilesaintbernard.ca\/wp-content\/uploads\/2019\/09\/Communique_080216.pdf\"><span style=\"color: #000000;\">08 f\u00e9vrier \u2014 Tout pr\u00e8s de 190 000 personnes ont profit\u00e9 de ce joyau en 2015!<\/span><\/a><\/li><li><a style=\"color: #005177; outline: 0px; text-decoration-line: none;\" href=\"https:\/\/ilesaintbernard.ca\/wp-content\/uploads\/2019\/09\/communique_050416.pdf\"><span style=\"color: #000000;\">05 avril \u2014 Sophie Thibault se joint \u00e0 H\u00e9ritage Saint-Bernard<\/span><\/a><\/li><li><a style=\"color: #000000;\" href=\"https:\/\/ilesaintbernard.ca\/wp-content\/uploads\/2019\/09\/communique_140416-1.pdf\">11 avril \u2014 Printemps radieux sur l\u2019\u00eele Saint-Bernard!<\/a><\/li><li><span style=\"color: #000000;\"><a style=\"color: #000000;\" href=\"https:\/\/ilesaintbernard.ca\/wp-content\/uploads\/2019\/09\/communique_280416-1.pdf\">28 avril \u2014 Chaise Adirondack g\u00e9ante!<\/a><\/span><\/li><li><a style=\"color: #005177; outline: 0px; text-decoration-line: none;\" href=\"https:\/\/ilesaintbernard.ca\/wp-content\/uploads\/2019\/09\/communique_050516.pdf\"><span style=\"color: #000000;\">05 mai \u2014 Les mains dans la terre pour la nature<\/span><\/a><\/li><li><span style=\"color: #000000;\"><a style=\"color: #000000;\" href=\"https:\/\/ilesaintbernard.ca\/wp-content\/uploads\/2019\/09\/communique_090516.pdf\">09 mai \u2014 Les Croisi\u00e8res d\u00e9couvertes Ch\u00e2teauguay-Beauharnois de retour!<\/a><\/span><\/li><li><span style=\"color: #000000;\"><a style=\"color: #000000;\" href=\"https:\/\/ilesaintbernard.ca\/wp-content\/uploads\/2019\/09\/communique_300616.pdf\">30 juin \u2014\u00a0Les F\u00eates de la Seigneurie de Ch\u00e2teauguay<\/a><\/span><\/li><li><a style=\"color: #005177; outline: 0px; text-decoration-line: none;\" href=\"https:\/\/ilesaintbernard.ca\/wp-content\/uploads\/2019\/09\/communique_070616_2.pdf\"><span style=\"color: #000000;\">07 juin \u2014 QUI S\u2019Y FROTTE S\u2019Y PIQUE!<\/span><\/a><\/li><li><a href=\"https:\/\/ilesaintbernard.ca\/wp-content\/uploads\/2019\/09\/communique_070616.pdf\"><span style=\"color: #000000;\">07 juin \u2014 Nature et culture, plus que jamais!\u00a0<\/span><\/a><\/li><li><span style=\"color: #000000;\"><a style=\"color: #000000;\" href=\"https:\/\/ilesaintbernard.ca\/wp-content\/uploads\/2019\/09\/communique_290615.pdf\">29 juin \u2014\u00a0L\u2019\u00eele Saint-Bernard, lieu d\u2019histoire et de recherches!\u00a0<\/a><\/span><\/li><li><span style=\"color: #000000;\"><a style=\"color: #000000;\" href=\"https:\/\/ilesaintbernard.ca\/wp-content\/uploads\/2019\/09\/communique_010816.pdf\">1er ao\u00fbt \u2014 Les F\u00eates de la Seigneurie de Ch\u00e2teauguay<\/a><\/span><\/li><li><span style=\"color: #000000;\"><a style=\"color: #000000;\" href=\"https:\/\/ilesaintbernard.ca\/wp-content\/uploads\/2019\/09\/communique_120816.pdf\">12 ao\u00fbt \u2014 L\u2019\u00c9comarch\u00e9 de l\u2019\u00eele, un incontournable de l\u2019\u00e9t\u00e9!\u00a0<\/a><\/span><\/li><li><span style=\"color: #000000;\"><a style=\"color: #000000;\" href=\"https:\/\/ilesaintbernard.ca\/wp-content\/uploads\/2019\/09\/Communique_230816.pdf\">23 ao\u00fbt \u2014 Rallye num\u00e9rique pour d\u00e9couvrir les milieux humides<\/a><\/span><\/li><li><span style=\"color: #000000;\"><a style=\"color: #000000;\" href=\"https:\/\/ilesaintbernard.ca\/wp-content\/uploads\/2019\/09\/communique_290816.pdf\">29 ao\u00fbt \u2014 L\u2019\u00c9comarch\u00e9 de l\u2019\u00eele fait des milliers de gens heureux!\u00a0<\/a><\/span><\/li><li><a style=\"color: #005177; outline: 0px; text-decoration-line: none;\" href=\"https:\/\/ilesaintbernard.ca\/wp-content\/uploads\/2019\/09\/communique_010916.pdf\"><span style=\"color: #000000;\">1er septembre \u2014 De belles activit\u00e9s pour la famille cet automne<\/span><\/a><\/li><li><span style=\"color: #000000;\"><a style=\"color: #000000;\" href=\"https:\/\/ilesaintbernard.ca\/wp-content\/uploads\/2019\/09\/communique_04112016.pdf\">4 novembre\u00a0\u2014 Un peu plus de 34 000 $ pour la\u00a0nature!<\/a><\/span><\/li><li><span style=\"color: #000000;\"><a style=\"color: #000000;\" href=\"https:\/\/ilesaintbernard.ca\/wp-content\/uploads\/2019\/09\/communique_201216.pdf\">20 d\u00e9cembre \u2014 Pour profiter pleinement des joies de l\u2019hiver!<\/a><\/span><\/li><\/ul><\/div>\n\t\t\t\t\t\t\t\t\t<div class=\"elementor-tab-title elementor-tab-mobile-title\" aria-selected=\"false\" data-tab=\"10\" role=\"tab\" tabindex=\"-1\" aria-controls=\"elementor-tab-content-72010\" aria-expanded=\"false\">2015<\/div>\n\t\t\t\t\t<div id=\"elementor-tab-content-72010\" class=\"elementor-tab-content elementor-clearfix\" data-tab=\"10\" role=\"tabpanel\" aria-labelledby=\"elementor-tab-title-72010\" tabindex=\"0\" hidden=\"hidden\"><ul><li><span style=\"color: #000000;\"><a style=\"color: #000000;\" href=\"https:\/\/ilesaintbernard.ca\/wp-content\/uploads\/2019\/09\/Communique_07012015B.pdf\">07 janvier \u2014 Des activit\u00e9s familiales \u00e0 mettre au calendrier!\u00a0<\/a><\/span><\/li><li><span style=\"color: #000000;\"><a style=\"color: #000000;\" href=\"https:\/\/ilesaintbernard.ca\/wp-content\/uploads\/2019\/09\/communique_07012015.pdf\">07 janvier \u2014 Ateliers photo au refuge faunique Marguerite-D\u2019Youville<\/a><\/span><\/li><li><span style=\"color: #000000;\"><a style=\"color: #000000;\" href=\"https:\/\/ilesaintbernard.ca\/wp-content\/uploads\/2019\/09\/Communique_020215.pdf\">02 f\u00e9vrier \u2014 L\u2019\u00eele Saint-Bernard, deuxi\u00e8me site touristique d\u2019importance dans la Vall\u00e9e-du-Haut-Saint-Laurent<\/a><\/span><\/li><li><span style=\"color: #000000;\"><a style=\"color: #000000;\" href=\"https:\/\/ilesaintbernard.ca\/wp-content\/uploads\/2019\/09\/communique_050215.pdf\">05 f\u00e9vrier \u2014 Vandalisme au verger de l\u2019\u00eele Saint-Bernard<\/a><\/span><\/li><li><span style=\"color: #000000;\"><a style=\"color: #000000;\" href=\"https:\/\/ilesaintbernard.ca\/wp-content\/uploads\/2019\/09\/communique_170215.pdf\">17 f\u00e9vrier \u2014 MUE : un monde fantastique!<\/a><\/span><\/li><li><span style=\"color: #000000;\"><a style=\"color: #000000;\" href=\"https:\/\/ilesaintbernard.ca\/wp-content\/uploads\/2019\/09\/communique_240215.pdf\">24 f\u00e9vrier \u2014 Le Miel de l\u2019\u00eele au IGA Extra Ch\u00e2teauguay<\/a><\/span><\/li><li><span style=\"color: #000000;\"><a style=\"color: #000000;\" href=\"https:\/\/ilesaintbernard.ca\/wp-content\/uploads\/2019\/09\/communique_1603152.pdf\">16 mars \u2014\u00a0Marcher pour le climat avec H\u00e9ritage Saint-Bernard<\/a><\/span><\/li><li><span style=\"color: #000000;\"><a style=\"color: #000000;\" href=\"https:\/\/ilesaintbernard.ca\/wp-content\/uploads\/2019\/09\/communique_180315.pdf\">17 mars \u2014 Le temps des sucres \u00e0 l\u2019honneur!<\/a><\/span><\/li><li><span style=\"color: #000000;\"><a style=\"color: #000000;\" href=\"https:\/\/ilesaintbernard.ca\/wp-content\/uploads\/2019\/09\/Communique_170315.pdf\">17 mars \u2014 Une semaine d\u2019aventures en nature!<\/a><\/span><\/li><li><span style=\"color: #000000;\"><a style=\"color: #000000;\" href=\"https:\/\/ilesaintbernard.ca\/wp-content\/uploads\/2019\/09\/communique_250315.pdf\">25 mars \u2014 H\u00e9ritage Saint-Bernard salue la plan\u00e8te<\/a><\/span><\/li><li><span style=\"color: #000000;\"><a style=\"color: #000000;\" href=\"https:\/\/ilesaintbernard.ca\/wp-content\/uploads\/2019\/09\/communique_070415.pdf\">07 avril \u2014 Atelier photo au refuge faunique Marguerite-D\u2019Youville<\/a><\/span><\/li><li><span style=\"color: #000000;\"><a style=\"color: #000000;\" href=\"https:\/\/ilesaintbernard.ca\/wp-content\/uploads\/2019\/09\/communique_090415.pdf\">09 avril \u2014 Foule record au centre \u00e9cologique Fernand-Seguin cet hiver!<\/a><\/span><\/li><li><span style=\"color: #000000;\"><a style=\"color: #000000;\" href=\"https:\/\/ilesaintbernard.ca\/wp-content\/uploads\/2019\/09\/communique_140415.pdf\">14 avril \u2014 Plus de 25 000 personnes pour la protection du climat!<\/a><\/span><\/li><li><span style=\"color: #000000;\"><a style=\"color: #000000;\" href=\"https:\/\/ilesaintbernard.ca\/wp-content\/uploads\/2019\/09\/communique_200415.pdf\">20 avril \u2014 La nature s\u2019\u00e9veille!<\/a><\/span><\/li><li><span style=\"color: #000000;\"><a style=\"color: #000000;\" href=\"https:\/\/ilesaintbernard.ca\/wp-content\/uploads\/2019\/09\/communique_210415.pdf\">21 avril \u2014 Deux nouveaux nichoirs pour les Cr\u00e9cerelles d\u2019Am\u00e9rique<\/a><\/span><\/li><li><span style=\"color: #000000;\"><a style=\"color: #000000;\" href=\"https:\/\/ilesaintbernard.ca\/wp-content\/uploads\/2019\/09\/communique_1105152.pdf\">11 mai \u2014\u00a0H\u00e9ritage Saint-Bernard participe aux Journ\u00e9es de la nature!<\/a><\/span><\/li><li><span style=\"color: #000000;\"><a style=\"color: #000000;\" href=\"https:\/\/ilesaintbernard.ca\/wp-content\/uploads\/2019\/09\/communique_140515.pdf\">14 mai \u2014 Des \u00e9l\u00e8ves ch\u00e2teauguois \u00e0 la rescousse de l\u2019Ail des bois!<\/a><\/span><\/li><li><span style=\"color: #000000;\"><a style=\"color: #000000;\" href=\"https:\/\/ilesaintbernard.ca\/wp-content\/uploads\/2019\/09\/communique_290515.pdf\">15 mai \u2014 \u00c0 la suite du succ\u00e8s de l\u2019an dernier, une deuxi\u00e8me saison pour les croisi\u00e8res-d\u00e9couvertes de Ch\u00e2teauguay-Beauharnois est annonc\u00e9e!<\/a><\/span><\/li><li><span style=\"color: #000000;\"><a style=\"color: #000000;\" href=\"https:\/\/ilesaintbernard.ca\/wp-content\/uploads\/2019\/09\/communique_210515.pdf\">21 mai \u2014 Un habitat de grande qualit\u00e9 part en fum\u00e9e!\u00a0<\/a><\/span><\/li><li><span style=\"color: #000000;\"><a style=\"color: #000000;\" href=\"https:\/\/ilesaintbernard.ca\/wp-content\/uploads\/2019\/09\/communique_260515.pdf\">26 mai \u2014 Plantation de 300 arbres au territoire du ruisseau Saint-Jean<\/a><\/span><\/li><li><span style=\"color: #000000;\"><a style=\"color: #000000;\" href=\"https:\/\/ilesaintbernard.ca\/wp-content\/uploads\/2019\/09\/communique_040615.pdf\">04 juin \u2014 L\u2019\u00e9patante \u00eele Saint-Bernard s\u2019offre \u00e0 vous!<\/a><\/span><\/li><li><span style=\"color: #000000;\"><a style=\"color: #000000;\" href=\"https:\/\/ilesaintbernard.ca\/wp-content\/uploads\/2019\/09\/communique_160615.pdf\">09 juin \u2014 Projet\u00a0Monarque au Pavillon de l\u2019\u00eele<\/a><\/span><\/li><li><span style=\"color: #000000;\"><a style=\"color: #000000;\" href=\"https:\/\/ilesaintbernard.ca\/wp-content\/uploads\/2019\/09\/communique_100615.pdf\">10 juin \u2014 Atelier d\u2019initiation \u00e0 la macrophotographie<\/a><\/span><\/li><li><span style=\"color: #000000;\"><a style=\"color: #000000;\" href=\"https:\/\/ilesaintbernard.ca\/wp-content\/uploads\/2019\/09\/communique_150615.pdf\">15 juin \u2014 Un BBQ en plein air pour lancer l\u2019\u00e9t\u00e9!\u00a0<\/a><\/span><\/li><li><span style=\"color: #000000;\"><a style=\"color: #000000;\" href=\"https:\/\/ilesaintbernard.ca\/wp-content\/uploads\/2019\/09\/communique_170615.pdf\">17 juin \u2014 Home Depot s\u2019implique sur l\u2019\u00eele Saint-Bernard!<\/a><\/span><\/li><li><span style=\"color: #000000;\"><a style=\"color: #000000;\" href=\"https:\/\/ilesaintbernard.ca\/wp-content\/uploads\/2019\/09\/communique_020715.pdf\">02 juillet \u2014 Un rallye num\u00e9rique pour d\u00e9couvrir les milieux humides<\/a><\/span><\/li><li><span style=\"color: #000000;\"><a style=\"color: #000000;\" href=\"https:\/\/ilesaintbernard.ca\/wp-content\/uploads\/2019\/09\/communique_060715.pdf\">06 juillet \u2014 L\u2019\u00c9comarch\u00e9 de l\u2019\u00eele, lieu de toutes les rencontres!<\/a><\/span><\/li><li><span style=\"color: #000000;\"><a style=\"color: #000000;\" href=\"https:\/\/ilesaintbernard.ca\/wp-content\/uploads\/2019\/09\/Communique_290715.pdf\">29 juillet \u2014\u00a0D\u00e9couverte du premier \u00e9tablissement de Charles Le Moyne sur l\u2019\u00eele Saint-Bernard!<\/a><\/span><\/li><li><span style=\"color: #000000;\"><a style=\"color: #000000;\" href=\"https:\/\/ilesaintbernard.ca\/wp-content\/uploads\/2019\/09\/Communique_110815.pdf\">12 ao\u00fbt \u2014 D\u00e9couverte de deux plantes rares \u00e0 l\u2019\u00eele Saint-Bernard!<\/a><\/span><\/li><li><span style=\"color: #000000;\"><a style=\"color: #000000;\" href=\"https:\/\/ilesaintbernard.ca\/wp-content\/uploads\/2019\/09\/communique_240815.pdf\">24 ao\u00fbt \u2014 Une grande fiert\u00e9 pour Ch\u00e2teauguay!<\/a><\/span><\/li><li><span style=\"color: #000000;\"><a style=\"color: #000000;\" href=\"https:\/\/ilesaintbernard.ca\/wp-content\/uploads\/2019\/09\/communique_170915.pdf\">17 septembre \u2014 L\u00e9ry tient t\u00eate aux promoteurs<\/a><\/span><\/li><li><span style=\"color: #000000;\"><a style=\"color: #000000;\" href=\"https:\/\/ilesaintbernard.ca\/wp-content\/uploads\/2019\/09\/communique_080915.pdf\">08 septembre \u2014 L\u2019automne tout en nature \u00e0 Ch\u00e2teauguay!<\/a><\/span><\/li><li><span style=\"color: #000000;\"><a style=\"color: #000000;\" href=\"https:\/\/ilesaintbernard.ca\/wp-content\/uploads\/2019\/09\/communique_160915.pdf\">16 septembre \u2014 Une soir\u00e9e au profit de la nature<\/a><\/span><\/li><li><span style=\"color: #000000;\"><a style=\"color: #000000;\" href=\"https:\/\/ilesaintbernard.ca\/wp-content\/uploads\/2019\/09\/communique_091015.pdf\">09 octobre \u2014 Les croisi\u00e8res d\u00e9couvertes ont fait bien des heureux en 2015!\u00a0<\/a><\/span><\/li><li><span style=\"color: #000000;\"><a style=\"color: #000000;\" href=\"https:\/\/ilesaintbernard.ca\/wp-content\/uploads\/2019\/09\/communique_231015.pdf\">23 octobre \u2014 Un \u00e9v\u00e9nement-b\u00e9n\u00e9fice qui bat tous les records!<\/a><\/span><\/li><li><span style=\"color: #000000;\"><a style=\"color: #000000;\" href=\"https:\/\/ilesaintbernard.ca\/wp-content\/uploads\/2019\/09\/Communique_3010151.pdf\">30 octobre\u00a0\u2014 H\u00e9ritage Saint-Bernard soutient le mouvement communautaire contre l\u2019aust\u00e9rit\u00e9<\/a><\/span><\/li><li><span style=\"color: #000000;\"><a style=\"color: #000000;\" href=\"https:\/\/ilesaintbernard.ca\/wp-content\/uploads\/2019\/09\/communique_161115.pdf\">09 novembre \u2014 La saison froide approche \u00e0 grands pas!<\/a><\/span><\/li><li><span style=\"color: #000000;\"><a style=\"color: #000000;\" href=\"https:\/\/ilesaintbernard.ca\/wp-content\/uploads\/2019\/09\/Communique_21213b.pdf\">02 d\u00e9cembre \u2014 Contribuez \u00e0 la protection de l\u2019environnement\u00a0<\/a><\/span><\/li><li><span style=\"color: #000000;\"><a style=\"color: #000000;\" href=\"https:\/\/ilesaintbernard.ca\/wp-content\/uploads\/2019\/09\/communique_091215.pdf\">09 d\u00e9cembre \u2014 Nouvelle programmation d\u2019ateliers photo nature<\/a><\/span><\/li><li><span style=\"color: #000000;\"><a style=\"color: #000000;\" href=\"https:\/\/ilesaintbernard.ca\/wp-content\/uploads\/2019\/09\/communique_041215.pdf\">10 d\u00e9cembre \u2014 Une nouvelle structure pour la nidification des hirondelles install\u00e9e par le MTQ<\/a><\/span><\/li><\/ul><\/div>\n\t\t\t\t\t\t\t\t\t<div class=\"elementor-tab-title elementor-tab-mobile-title\" aria-selected=\"false\" data-tab=\"11\" role=\"tab\" tabindex=\"-1\" aria-controls=\"elementor-tab-content-72011\" aria-expanded=\"false\">2014<\/div>\n\t\t\t\t\t<div id=\"elementor-tab-content-72011\" class=\"elementor-tab-content elementor-clearfix\" data-tab=\"11\" role=\"tabpanel\" aria-labelledby=\"elementor-tab-title-72011\" tabindex=\"0\" hidden=\"hidden\"><ul><li><a style=\"color: #005177; outline: 0px; text-decoration-line: none;\" href=\"https:\/\/ilesaintbernard.ca\/wp-content\/uploads\/2019\/09\/Communique_090114B.pdf\"><span style=\"color: #000000;\">09 janvier \u2014 Un hiver en plein air!\u00a0<\/span><\/a><\/li><li><a href=\"https:\/\/ilesaintbernard.ca\/wp-content\/uploads\/2019\/09\/Communique_090114.pdf\"><span style=\"color: #000000;\">09 janvier \u2014 St\u00e9phane\u00a0Poirier\u00a0pr\u00e9sente\u00a0\u00ab\u00a0Pr\u00e8s\u00a0de\u00a0la\u00a0rivi\u00e8re\u00a0au\u00a0loup\u00a0\u00bb<\/span><\/a><\/li><li><a style=\"color: #005177; outline: 0px; text-decoration-line: none;\" href=\"https:\/\/ilesaintbernard.ca\/wp-content\/uploads\/2019\/09\/Communique_270114.pdf\"><span style=\"color: #000000;\">27 janvier\u2014 Consultation publique projet de r\u00e8glement 170\u00a0<\/span><\/a><\/li><li><a href=\"https:\/\/ilesaintbernard.ca\/wp-content\/uploads\/2019\/09\/Communique_240214.pdf\"><span style=\"color: #000000;\">24 f\u00e9vrier \u2014 Conf\u00e9rences environnementales En Vert et pour Tous<\/span><\/a><\/li><li><a style=\"color: #005177; outline: 0px; text-decoration-line: none;\" href=\"https:\/\/ilesaintbernard.ca\/wp-content\/uploads\/2019\/09\/Communique_12032014.pdf\"><span style=\"color: #000000;\">17 mars \u2014 Ateliers photo au refuge faunique Marguerite-D\u2019Youville<\/span><\/a><\/li><li><a style=\"color: #005177; outline: 0px; text-decoration-line: none;\" href=\"https:\/\/ilesaintbernard.ca\/wp-content\/uploads\/2019\/09\/communique_020414.pdf\"><span style=\"color: #000000;\">1er avril \u2014 H\u00e9ritage Saint-Bernard appuie la Ville de Mercier et pr\u00f4ne le principe de pr\u00e9caution<\/span><\/a><\/li><li><a href=\"https:\/\/ilesaintbernard.ca\/wp-content\/uploads\/2019\/09\/Communique_070414.pdf\"><span style=\"color: #000000;\">07 avril \u2014\u00a0Un printemps tout en nature!<\/span><\/a><\/li><li><a style=\"color: #005177; outline: 0px; text-decoration-line: none;\" href=\"https:\/\/ilesaintbernard.ca\/wp-content\/uploads\/2019\/09\/Communique_140414.pdf\"><span style=\"color: #000000;\">08 avril \u2014 Un peu de culture dans l\u2019agriculture\u00a0<\/span><\/a><\/li><li><a href=\"https:\/\/ilesaintbernard.ca\/wp-content\/uploads\/2019\/09\/Communique_070414A.pdf\"><span style=\"color: #000000;\">08 avril \u2014 Faites partie de l\u2019aventure XP Antarctik!<\/span><\/a><\/li><li><span style=\"color: #000000;\"><a style=\"color: #000000;\" href=\"https:\/\/ilesaintbernard.ca\/wp-content\/uploads\/2019\/09\/Communique_100414camp.pdf\">10 avril \u2014 Une semaine \u00e9lectrisante!<\/a><\/span><\/li><li><a style=\"color: #005177; outline: 0px; text-decoration-line: none;\" href=\"https:\/\/ilesaintbernard.ca\/wp-content\/uploads\/2019\/09\/Communique_100414.pdf\"><span style=\"color: #000000;\">10 avril \u2014 Services \u00e9cologiques et ceinture verte avec un membre des Cowboys Fringants<\/span><\/a><\/li><li><a style=\"color: #005177; outline: 0px; text-decoration-line: none;\" href=\"https:\/\/ilesaintbernard.ca\/wp-content\/uploads\/2019\/09\/Communique_2504142.pdf\"><span style=\"color: #000000;\">25 avril \u2014 \u00c0 la rescousse de l\u2019Ail des bois<\/span><\/a><\/li><li><a href=\"https:\/\/ilesaintbernard.ca\/wp-content\/uploads\/2019\/09\/Communique_140514.pdf\"><span style=\"color: #000000;\">14 mai \u2014 D\u00e9couvrir des habitats fauniques remarquables!\u00a0<\/span><\/a><\/li><li><a style=\"color: #005177; outline: 0px; text-decoration-line: none;\" href=\"https:\/\/ilesaintbernard.ca\/wp-content\/uploads\/2019\/09\/Communique_150514.pdf\"><span style=\"color: #000000;\">15 mai \u2014 De nouveaux arbres au refuge faunique Marguerite-D\u2019Youville\u00a0<\/span><\/a><\/li><li><a style=\"color: #005177; outline: 0px; text-decoration-line: none;\" href=\"https:\/\/ilesaintbernard.ca\/wp-content\/uploads\/2019\/09\/Communique_290514.pdf\"><span style=\"color: #000000;\">29 mai \u2014 Les groupes \u00e9cologistes inquiets du silence de la MRC de Roussillon\u00a0<\/span><\/a><\/li><li><a style=\"color: #005177; outline: 0px; text-decoration-line: none;\" href=\"https:\/\/ilesaintbernard.ca\/wp-content\/uploads\/2019\/09\/Communique_120614.pdf\"><span style=\"color: #000000;\">12 juin \u2014 L\u2019\u00eele Saint-Bernard au fil de l\u2019eau!<\/span><\/a><\/li><li><a href=\"https:\/\/ilesaintbernard.ca\/wp-content\/uploads\/2019\/09\/communique_050814.pdf\"><span style=\"color: #000000;\">05 ao\u00fbt \u2014 Morcellement et fragmentation de la nature<\/span><\/a><\/li><li><a style=\"color: #005177; outline: 0px; text-decoration-line: none;\" href=\"https:\/\/ilesaintbernard.ca\/wp-content\/uploads\/2019\/09\/communique_180814.pdf\"><span style=\"color: #000000;\">18 ao\u00fbt \u2014 Ateliers photo au refuge faunique Marguerite-D\u2019Youville<\/span><\/a><\/li><li><a style=\"color: #005177; outline: 0px; text-decoration-line: none;\" href=\"https:\/\/ilesaintbernard.ca\/wp-content\/uploads\/2019\/09\/Communique_200814.pdf\"><span style=\"color: #000000;\">20 ao\u00fbt \u2014 Exp\u00e9rience unique au verger biologique de l\u2019\u00eele Saint-Bernard!<\/span><\/a><\/li><li><a style=\"color: #005177; outline: 0px; text-decoration-line: none;\" href=\"https:\/\/ilesaintbernard.ca\/wp-content\/uploads\/2019\/09\/Communique_270814.pdf\"><span style=\"color: #000000;\">27 ao\u00fbt \u2014 Une autre ann\u00e9e record avec 11 500 visiteurs!<\/span><\/a><\/li><li><a style=\"color: #005177; outline: 0px; text-decoration-line: none;\" href=\"https:\/\/ilesaintbernard.ca\/wp-content\/uploads\/2019\/09\/Communique_030914.pdf\"><span style=\"color: #000000;\">04 septembre \u2014 Un automne tout en couleur!<\/span><\/a><\/li><li><a style=\"color: #005177; outline: 0px; text-decoration-line: none;\" href=\"https:\/\/ilesaintbernard.ca\/wp-content\/uploads\/2019\/09\/communique_150914.pdf\"><span style=\"color: #000000;\">15 septembre \u2014 Un coup de pouce pour la nature!<\/span><\/a><\/li><li><a href=\"https:\/\/ilesaintbernard.ca\/wp-content\/uploads\/2019\/09\/Communique_040914.pdf\"><span style=\"color: #000000;\">04 septembre \u2014 Les \u0153uvres de Chantal Comeau<\/span><\/a><\/li><li><a style=\"color: #005177; outline: 0px;\" href=\"https:\/\/ilesaintbernard.ca\/wp-content\/uploads\/2019\/09\/Communique_061014.pdf\"><span style=\"color: #000000;\">06 octobre \u2014\u00a0Serge Bouchard au Pavillon de l\u2019\u00eele<\/span><\/a><\/li><li><a style=\"color: #005177; outline: 0px; text-decoration-line: none;\" href=\"https:\/\/ilesaintbernard.ca\/wp-content\/uploads\/2019\/09\/communique_161014.pdf\"><span style=\"color: #000000;\">16 octobre \u2014 Pierre Verville, un oiseau rare sur l&rsquo;\u00eele Saint-Bernard<\/span><\/a><\/li><li><a style=\"color: #005177; outline: 0px; text-decoration-line: none;\" href=\"https:\/\/ilesaintbernard.ca\/wp-content\/uploads\/2019\/09\/Communique_211114.pdf\"><span style=\"color: #000000;\">21 novembre \u2014 Des lutins de No\u00ebl sur l\u2019\u00eele Saint-Bernard!<\/span><\/a><\/li><li><a href=\"https:\/\/ilesaintbernard.ca\/wp-content\/uploads\/2019\/09\/communique_021214.pdf\"><span style=\"color: #000000;\">02 d\u00e9cembre \u2014 Quand l\u2019hiver nous revient!<\/span><\/a><\/li><\/ul><\/div>\n\t\t\t\t\t\t\t\t\t<div class=\"elementor-tab-title elementor-tab-mobile-title\" aria-selected=\"false\" data-tab=\"12\" role=\"tab\" tabindex=\"-1\" aria-controls=\"elementor-tab-content-72012\" aria-expanded=\"false\">2013<\/div>\n\t\t\t\t\t<div id=\"elementor-tab-content-72012\" class=\"elementor-tab-content elementor-clearfix\" data-tab=\"12\" role=\"tabpanel\" aria-labelledby=\"elementor-tab-title-72012\" tabindex=\"0\" hidden=\"hidden\"><ul><li><a style=\"color: #005177; outline: 0px; text-decoration-line: none;\" href=\"https:\/\/ilesaintbernard.ca\/wp-content\/uploads\/2019\/09\/Communique_170113.pdf\"><span style=\"color: #000000;\">17 janvier \u2014\u00a0Balade au clair de lune ce samedi 19 janvier<\/span><\/a><\/li><li><a href=\"https:\/\/ilesaintbernard.ca\/wp-content\/uploads\/2019\/09\/Communique_160113.pdf\"><span style=\"color: #000000;\">18 janvier \u2014\u00a0Exposition\u00a0r\u00e9trospective<\/span><\/a><\/li><li><a href=\"https:\/\/ilesaintbernard.ca\/wp-content\/uploads\/2019\/09\/Communique_240113.pdf\"><span style=\"color: #000000;\">24 janvier \u2014 D\u00e9cision positive pour la conservation du corridor vert Ch\u00e2teauguay-L\u00e9ry\u00a0<\/span><\/a><\/li><li><a style=\"color: #005177; outline: 0px; text-decoration-line: none;\" href=\"https:\/\/ilesaintbernard.ca\/wp-content\/uploads\/2019\/09\/Communique_250113.pdf\"><span style=\"color: #000000;\">25 janvier \u2014 Deux balades au clair de lune en f\u00e9vrier<\/span><\/a><\/li><li><a style=\"color: #005177; outline: 0px; text-decoration-line: none;\" href=\"https:\/\/ilesaintbernard.ca\/wp-content\/uploads\/2019\/09\/communique_11032013.pdf\"><span style=\"color: #000000;\">11 mars \u2014 La Ceinture verte Ch\u00e2teauguay-L\u00e9ry procure des services \u00e9cologiques d\u2019une valeur de plusieurs millions de dollars par ann\u00e9e<\/span><\/a><\/li><li><a style=\"color: #005177; outline: 0px; text-decoration-line: none;\" href=\"https:\/\/ilesaintbernard.ca\/wp-content\/uploads\/2019\/09\/communique_140313.pdf\"><span style=\"color: #000000;\">14 mars \u2014\u00a0Brunch de P\u00e2ques style \u00abcabane \u00e0 sucre\u00bb au Manoir d\u2019Youville<\/span><\/a><\/li><li><a style=\"color: #005177; outline: 0px; text-decoration-line: none;\" href=\"https:\/\/ilesaintbernard.ca\/wp-content\/uploads\/2019\/09\/communique_260313.pdf\"><span style=\"color: #000000;\">26 mars \u2014 Un nouveau projet prend son envol \u00e0 l\u2019\u00eele Saint-Bernard!\u00a0<\/span><\/a><\/li><li><a style=\"color: #005177; outline: 0px; text-decoration-line: none;\" href=\"https:\/\/ilesaintbernard.ca\/wp-content\/uploads\/2019\/09\/communique_040413.pdf\"><span style=\"color: #000000;\">04 avril \u2014 Quand la Nature fait \u00ab\u00a0<em>Cheese<\/em>\u00a0\u00bb de Fran\u00e7ois Dupont<\/span><\/a><\/li><li><a style=\"color: #005177; outline: 0px; text-decoration-line: none;\" href=\"https:\/\/ilesaintbernard.ca\/wp-content\/uploads\/2019\/09\/Communique_030613.pdf\"><span style=\"color: #000000;\">03 juin \u2014 H\u00e9ritage Saint-Bernard remporte un prix canadien en conservation!\u00a0<\/span><\/a><\/li><li><a style=\"color: #005177; outline: 0px; text-decoration-line: none;\" href=\"https:\/\/ilesaintbernard.ca\/wp-content\/uploads\/2019\/09\/Communique_060613.pdf\"><span style=\"color: #000000;\">06 juin \u2014 Une programmation anim\u00e9e sur l\u2019\u00eele Saint-Bernard<\/span><\/a><\/li><li><a style=\"color: #005177; outline: 0px; text-decoration-line: none;\" href=\"https:\/\/ilesaintbernard.ca\/wp-content\/uploads\/2019\/09\/Communique_130613.pdf\"><span style=\"color: #000000;\">13 juin \u2014 Des arbres coup\u00e9s ill\u00e9galement sur le territoire prot\u00e9g\u00e9 de l\u2019\u00eele Saint-Bernard!<\/span><\/a><\/li><li><a style=\"color: #005177; outline: 0px; text-decoration-line: none;\" href=\"https:\/\/ilesaintbernard.ca\/wp-content\/uploads\/2019\/09\/Communique_260613.pdf\"><span style=\"color: #000000;\">26 juin \u2014 L\u00e9ry s\u2019appr\u00eate \u00e0 d\u00e9truire 90% de sa for\u00eat en plein c\u0153ur du corridor forestier Ch\u00e2teauguay\/L\u00e9ry!\u00a0<\/span><\/a><\/li><li><a style=\"color: #005177; outline: 0px; text-decoration-line: none;\" href=\"https:\/\/ilesaintbernard.ca\/wp-content\/uploads\/2019\/09\/communique_120713.pdf\"><span style=\"color: #000000;\">12 juillet \u2014 En r\u00e9ponse au communiqu\u00e9 de presse de la Ville de L\u00e9ry \u00e9mis le 9 juillet 2013: Nous demandons au conseil municipal de L\u00e9ry de mettre en pratique ce qu\u2019il avance.\u00a0<\/span><\/a><\/li><li><a style=\"color: #005177; outline: 0px; text-decoration-line: none;\" href=\"https:\/\/ilesaintbernard.ca\/wp-content\/uploads\/2019\/09\/communique_150713.pdf\"><span style=\"color: #000000;\">15 juillet \u2014 Safari en Afrique : Nature forte et fragile<\/span><\/a><\/li><li><a style=\"color: #005177; outline: 0px; text-decoration-line: none;\" href=\"https:\/\/ilesaintbernard.ca\/wp-content\/uploads\/2019\/09\/communique_290713.pdf\"><span style=\"color: #000000;\">29 juillet \u2014 Le corridor vert Ch\u00e2teauguay-L\u00e9ry plus riche que jamais<\/span><\/a><\/li><li><a style=\"color: #005177; outline: 0px; text-decoration-line: none;\" href=\"https:\/\/ilesaintbernard.ca\/wp-content\/uploads\/2019\/09\/communique020813.pdf\"><span style=\"color: #000000;\">02 ao\u00fbt \u2014 Plus de 60 exposants \u00e0 d\u00e9couvrir lors de cette grande f\u00eate \u00e9colo!\u00a0<\/span><\/a><\/li><li><a style=\"color: #005177; outline: 0px; text-decoration-line: none;\" href=\"https:\/\/ilesaintbernard.ca\/wp-content\/uploads\/2019\/09\/Communique070813.pdf\"><span style=\"color: #000000;\">07 ao\u00fbt \u2014 Vandalisme au refuge faunique Marguerite-D\u2019Youville<\/span><\/a><\/li><li><a style=\"color: #005177; outline: 0px; text-decoration-line: none;\" href=\"https:\/\/ilesaintbernard.ca\/wp-content\/uploads\/2019\/09\/communique_040913.pdf\"><span style=\"color: #000000;\">04 septembre \u2014 Le verger de l\u2019\u00eele Saint-Bernard ouvre ses portes \u00e0 l\u2019autocueillette\u00a0<\/span><\/a><\/li><li><a href=\"https:\/\/ilesaintbernard.ca\/wp-content\/uploads\/2019\/09\/Communique_230913.pdf\"><span style=\"color: #000000;\">23 septembre \u2014 Derni\u00e8re chance de cueillir des pommes \u00e9cologiques \u00e0 moindre co\u00fbt sur l\u2019\u00eele Saint-Bernard!\u00a0<\/span><\/a><\/li><li><a style=\"color: #005177; outline: 0px; text-decoration-line: none;\" href=\"https:\/\/ilesaintbernard.ca\/wp-content\/uploads\/2019\/09\/Communique_260913.pdf\"><span style=\"color: #000000;\">26 septembre \u2014 Une programmation automnale color\u00e9e sur l\u2019\u00eele Saint-Bernard et au centre \u00e9cologique Fernand-Seguin\u00a0<\/span><\/a><\/li><li><a style=\"color: #005177; outline: 0px; text-decoration-line: none;\" href=\"https:\/\/ilesaintbernard.ca\/wp-content\/uploads\/2019\/09\/Communique_171013.pdf\"><span style=\"color: #000000;\">17 octobre \u2014\u00a0La nature encadr\u00e9e\u00a0<\/span><\/a><\/li><li><a style=\"color: #005177; outline: 0px; text-decoration-line: none;\" href=\"https:\/\/ilesaintbernard.ca\/wp-content\/uploads\/2019\/09\/Communique_211013.pdf\"><span style=\"color: #000000;\">21 octobre \u2014\u00a0Cocktail d\u00eenatoire au profit de la nature!\u00a0<\/span><\/a><\/li><li><a style=\"color: #005177; outline: 0px; text-decoration-line: none;\" href=\"https:\/\/ilesaintbernard.ca\/wp-content\/uploads\/2019\/09\/Communique_241013.pdf\"><span style=\"color: #000000;\">24 octobre \u2014 Une plantation d\u2019arbres r\u00e9alis\u00e9e au refuge faunique Marguerite-D\u2019Youville gr\u00e2ce au soutien de la Fondation TD des amis de l\u2019environnement<\/span><\/a><\/li><li><a style=\"color: #005177; outline: 0px; text-decoration-line: none;\" href=\"https:\/\/ilesaintbernard.ca\/wp-content\/uploads\/2019\/09\/Communique_181113.pdf\"><span style=\"color: #000000;\">18 novembre \u2014\u00a0Une tour \u00e0 condos sur l\u2019\u00eele Saint-Bernard!<\/span><\/a><\/li><li><a style=\"color: #005177; outline: 0px; text-decoration-line: none;\" href=\"https:\/\/ilesaintbernard.ca\/wp-content\/uploads\/2019\/09\/Communique_211113.pdf\"><span style=\"color: #000000;\">21 novembre \u2014 Une soir\u00e9e parfaite!\u00a0<\/span><\/a><\/li><li><a style=\"color: #005177; outline: 0px; text-decoration-line: none;\" href=\"https:\/\/ilesaintbernard.ca\/wp-content\/uploads\/2019\/09\/Communique_251113.pdf\"><span style=\"color: #000000;\">25 novembre \u2014 Un acte de vandalisme qui aurait pu tourner au cauchemar!\u00a0<\/span><\/a><\/li><li><a style=\"color: #005177; outline: 0px; text-decoration-line: none;\" href=\"https:\/\/ilesaintbernard.ca\/wp-content\/uploads\/2019\/09\/Communique_21213a.pdf\"><span style=\"color: #000000;\">02 d\u00e9cembre \u2014 Un stylo qui a de l\u2019histoire!<\/span><\/a><\/li><li><a href=\"https:\/\/ilesaintbernard.ca\/wp-content\/uploads\/2019\/09\/Communique_51213.pdf\"><span style=\"color: #000000;\">05 d\u00e9cembre \u2014 Entrez\u00a0dans\u00a0le\u00a0monde\u00a0magique\u00a0des\u00a0lutins!\u00a0<\/span><\/a><\/li><li><a style=\"color: #005177; outline: 0px; text-decoration-line: none;\" href=\"https:\/\/ilesaintbernard.ca\/wp-content\/uploads\/2019\/09\/Communique_101213.pdf\"><span style=\"color: #000000;\">10 d\u00e9cembre \u2014 Un hiver en plein air!\u00a0<\/span><\/a><\/li><\/ul><\/div>\n\t\t\t\t\t\t\t\t\t<div class=\"elementor-tab-title elementor-tab-mobile-title\" aria-selected=\"false\" data-tab=\"13\" role=\"tab\" tabindex=\"-1\" aria-controls=\"elementor-tab-content-72013\" aria-expanded=\"false\">2012<\/div>\n\t\t\t\t\t<div id=\"elementor-tab-content-72013\" class=\"elementor-tab-content elementor-clearfix\" data-tab=\"13\" role=\"tabpanel\" aria-labelledby=\"elementor-tab-title-72013\" tabindex=\"0\" hidden=\"hidden\"><ul><li><a style=\"color: #005177; outline: 0px; text-decoration-line: none;\" href=\"https:\/\/ilesaintbernard.ca\/wp-content\/uploads\/2019\/09\/communique_200112.pdf\"><span style=\"color: #000000;\">20 janvier \u2014\u00a0Invitation\u00a0\u00e0\u00a0se\u00a0balader\u00a0au\u00a0clair\u00a0de\u00a0lune!<\/span><\/a><\/li><li><a style=\"color: #005177; outline: 0px; text-decoration-line: none;\" href=\"https:\/\/ilesaintbernard.ca\/wp-content\/uploads\/2019\/09\/communique_070212.pdf\"><span style=\"color: #000000;\">07 f\u00e9vrier \u2014 Appui\u00a0\u00e0\u00a0la\u00a0Ville\u00a0et\u00a0\u00e0\u00a0ses\u00a0citoyens<\/span><\/a><\/li><li><a style=\"color: #005177; outline: 0px; text-decoration-line: none;\" href=\"https:\/\/ilesaintbernard.ca\/wp-content\/uploads\/2019\/09\/Communique_090212.pdf\"><span style=\"color: #000000;\">09 f\u00e9vrier \u2014 L\u2019artiste-peintre Robert C\u00f4t\u00e9 au Pavillon de l\u2019\u00eele<\/span><\/a><\/li><li><a href=\"https:\/\/ilesaintbernard.ca\/wp-content\/uploads\/2019\/09\/communique_200312.pdf\"><span style=\"color: #000000;\">20 mars \u2014 Brunch de P\u00e2ques aux saveurs d\u2019\u00e9rable au Manoir d\u2019Youville!<\/span><\/a><\/li><li><a style=\"color: #005177; outline: 0px; text-decoration-line: none;\" href=\"https:\/\/ilesaintbernard.ca\/wp-content\/uploads\/2019\/09\/communique_220312.pdf\"><span style=\"color: #000000;\">22 mars \u2014\u00a0Qu\u00e9bec\u00a0approuve\u00a0la\u00a0protection\u00a0du\u00a0corridor\u00a0vert\u00a0Ch\u00e2teauguay\u2010L\u00e9ry\u00a0<\/span><\/a><\/li><li><a style=\"color: #005177; outline: 0px; text-decoration-line: none;\" href=\"https:\/\/ilesaintbernard.ca\/wp-content\/uploads\/2019\/09\/communique_230312.pdf\"><span style=\"color: #000000;\">23 mars \u2014\u00a0Tous unis pour le Jour de la Terre<\/span><\/a><\/li><li><a style=\"color: #005177; outline: 0px; text-decoration-line: none;\" href=\"https:\/\/ilesaintbernard.ca\/wp-content\/uploads\/2019\/09\/Communique_290312.pdf\"><span style=\"color: #000000;\">29 mars \u2014\u00a0L\u2019\u00eele\u00a0Saint\u2010Bernard\u00a0remporte\u00a0les\u00a0honneurs\u00a0en\u00a0Mont\u00e9r\u00e9gie!<\/span><\/a><\/li><li><a style=\"color: #005177; outline: 0px; text-decoration-line: none;\" href=\"https:\/\/ilesaintbernard.ca\/wp-content\/uploads\/2019\/09\/Communique_110412.pdf\"><span style=\"color: #000000;\">11 avril \u2014 Un\u00a0\u00e9t\u00e9\u00a0tout\u00a0en\u00a0nature\u00a0pour\u00a0les\u00a0jeunes\u00a0aventuriers!<\/span><\/a><\/li><li><a style=\"color: #005177; outline: 0px; text-decoration-line: none;\" href=\"https:\/\/ilesaintbernard.ca\/wp-content\/uploads\/2019\/09\/communique_170412.pdf\"><span style=\"color: #000000;\">17 avril \u2014 Annulation du service de navette \u00e0 l\u2019\u00eele Saint-Bernard pour l\u2019\u00e9v\u00e9nement du 22 avril\u00a0<\/span><\/a><\/li><li><a style=\"color: #005177; outline: 0px; text-decoration-line: none;\" href=\"https:\/\/ilesaintbernard.ca\/wp-content\/uploads\/2019\/09\/communique_080512.pdf\"><span style=\"color: #000000;\">08 mai \u2014\u00a0<em>Biodiversit\u00e9\u00a0II<\/em>,\u00a0pr\u00e9sent\u00e9e\u00a0par\u00a0Dominic\u00a0Gendron<\/span><\/a><\/li><li><a style=\"color: #005177; outline: 0px; text-decoration-line: none;\" href=\"https:\/\/ilesaintbernard.ca\/wp-content\/uploads\/2019\/09\/communique_110512.pdf\"><span style=\"color: #000000;\">11 mai \u2014 Soutien\u00a0au\u00a0d\u00e9veloppement\u00a0des\u00a0activit\u00e9s\u00a0\u00e9cotouristiques<\/span><\/a><\/li><li><a style=\"color: #005177; outline: 0px; text-decoration-line: none;\" href=\"https:\/\/ilesaintbernard.ca\/wp-content\/uploads\/2019\/09\/communique_140512.pdf\"><span style=\"color: #000000;\">14 mai \u2014 Pour la protection du Martinet ramoneur<\/span><\/a><\/li><li><a style=\"color: #005177; outline: 0px; text-decoration-line: none;\" href=\"https:\/\/ilesaintbernard.ca\/wp-content\/uploads\/2019\/09\/communique_160512.pdf\"><span style=\"color: #000000;\">16 mai \u2014 Journ\u00e9e portes ouvertes \u00e0 l\u2019\u00eele Saint\u2010Bernard<\/span><\/a><\/li><li><a href=\"https:\/\/ilesaintbernard.ca\/wp-content\/uploads\/2019\/09\/communique_170512.pdf\"><span style=\"color: #000000;\">17 mai \u2014\u00a0Nouveaux\u00a0services\u00a0de\u00a0massoth\u00e9rapie\u00a0au\u00a0Manoir\u00a0d\u2019Youville<\/span><\/a><\/li><li><a style=\"color: #005177; outline: 0px; text-decoration-line: none;\" href=\"https:\/\/ilesaintbernard.ca\/wp-content\/uploads\/2019\/09\/communique_180512.pdf\"><span style=\"color: #000000;\">28 mai \u2014\u00a0Desjardins\u00a0r\u00e9it\u00e8re\u00a0son\u00a0appui\u00a0\u00e0\u00a0H\u00e9ritage\u00a0Saint\u2010Bernard\u00a0par\u00a0une\u00a0contribution\u00a0de\u00a067\u00a0500\u00a0$<\/span><\/a><\/li><li><a style=\"color: #005177; outline: 0px; text-decoration-line: none;\" href=\"https:\/\/ilesaintbernard.ca\/wp-content\/uploads\/2019\/09\/communique_050612C.pdf\"><span style=\"color: #000000;\">05 juin \u2014\u00a0Lancement\u00a0du\u00a0concours\u00a0photo\u00a0d\u2019H\u00e9ritage\u00a0Saint\u2010Bernard<\/span><\/a><\/li><li><a href=\"https:\/\/ilesaintbernard.ca\/wp-content\/uploads\/2019\/09\/communique_050612B.pdf\"><span style=\"color: #000000;\">05 juin \u2014\u00a0215\u00a0stylos\u00a0en\u00a0Ch\u00eane\u00a0bicolore<\/span><\/a><\/li><li><a href=\"https:\/\/ilesaintbernard.ca\/wp-content\/uploads\/2019\/09\/communique_050612.pdf\"><span style=\"color: #000000;\">05 juin \u2014\u00a0Lancement\u00a0de\u00a0la\u00a0saison\u00a0estivale\u00a0de\u00a0l\u2019\u00eele\u00a0Saint\u2010Bernard\u00a0<\/span><\/a><\/li><li><a style=\"color: #005177; outline: 0px; text-decoration-line: none;\" href=\"https:\/\/ilesaintbernard.ca\/wp-content\/uploads\/2019\/09\/Communique_290612.pdf\"><span style=\"color: #000000;\">29 juin \u2014\u00a0Activit\u00e9s\u00a0en\u00a0plein\u00a0air\u00a0pour\u00a0les\u00a0familles\u00a0sur\u00a0l\u2019\u00eele\u00a0Saint\u2010Bernard!\u00a0<\/span><\/a><\/li><li><a style=\"color: #005177; outline: 0px; text-decoration-line: none;\" href=\"https:\/\/ilesaintbernard.ca\/wp-content\/uploads\/2019\/09\/communique_300712.pdf\"><span style=\"color: #000000;\">30 juillet \u2014\u00a0Le\u00a0guide\u00a0Michelin\u00a0honore\u00a0l\u2019\u00eele\u00a0Saint\u2010Bernard<\/span><\/a><\/li><li><a href=\"https:\/\/ilesaintbernard.ca\/wp-content\/uploads\/2019\/09\/communique_310712.pdf\"><span style=\"color: #000000;\">31 juillet \u2014\u00a0Newalta\u00a0r\u00e9cup\u00e8re\u00a0gratuitement\u00a0des\u00a0produits\u00a0dangereux\u00a0sur\u00a0l\u2019\u00eele\u00a0Saint\u2010Bernard<\/span><\/a><\/li><li><a style=\"color: #005177; outline: 0px; text-decoration-line: none;\" href=\"https:\/\/ilesaintbernard.ca\/wp-content\/uploads\/2019\/09\/Communique_060812.pdf\"><span style=\"color: #000000;\">06 ao\u00fbt \u2014 La\u00a0plus\u00a0grande\u00a0f\u00eate\u00a0\u00e9colo\u00a0de\u00a0la\u00a0r\u00e9gion!<\/span><\/a><\/li><li><a style=\"color: #005177; outline: 0px; text-decoration-line: none;\" href=\"https:\/\/ilesaintbernard.ca\/wp-content\/uploads\/2019\/09\/Communique_280812.pdf\"><span style=\"color: #000000;\">28 ao\u00fbt \u2014\u00a0Le\u00a0verger\u00a0de\u00a0l\u2019\u00eele\u00a0vous\u00a0offre\u00a0ses\u00a0pommes!<\/span><\/a><\/li><li><a href=\"https:\/\/ilesaintbernard.ca\/wp-content\/uploads\/2019\/09\/Communique_300812.pdf\"><span style=\"color: #000000;\">30 ao\u00fbt \u2014\u00a0Une\u00a0\u00e9dition\u00a0m\u00e9morable!\u00a0<\/span><\/a><\/li><li><a href=\"https:\/\/ilesaintbernard.ca\/wp-content\/uploads\/2019\/09\/communique_310812.pdf\"><span style=\"color: #000000;\">31 ao\u00fbt \u2014\u00a0Des\u00a0activit\u00e9s\u00a0en\u00a0nature\u00a0pour\u00a0toute\u00a0la\u00a0famille!<\/span><\/a><\/li><li><a style=\"color: #005177; outline: 0px; text-decoration-line: none;\" href=\"https:\/\/ilesaintbernard.ca\/wp-content\/uploads\/2019\/09\/communique_110912.pdf\"><span style=\"color: #000000;\">10 septembre \u2014 Images vues de l\u2019int\u00e9rieur<\/span><\/a><\/li><li><a href=\"https:\/\/ilesaintbernard.ca\/wp-content\/uploads\/2019\/09\/Communique_170912.pdf\"><span style=\"color: #000000;\">17 septembre \u2014 P\u00e9riode\u00a0d\u2019autocueillette\u00a0termin\u00e9e<\/span><\/a><\/li><li><a style=\"color: #005177; outline: 0px; text-decoration-line: none;\" href=\"https:\/\/ilesaintbernard.ca\/wp-content\/uploads\/2019\/09\/Communique_051012.pdf\"><span style=\"color: #000000;\">05 octobre \u2014 Des centaines d\u2019environnementalistes sur l\u2019\u00eele Saint\u2010Bernard<\/span><\/a><\/li><li><a style=\"color: #005177; outline: 0px; text-decoration-line: none;\" href=\"https:\/\/ilesaintbernard.ca\/wp-content\/uploads\/2019\/09\/Communique_151012.pdf\"><span style=\"color: #000000;\">15 octobre \u2014 Une soir\u00e9e \u00e9tincelante pour les 25 ans d\u2019H\u00e9ritage Saint\u2010Bernard<\/span><\/a><\/li><li><a style=\"color: #005177; outline: 0px; text-decoration-line: none;\" href=\"https:\/\/ilesaintbernard.ca\/wp-content\/uploads\/2019\/09\/Communique_221012.pdf\"><span style=\"color: #000000;\">22 octobre \u2014\u00a0Des \u00e9l\u00e8ves cr\u00e9ent une nouvelle for\u00eat en zone r\u00e9sidentielle<\/span><\/a><\/li><li><a style=\"color: #005177; outline: 0px; text-decoration-line: none;\" href=\"https:\/\/ilesaintbernard.ca\/wp-content\/uploads\/2019\/09\/communique_081112.pdf\"><span style=\"color: #000000;\">08 novembre \u2014 Braconnage \u00e0 l\u2019\u00eele Saint-Bernard<\/span><\/a><\/li><li><a style=\"color: #005177; outline: 0px; text-decoration-line: none;\" href=\"https:\/\/ilesaintbernard.ca\/wp-content\/uploads\/2019\/09\/Communique_191112.pdf\"><span style=\"color: #000000;\">19 novembre \u2014\u00a0Un \u00e9v\u00e9nement bien fructueux!<\/span><\/a><\/li><li><a style=\"color: #005177; outline: 0px; text-decoration-line: none;\" href=\"https:\/\/ilesaintbernard.ca\/wp-content\/uploads\/2019\/09\/Communique_301112.pdf\"><span style=\"color: #000000;\">30 novembre\u2014 Vivement l\u2019hiver!\u00a0<\/span><\/a><\/li><li><a href=\"https:\/\/ilesaintbernard.ca\/wp-content\/uploads\/2019\/09\/Communique_131212.pdf\"><span style=\"color: #000000;\">13 d\u00e9cembre \u2014 Le Manoir d\u2019Youville ne sera plus g\u00e9r\u00e9 par H\u00e9ritage Saint-Bernard<\/span><\/a><\/li><\/ul><\/div>\n\t\t\t\t\t\t\t\t\t<div class=\"elementor-tab-title elementor-tab-mobile-title\" aria-selected=\"false\" data-tab=\"14\" role=\"tab\" tabindex=\"-1\" aria-controls=\"elementor-tab-content-72014\" aria-expanded=\"false\">2011<\/div>\n\t\t\t\t\t<div id=\"elementor-tab-content-72014\" class=\"elementor-tab-content elementor-clearfix\" data-tab=\"14\" role=\"tabpanel\" aria-labelledby=\"elementor-tab-title-72014\" tabindex=\"0\" hidden=\"hidden\"><ul><li><a style=\"color: #005177; outline: 0px; text-decoration-line: none;\" href=\"https:\/\/ilesaintbernard.ca\/wp-content\/uploads\/2019\/09\/communique_130111.pdf\"><span style=\"color: #000000;\">13 janvier \u2014 Soir\u00e9es de contes et de chant au clair de lune!<\/span><\/a><\/li><li><a style=\"color: #005177; outline: 0px; text-decoration-line: none;\" href=\"https:\/\/ilesaintbernard.ca\/wp-content\/uploads\/2019\/09\/Communique_260111.pdf\"><span style=\"color: #000000;\">26 janvier \u2014 Une belle soir\u00e9e en nature!\u00a0<\/span><\/a><\/li><li><a style=\"color: #005177; outline: 0px; text-decoration-line: none;\" href=\"https:\/\/ilesaintbernard.ca\/wp-content\/uploads\/2019\/09\/communique_310111.pdf\"><span style=\"color: #000000;\">31 janvier \u2014 H\u00e9ritage Saint-Bernard est satisfait du rapport du BAPE<\/span><\/a><\/li><li><a style=\"color: #005177; outline: 0px; text-decoration-line: none;\" href=\"https:\/\/ilesaintbernard.ca\/wp-content\/uploads\/2019\/09\/communique_070211.pdf\"><span style=\"color: #000000;\">07 f\u00e9vrier \u2014 Une nouvelle esp\u00e8ce de mammif\u00e8re observ\u00e9e sur l\u2019\u00eele Saint-Bernard!\u00a0<\/span><\/a><\/li><li><a href=\"https:\/\/ilesaintbernard.ca\/wp-content\/uploads\/2019\/09\/communique_080211.pdf\"><span style=\"color: #000000;\">08 f\u00e9vrier \u2014 Une nouvelle Balade au clair de lune \u00e0 venir bient\u00f4t!\u00a0<\/span><\/a><\/li><li><a style=\"color: #005177; outline: 0px; text-decoration-line: none;\" href=\"https:\/\/ilesaintbernard.ca\/wp-content\/uploads\/2019\/09\/Communique_210411.pdf\"><span style=\"color: #000000;\">21 avril \u2014 PRINTEMPS ANIM\u00c9 AU CENTRE \u00c9COLOGIQUE FERNAND-SEGUIN !<\/span><\/a><\/li><li><a style=\"color: #005177; outline: 0px; text-decoration-line: none;\" href=\"https:\/\/ilesaintbernard.ca\/wp-content\/uploads\/2019\/09\/Communique_310511.pdf\"><span style=\"color: #000000;\">31 mai \u2014 Pour d\u00e9couvrir le site autrement!<\/span><\/a><\/li><li><a href=\"https:\/\/ilesaintbernard.ca\/wp-content\/uploads\/2019\/09\/Communique_090811.pdf\"><span style=\"color: #000000;\">09 ao\u00fbt \u2014 Sauvetage de poissons au territoire du ruisseau Saint-Jean\u00a0<\/span><\/a><\/li><li><a style=\"color: #005177; outline: 0px; text-decoration-line: none;\" href=\"https:\/\/ilesaintbernard.ca\/wp-content\/uploads\/2019\/09\/Communique_190811.pdf\"><span style=\"color: #000000;\">19 ao\u00fbt \u2014 Un \u00e9v\u00e9nement \u00e9coresponsable qui vous en mettra plein les sens!\u00a0<\/span><\/a><\/li><li><a style=\"color: #005177; outline: 0px; text-decoration-line: none;\" href=\"https:\/\/ilesaintbernard.ca\/wp-content\/uploads\/2019\/09\/Communique_020911.pdf\"><span style=\"color: #000000;\">02 septembre \u2014 Le\u00a0Qu\u00e9bec\u00a0perd\u00a0un\u00a0g\u00e9ant\u00a0<\/span><\/a><\/li><li><a href=\"https:\/\/ilesaintbernard.ca\/wp-content\/uploads\/2019\/09\/Communique_080911.pdf\"><span style=\"color: #000000;\">08 septembre \u2014 Un succ\u00e8s percutant pour l\u2019\u00c9comarch\u00e9 de l\u2019\u00eele!<\/span><\/a><\/li><li><a style=\"color: #005177; outline: 0px; text-decoration-line: none;\" href=\"https:\/\/ilesaintbernard.ca\/wp-content\/uploads\/2019\/09\/Communique_120911.pdf\"><span style=\"color: #000000;\">12 septembre \u2014\u00a0Hommage \u00e0 un instigateur du refuge faunique Marguerite\u2010D\u2019Youville<\/span><\/a><\/li><li><a style=\"color: #005177; outline: 0px; text-decoration-line: none;\" href=\"https:\/\/ilesaintbernard.ca\/wp-content\/uploads\/2019\/09\/Communique_200911.pdf\"><span style=\"color: #000000;\">20 septembre \u2014 Une\u00a0contribution\u00a0fortement\u00a0appr\u00e9ci\u00e9e!\u00a0<\/span><\/a><\/li><li><a style=\"color: #005177; outline: 0px; text-decoration-line: none;\" href=\"https:\/\/ilesaintbernard.ca\/wp-content\/uploads\/2019\/09\/communique_270111.pdf\"><span style=\"color: #000000;\">27 septembre \u2014 Une importante soir\u00e9e d\u2019information \u00e0 ne pas manquer!<\/span><\/a><\/li><li><a style=\"color: #005177; outline: 0px; text-decoration-line: none;\" href=\"https:\/\/ilesaintbernard.ca\/wp-content\/uploads\/2019\/09\/Communique_141011.pdf\"><span style=\"color: #000000;\">14 octobre \u2014 H\u00e9ritage\u00a0Saint\u2010Bernard\u00a0d\u00e9pose\u00a0un\u00a0m\u00e9moire\u00a0pour\u00a0la\u00a0protection\u00a0du\u00a0corridor\u00a0vert\u00a0Ch\u00e2teauguay\u2010L\u00e9ry<\/span><\/a><\/li><li><a style=\"color: #005177; outline: 0px; text-decoration-line: none;\" href=\"https:\/\/ilesaintbernard.ca\/wp-content\/uploads\/2019\/09\/Communique_181011.pdf\"><span style=\"color: #000000;\">18 octobre \u2014 Investissez\u00a0dans\u00a0une\u00a0bonne\u00a0cause!<\/span><\/a><\/li><li><a style=\"color: #005177; outline: 0px; text-decoration-line: none;\" href=\"https:\/\/ilesaintbernard.ca\/wp-content\/uploads\/2019\/09\/communique_201011.pdf\"><span style=\"color: #000000;\">20 octobre \u2014 Le\u00a0Pavillon\u00a0de\u00a0l\u2019\u00eele\u00a0f\u00eate\u00a0ses\u00a0cinq\u00a0ans!<\/span><\/a><\/li><li><a style=\"color: #005177; outline: 0px; text-decoration-line: none;\" href=\"https:\/\/ilesaintbernard.ca\/wp-content\/uploads\/2019\/09\/Communique_141111.pdf\"><span style=\"color: #000000;\">14 novembre \u2014 Un \u00e9v\u00e9nement qui bat tous les records !<\/span><\/a><\/li><li><a style=\"color: #005177; outline: 0px; text-decoration-line: none;\" href=\"https:\/\/ilesaintbernard.ca\/wp-content\/uploads\/2019\/09\/communique_151111.pdf\"><span style=\"color: #000000;\">15 novembre \u2014 Le plus vieil incin\u00e9rateur de d\u00e9chets dangereux au Canada ferme, mais\u2026 les enjeux entourant la catastrophe environnementale de Mercier demeurent\u00a0<\/span><\/a><\/li><li><a style=\"color: #005177; outline: 0px; text-decoration-line: none;\" href=\"https:\/\/ilesaintbernard.ca\/wp-content\/uploads\/2019\/09\/Communique_231111.pdf\"><span style=\"color: #000000;\">23 novembre \u2014 Vivement l\u2019hiver !<\/span><\/a><\/li><li><a style=\"color: #005177; outline: 0px; text-decoration-line: none;\" href=\"https:\/\/ilesaintbernard.ca\/wp-content\/uploads\/2019\/09\/communique_161211B.pdf\"><span style=\"color: #000000;\">16 d\u00e9cembre \u2014 Un immense cadeau de No\u00ebl pour les citoyens<\/span><\/a><\/li><\/ul><\/div>\n\t\t\t\t\t\t\t\t\t<div class=\"elementor-tab-title elementor-tab-mobile-title\" aria-selected=\"false\" data-tab=\"15\" role=\"tab\" tabindex=\"-1\" aria-controls=\"elementor-tab-content-72015\" aria-expanded=\"false\">2010<\/div>\n\t\t\t\t\t<div id=\"elementor-tab-content-72015\" class=\"elementor-tab-content elementor-clearfix\" data-tab=\"15\" role=\"tabpanel\" aria-labelledby=\"elementor-tab-title-72015\" tabindex=\"0\" hidden=\"hidden\"><ul><li><a style=\"color: #005177; outline: 0px; text-decoration-line: none;\" href=\"https:\/\/ilesaintbernard.ca\/wp-content\/uploads\/2019\/09\/communique_060110.pdf\"><span style=\"color: #000000;\">06 janvier \u2014\u00a0Des soir\u00e9es de contes au clair de lune<\/span><\/a><\/li><li><a style=\"color: #005177; outline: 0px; text-decoration-line: none;\" href=\"https:\/\/ilesaintbernard.ca\/wp-content\/uploads\/2019\/09\/communique_260110.pdf\"><span style=\"color: #000000;\">26 janvier \u2014 Tous pour la for\u00eat Ch\u00e2teauguay-L\u00e9ry<\/span><\/a><\/li><li><a href=\"https:\/\/ilesaintbernard.ca\/wp-content\/uploads\/2019\/09\/communique_040210B.pdf\"><span style=\"color: #000000;\">04 f\u00e9vrier \u2014 Il n&rsquo;y a pas de fum\u00e9e sans feu !<\/span><\/a><\/li><li><a href=\"https:\/\/ilesaintbernard.ca\/wp-content\/uploads\/2019\/09\/communique_040210.pdf\"><span style=\"color: #000000;\">04 f\u00e9vrier \u2014 Pour le plaisir des marcheurs<\/span><\/a><\/li><li><a style=\"color: #005177; outline: 0px; text-decoration-line: none;\" href=\"https:\/\/ilesaintbernard.ca\/wp-content\/uploads\/2019\/09\/communique_020310.pdf\"><span style=\"color: #000000;\">02 mars \u2014 Fermeture d\u2019une partie des sentiers\u00a0<\/span><\/a><\/li><li><a style=\"color: #005177; outline: 0px; text-decoration-line: none;\" href=\"https:\/\/ilesaintbernard.ca\/wp-content\/uploads\/2019\/09\/communique_020310.pdf\"><span style=\"color: #000000;\">02 mars \u2014 Fermeture d\u2019une partie des sentiers<\/span><\/a><\/li><li><a style=\"color: #005177; outline: 0px; text-decoration-line: none;\" href=\"https:\/\/ilesaintbernard.ca\/wp-content\/uploads\/2019\/09\/communique_150310.pdf\"><span style=\"color: #000000;\">15 mars \u2014 Carnet de printemps<\/span><\/a><\/li><li><a style=\"color: #005177; outline: 0px; text-decoration-line: none;\" href=\"https:\/\/ilesaintbernard.ca\/wp-content\/uploads\/2019\/09\/communique_230310.pdf\"><span style=\"color: #000000;\">23 mars \u2014 ACTIVITES FAMILIALES GRATUITES\u00a0<\/span><\/a><\/li><li><a style=\"color: #005177; outline: 0px; text-decoration-line: none;\" href=\"https:\/\/ilesaintbernard.ca\/wp-content\/uploads\/2019\/09\/communique_080410.pdf\"><span style=\"color: #000000;\">08 avril \u2014\u00a0Les protecteurs de la nature !<\/span><\/a><\/li><li><a style=\"color: #005177; outline: 0px; text-decoration-line: none;\" href=\"https:\/\/ilesaintbernard.ca\/wp-content\/uploads\/2019\/09\/communique_060410.pdf\"><span style=\"color: #000000;\">06 avril \u2014\u00a0Initiation\u00a0au\u00a0compostage\u00a0domestique<\/span><\/a><\/li><li><a style=\"color: #005177; outline: 0px; text-decoration-line: none;\" href=\"https:\/\/ilesaintbernard.ca\/wp-content\/uploads\/2019\/09\/communique_200410.pdf\"><span style=\"color: #000000;\">20 avril \u2014 Minuscule\u00a0amphibien,\u00a0immense\u00a0d\u00e9couverte<\/span><\/a><\/li><li><a style=\"color: #005177; outline: 0px; text-decoration-line: none;\" href=\"https:\/\/ilesaintbernard.ca\/wp-content\/uploads\/2019\/09\/communique_210410.pdf\"><span style=\"color: #000000;\">21 avril \u2014 La\u00a0grenouille\u00a0et\u00a0la\u00a0ceinture\u00a0verte<\/span><\/a><\/li><li><a style=\"color: #005177; outline: 0px; text-decoration-line: none;\" href=\"https:\/\/ilesaintbernard.ca\/wp-content\/uploads\/2019\/09\/communique_120510.pdf\"><span style=\"color: #000000;\">12 mai \u2014\u00a0H\u00e9ritage\u00a0Saint\u2010Bernard\u00a0laur\u00e9at\u00a0de\u00a0bronze\u00a0en\u00a0tourisme\u00a0durable\u00a0au\u00a0Qu\u00e9bec\u00a0<\/span><\/a><\/li><li><a style=\"color: #005177; outline: 0px; text-decoration-line: none;\" href=\"https:\/\/ilesaintbernard.ca\/wp-content\/uploads\/2019\/09\/communique_140510.pdf\"><span style=\"color: #000000;\">14 mai \u2014 R\u00e9ouverture\u00a0des\u00a0sentiers\u00a0du\u00a0refuge\u00a0faunique\u00a0Marguerite\u2010D\u2019Youville<\/span><\/a><\/li><li><a style=\"color: #005177; outline: 0px; text-decoration-line: none;\" href=\"https:\/\/ilesaintbernard.ca\/wp-content\/uploads\/2019\/09\/communique_150610B.pdf\"><span style=\"color: #000000;\">15 juin \u2014 Une\u00a0excitante\u00a0rencontre\u00a0avec\u00a0la\u00a0nature\u00a0et\u00a0l\u2019histoire\u00a0!<\/span><\/a><\/li><li><a href=\"https:\/\/ilesaintbernard.ca\/wp-content\/uploads\/2019\/09\/communique_150610.pdf\"><span style=\"color: #000000;\">15 juin \u2014 Dame\u00a0Nature\u00a0se\u00a0r\u00e9v\u00e8le\u00a0dans\u00a0toute\u00a0sa\u00a0splendeur<\/span><\/a><\/li><li><a style=\"color: #005177; outline: 0px; text-decoration-line: none;\" href=\"https:\/\/ilesaintbernard.ca\/wp-content\/uploads\/2019\/09\/communique_120810.pdf\"><span style=\"color: #000000;\">12 ao\u00fbt \u2014 L\u2019\u00c9comarch\u00e9 de l\u2019\u00eele, une fin de semaine \u00e0 saveur \u00e9cologique<\/span><\/a><\/li><li><a style=\"color: #005177; outline: 0px; text-decoration-line: none;\" href=\"https:\/\/ilesaintbernard.ca\/wp-content\/uploads\/2019\/09\/communique_170810.pdf\"><span style=\"color: #000000;\">17 ao\u00fbt \u2014 Le Petit Blongios est plus pr\u00e9sent que jamais!<\/span><\/a><\/li><li><a style=\"color: #005177; outline: 0px; text-decoration-line: none;\" href=\"https:\/\/ilesaintbernard.ca\/wp-content\/uploads\/2019\/09\/communique_210910.pdf\"><span style=\"color: #000000;\">21 septembre \u2014 H\u00e9ritage Saint-Bernard remporte un Prix Innovation<\/span><\/a><\/li><li><a style=\"color: #005177; outline: 0px; text-decoration-line: none;\" href=\"https:\/\/ilesaintbernard.ca\/wp-content\/uploads\/2019\/09\/communique_111010.pdf\"><span style=\"color: #000000;\">11 octobre \u2014\u00a0Une v\u00e9ritable restauration de la berge s\u2019impose<\/span><\/a><\/li><li><a style=\"color: #005177; outline: 0px; text-decoration-line: none;\" href=\"https:\/\/ilesaintbernard.ca\/wp-content\/uploads\/2019\/09\/communique_221010.pdf\"><span style=\"color: #000000;\">22 octobre \u2014 Priorit\u00e9 \u00e0 l\u2019ouverture, de Bamako \u00e0 Tombouctou<\/span><\/a><\/li><li><a href=\"https:\/\/ilesaintbernard.ca\/wp-content\/uploads\/2019\/09\/communique_251010B.pdf\"><span style=\"color: #000000;\">25 octobre \u2014 Une r\u00e9ussite sur toute la ligne!\u00a0<\/span><\/a><\/li><li><a href=\"https:\/\/ilesaintbernard.ca\/wp-content\/uploads\/2019\/09\/communique_251010.pdf\"><span style=\"color: #000000;\">25 octobre \u2014 H\u00e9ritage Saint-Bernard remet le premier Prix Reconnaissance \u00e0 Hans Zimmermann<\/span><\/a><\/li><li><a href=\"https:\/\/ilesaintbernard.ca\/wp-content\/uploads\/2019\/09\/communique_011110.pdf\"><span style=\"color: #000000;\">29 octobre \u2014 Le jeu n\u2019en vaut pas la chandelle\u00a0<\/span><\/a><\/li><li><a style=\"color: #005177; outline: 0px; text-decoration-line: none;\" href=\"https:\/\/ilesaintbernard.ca\/wp-content\/uploads\/2019\/09\/communique_021110.pdf\"><span style=\"color: #000000;\">02 novembre \u2014 Vandalisme au refuge faunique Marguerite-D\u2019Youville<\/span><\/a><\/li><li><a style=\"color: #005177; outline: 0px; text-decoration-line: none;\" href=\"https:\/\/ilesaintbernard.ca\/wp-content\/uploads\/2019\/09\/communique_021110.pdf\"><span style=\"color: #000000;\">02 novembre \u2014 Vandalisme au refuge faunique Marguerite-D\u2019Youville<\/span><\/a><\/li><li><a style=\"color: #005177; outline: 0px; text-decoration-line: none;\" href=\"https:\/\/ilesaintbernard.ca\/wp-content\/uploads\/2019\/09\/communique_171110.pdf\"><span style=\"color: #000000;\">17 novembre \u2014 L\u2019\u00c9co-march\u00e9 de No\u00ebl, pour des cadeaux \u00e9coresponsables !<\/span><\/a><\/li><li><a href=\"https:\/\/ilesaintbernard.ca\/wp-content\/uploads\/2019\/09\/communique_071210.pdf\"><span style=\"color: #000000;\">07 d\u00e9cembre \u2014 Une nouvelle exposition de photos prend son envol!<\/span><\/a><\/li><li><a style=\"color: #005177; outline: 0px; text-decoration-line: none;\" href=\"https:\/\/ilesaintbernard.ca\/wp-content\/uploads\/2019\/09\/communique_201210.pdf\"><span style=\"color: #000000;\">20 d\u00e9cembre \u2014 Lancement des activit\u00e9s hivernales 2010-2011<\/span><\/a><\/li><\/ul><\/div>\n\t\t\t\t\t\t\t\t\t<div class=\"elementor-tab-title elementor-tab-mobile-title\" aria-selected=\"false\" data-tab=\"16\" role=\"tab\" tabindex=\"-1\" aria-controls=\"elementor-tab-content-72016\" aria-expanded=\"false\">2009<\/div>\n\t\t\t\t\t<div id=\"elementor-tab-content-72016\" class=\"elementor-tab-content elementor-clearfix\" data-tab=\"16\" role=\"tabpanel\" aria-labelledby=\"elementor-tab-title-72016\" tabindex=\"0\" hidden=\"hidden\"><ul><li><span style=\"color: #000000;\"><a style=\"color: #000000;\" href=\"https:\/\/ilesaintbernard.ca\/wp-content\/uploads\/2019\/09\/communique_010609.pdf\">01 juin \u2014 98 esp\u00e8ces d\u2019oiseaux observ\u00e9es en une journ\u00e9e \u00e0 l\u2019\u00eele Saint-Bernard !<\/a><\/span><\/li><li><a href=\"https:\/\/ilesaintbernard.ca\/wp-content\/uploads\/2019\/09\/communique_010409.pdf\"><span style=\"color: #000000;\">01 avril \u2014 Le jour de la terre chez H\u00e9ritage Saint-Bernard !<\/span><\/a><\/li><li><a href=\"https:\/\/ilesaintbernard.ca\/wp-content\/uploads\/2019\/09\/communique_16062009.pdf\"><span style=\"color: #000000;\">16 juin \u2014 H\u00e9ritage Saint-Bernard re\u00e7oit le prestigieux prix du Canard noir<\/span><\/a><\/li><li><a href=\"https:\/\/ilesaintbernard.ca\/wp-content\/uploads\/2019\/09\/communique_301109.pdf\"><span style=\"color: #000000;\">30 novembre \u2014 H\u00e9ritage Saint-Bernard re\u00e7oit un prix en tourisme<\/span><\/a><\/li><li><a href=\"https:\/\/ilesaintbernard.ca\/wp-content\/uploads\/2019\/09\/communique_260909.pdf\"><span style=\"color: #000000;\">24 septembre \u2014 Un orignal profite de la qui\u00e9tude du refuge faunique Marguerite-D&rsquo;Youville !<\/span><\/a><\/li><li><a href=\"https:\/\/ilesaintbernard.ca\/wp-content\/uploads\/2019\/09\/communique_260809.pdf\"><span style=\"color: #000000;\">26 ao\u00fbt \u2014 Exposition photo de Dominic Gendron au Pavillon de l\u2019\u00eele Biodiversit\u00e9<\/span><\/a><\/li><li><a href=\"https:\/\/ilesaintbernard.ca\/wp-content\/uploads\/2019\/09\/communique_220909.pdf\"><span style=\"color: #000000;\">22 septembre \u2014 Journ\u00e9e des ressources naturelles<\/span><\/a><\/li><li><a href=\"https:\/\/ilesaintbernard.ca\/wp-content\/uploads\/2019\/09\/communique_180309.pdf\"><span style=\"color: #000000;\">18 mars \u2014 Camp \u00c9colo 2009<\/span><\/a><\/li><li><a href=\"https:\/\/ilesaintbernard.ca\/wp-content\/uploads\/2019\/09\/communique_151209.pdf\"><span style=\"color: #000000;\">15 d\u00e9cembre \u2014 \u00c0 vos skis et raquettes !\u00a0<\/span><\/a><\/li><li><a href=\"https:\/\/ilesaintbernard.ca\/wp-content\/uploads\/2019\/09\/communique_140909.pdf\"><span style=\"color: #000000;\">14 septembre \u2014 Soir\u00e9e b\u00e9n\u00e9fice au profit d\u2019H\u00e9ritage Saint-Bernard<\/span><\/a><\/li><li><span style=\"color: #000000;\"><a style=\"color: #000000;\" href=\"https:\/\/ilesaintbernard.ca\/wp-content\/uploads\/2019\/09\/communique_130109.pdf\">13 janvier \u2014 Balade au clair de lune !<\/a><\/span><\/li><li><span style=\"color: #000000;\"><a style=\"color: #000000;\" href=\"https:\/\/ilesaintbernard.ca\/wp-content\/uploads\/2019\/09\/communique_080909.pdf\">08 septembre \u2014 Des activit\u00e9s tout en couleur !<\/a><\/span><\/li><li><span style=\"color: #000000;\"><a style=\"color: #000000;\" href=\"https:\/\/ilesaintbernard.ca\/wp-content\/uploads\/2019\/09\/communique_070109.pdf\">07 janvier \u2014 En raquettes dans les bois !<\/a>\u00a0<\/span><\/li><li><span style=\"color: #000000;\"><a style=\"color: #000000;\" href=\"https:\/\/ilesaintbernard.ca\/wp-content\/uploads\/2019\/09\/communique_040809.pdf\">04 ao\u00fbt \u2014 H\u00e9ritage Saint-Bernard propose un \u00ab sc\u00e9nario D \u00bb<\/a><\/span><\/li><\/ul><\/div>\n\t\t\t\t\t\t\t\t\t<div class=\"elementor-tab-title elementor-tab-mobile-title\" aria-selected=\"false\" data-tab=\"17\" role=\"tab\" tabindex=\"-1\" aria-controls=\"elementor-tab-content-72017\" aria-expanded=\"false\">2008<\/div>\n\t\t\t\t\t<div id=\"elementor-tab-content-72017\" class=\"elementor-tab-content elementor-clearfix\" data-tab=\"17\" role=\"tabpanel\" aria-labelledby=\"elementor-tab-title-72017\" tabindex=\"0\" hidden=\"hidden\"><ul><li><span style=\"color: #000000;\"><a style=\"color: #000000;\" href=\"https:\/\/ilesaintbernard.ca\/wp-content\/uploads\/2019\/09\/communique_170108B.pdf\">January 17 \u2014 Snow Festival on Saint-Bernard Island<\/a>\u00a0<\/span><\/li><li><span style=\"color: #000000;\"><a style=\"color: #000000;\" href=\"https:\/\/ilesaintbernard.ca\/wp-content\/uploads\/2019\/09\/communique_170108.pdf\">17 janvier \u2014 Journ\u00e9e Neige en Folie sur l\u2019\u00eele Saint-Bernard<\/a><\/span><\/li><li><span style=\"color: #000000;\"><a style=\"color: #000000;\" href=\"https:\/\/ilesaintbernard.ca\/wp-content\/uploads\/2019\/09\/communique_260208.pdf\">26 f\u00e9vrier \u2014 Des activit\u00e9s hivernales tr\u00e8s populaires !<\/a><\/span><\/li><li><a style=\"color: #005177; outline: 0px; text-decoration-line: none;\" href=\"https:\/\/ilesaintbernard.ca\/wp-content\/uploads\/2019\/09\/communique_100308A.pdf\"><span style=\"color: #000000;\">March 06 \u2014\u00a0Nesting period in the refuge faunique Marguerite-D&rsquo;Youville<\/span><\/a><\/li><li><a href=\"https:\/\/ilesaintbernard.ca\/wp-content\/uploads\/2019\/09\/communique_100308.pdf\"><span style=\"color: #000000;\">10 mars\u2014\u00a0P\u00e9riode de nidification au refuge faunique Marguerite-D&rsquo;Youville<\/span><\/a><\/li><li><a style=\"color: #005177; outline: 0px; text-decoration-line: none;\" href=\"https:\/\/ilesaintbernard.ca\/wp-content\/uploads\/2019\/09\/communique_130308.pdf\"><span style=\"color: #000000;\">13 mars \u2014 Un printemps en nature<\/span><\/a><\/li><li><span style=\"color: #000000;\"><a style=\"color: #000000;\" href=\"https:\/\/ilesaintbernard.ca\/wp-content\/uploads\/2019\/09\/communique_250308.pdf\">25 mars \u2014 H\u00e9ritage Saint-Bernard re\u00e7oit un prix Conscientia<\/a><\/span><\/li><li><span style=\"color: #000000;\"><a style=\"color: #000000;\" href=\"https:\/\/ilesaintbernard.ca\/wp-content\/uploads\/2019\/09\/communique_270308B.pdf\">27 mars \u2014 Le Jour de la Terre avec H\u00e9ritage Saint-Bernard<\/a><\/span><\/li><li><span style=\"color: #000000;\"><a style=\"color: #000000;\" href=\"https:\/\/ilesaintbernard.ca\/wp-content\/uploads\/2019\/09\/communique_270308.pdf\">27 mars \u2014 Le printemps attendu au centre \u00e9cologique Fernand-Seguin !<\/a><\/span><\/li><li><span style=\"color: #000000;\"><a style=\"color: #000000;\" href=\"https:\/\/ilesaintbernard.ca\/wp-content\/uploads\/2019\/09\/communique_060508.pdf\">06 mai \u2014 B\u00e9n\u00e9voles recherch\u00e9s<\/a><\/span><\/li><li><span style=\"color: #000000;\"><a style=\"color: #000000;\" href=\"https:\/\/ilesaintbernard.ca\/wp-content\/uploads\/2019\/09\/communique_210508.pdf\">21 mai \u2014 Le Camp \u00c9colo d\u2019H\u00e9ritage Saint-Bernard !<\/a><\/span><\/li><li><span style=\"color: #000000;\"><a style=\"color: #000000;\" href=\"https:\/\/ilesaintbernard.ca\/wp-content\/uploads\/2019\/09\/communique_060608.pdf\">06 juin \u2014 D\u00e9couvertes nature, histoire et beaucoup plus !<\/a><\/span><\/li><li><a style=\"color: #005177; outline: 0px; text-decoration-line: none;\" href=\"https:\/\/ilesaintbernard.ca\/wp-content\/uploads\/2019\/09\/communique_060608B.pdf\"><span style=\"color: #000000;\">06 juin \u2014\u00a0L\u2019art au naturel\u00a0<\/span><\/a><\/li><li><a style=\"color: #005177; outline: 0px; text-decoration-line: none;\" href=\"https:\/\/ilesaintbernard.ca\/wp-content\/uploads\/2019\/09\/communique_100608.pdf\"><span style=\"color: #000000;\">10 juin \u2014 Une couleuvre rare au centre \u00e9cologique Fernand-Seguin<\/span><\/a><\/li><li><a style=\"color: #005177; outline: 0px; text-decoration-line: none;\" href=\"https:\/\/ilesaintbernard.ca\/wp-content\/uploads\/2019\/09\/Communique_070808.pdf\"><span style=\"color: #000000;\">07 ao\u00fbt \u2014\u00a0Initiation \u00e0 la mycologie<\/span><\/a><\/li><li><a style=\"color: #005177; outline: 0px; text-decoration-line: none;\" href=\"https:\/\/ilesaintbernard.ca\/wp-content\/uploads\/2019\/09\/communique_120808.pdf\"><span style=\"color: #000000;\">12 ao\u00fbt \u2014 Les oiseaux de chez nous<\/span><\/a><\/li><li><span style=\"color: #000000;\"><a style=\"color: #000000;\" href=\"https:\/\/ilesaintbernard.ca\/wp-content\/uploads\/2019\/09\/communique_200808.pdf\">20 ao\u00fbt \u2014 Profitez de l\u2019automne au centre \u00e9cologique Fernand-Seguin !\u00a0<\/a><\/span><\/li><li><span style=\"color: #000000;\"><a style=\"color: #000000;\" href=\"https:\/\/ilesaintbernard.ca\/wp-content\/uploads\/2019\/09\/communique_171208.pdf\">17 d\u00e9cembre \u2014 Activit\u00e9s en nature \u00e0 deux pas de chez vous !<\/a><\/span><\/li><\/ul><\/div>\n\t\t\t\t\t\t\t<\/div>\n\t\t<\/div>\n\t\t\t\t\t\t<\/div>\n\t\t\t\t<\/div>\n\t\t\t\t\t<\/div>\n\t\t<\/div>\n\t\t\t\t\t<\/div>\n\t\t<\/section>\n\t\t\t\t<section data-particle_enable=\"false\" data-particle-mobile-disabled=\"false\" class=\"elementor-section elementor-top-section elementor-element elementor-element-3d712f8 elementor-section-height-min-height elementor-section-boxed elementor-section-height-default elementor-section-items-middle\" data-id=\"3d712f8\" data-element_type=\"section\" data-e-type=\"section\" data-settings=\"{&quot;background_background&quot;:&quot;classic&quot;}\">\n\t\t\t\t\t\t<div class=\"elementor-container elementor-column-gap-default\">\n\t\t\t\t\t<div class=\"elementor-column elementor-col-100 elementor-top-column elementor-element elementor-element-b484a2f\" data-id=\"b484a2f\" data-element_type=\"column\" data-e-type=\"column\">\n\t\t\t<div class=\"elementor-widget-wrap elementor-element-populated\">\n\t\t\t\t\t\t<section data-particle_enable=\"false\" data-particle-mobile-disabled=\"false\" class=\"elementor-section elementor-inner-section elementor-element elementor-element-409c4ce elementor-section-full_width elementor-section-height-default elementor-section-height-default\" data-id=\"409c4ce\" data-element_type=\"section\" data-e-type=\"section\">\n\t\t\t\t\t\t<div class=\"elementor-container elementor-column-gap-default\">\n\t\t\t\t\t<div class=\"elementor-column elementor-col-33 elementor-inner-column elementor-element elementor-element-cffed85\" data-id=\"cffed85\" data-element_type=\"column\" data-e-type=\"column\">\n\t\t\t<div class=\"elementor-widget-wrap elementor-element-populated\">\n\t\t\t\t\t\t<div class=\"elementor-element elementor-element-0c92b70 elementor-widget elementor-widget-heading\" data-id=\"0c92b70\" data-element_type=\"widget\" data-e-type=\"widget\" data-widget_type=\"heading.default\">\n\t\t\t\t<div class=\"elementor-widget-container\">\n\t\t\t\t\t<h5 class=\"elementor-heading-title elementor-size-default\">Liens utiles<\/h5>\t\t\t\t<\/div>\n\t\t\t\t<\/div>\n\t\t\t\t<div class=\"elementor-element elementor-element-5e9f4b3 elementor-icon-list--layout-traditional elementor-list-item-link-full_width elementor-widget elementor-widget-global elementor-global-17841 elementor-widget-icon-list\" data-id=\"5e9f4b3\" data-element_type=\"widget\" data-e-type=\"widget\" data-widget_type=\"icon-list.default\">\n\t\t\t\t<div class=\"elementor-widget-container\">\n\t\t\t\t\t\t\t<ul class=\"elementor-icon-list-items\">\n\t\t\t\t\t\t\t<li class=\"elementor-icon-list-item\">\n\t\t\t\t\t\t\t\t\t\t\t<a href=\"https:\/\/ilesaintbernard.ca\/accessibilite\/\">\n\n\t\t\t\t\t\t\t\t\t\t\t<span class=\"elementor-icon-list-text\">Accessibilit\u00e9<\/span>\n\t\t\t\t\t\t\t\t\t\t\t<\/a>\n\t\t\t\t\t\t\t\t\t<\/li>\n\t\t\t\t\t\t\t\t<li class=\"elementor-icon-list-item\">\n\t\t\t\t\t\t\t\t\t\t\t<a href=\"https:\/\/ilesaintbernard.ca\/propos\/\">\n\n\t\t\t\t\t\t\t\t\t\t\t<span class=\"elementor-icon-list-text\">\u00c0 propos<\/span>\n\t\t\t\t\t\t\t\t\t\t\t<\/a>\n\t\t\t\t\t\t\t\t\t<\/li>\n\t\t\t\t\t\t\t\t<li class=\"elementor-icon-list-item\">\n\t\t\t\t\t\t\t\t\t\t\t<a href=\"https:\/\/ilesaintbernard.ca\/benevole\/\">\n\n\t\t\t\t\t\t\t\t\t\t\t<span class=\"elementor-icon-list-text\">B\u00e9n\u00e9voles \/ Conseil d'administration<\/span>\n\t\t\t\t\t\t\t\t\t\t\t<\/a>\n\t\t\t\t\t\t\t\t\t<\/li>\n\t\t\t\t\t\t\t\t<li class=\"elementor-icon-list-item\">\n\t\t\t\t\t\t\t\t\t\t\t<a href=\"https:\/\/ilesaintbernard.ca\/communiques\/\">\n\n\t\t\t\t\t\t\t\t\t\t\t<span class=\"elementor-icon-list-text\">Communiqu\u00e9s de presse<\/span>\n\t\t\t\t\t\t\t\t\t\t\t<\/a>\n\t\t\t\t\t\t\t\t\t<\/li>\n\t\t\t\t\t\t\t\t<li class=\"elementor-icon-list-item\">\n\t\t\t\t\t\t\t\t\t\t\t<a href=\"https:\/\/ilesaintbernard.ca\/contact\/\">\n\n\t\t\t\t\t\t\t\t\t\t\t<span class=\"elementor-icon-list-text\">Contact<\/span>\n\t\t\t\t\t\t\t\t\t\t\t<\/a>\n\t\t\t\t\t\t\t\t\t<\/li>\n\t\t\t\t\t\t\t\t<li class=\"elementor-icon-list-item\">\n\t\t\t\t\t\t\t\t\t\t\t<a href=\"https:\/\/ilesaintbernard.ca\/aga\/\" target=\"_blank\">\n\n\t\t\t\t\t\t\t\t\t\t\t<span class=\"elementor-icon-list-text\">Assembl\u00e9e g\u00e9n\u00e9rale annuelle<\/span>\n\t\t\t\t\t\t\t\t\t\t\t<\/a>\n\t\t\t\t\t\t\t\t\t<\/li>\n\t\t\t\t\t\t\t\t<li class=\"elementor-icon-list-item\">\n\t\t\t\t\t\t\t\t\t\t\t<a href=\"https:\/\/ilesaintbernard.ca\/distinctions\/\">\n\n\t\t\t\t\t\t\t\t\t\t\t<span class=\"elementor-icon-list-text\">Distinctions<\/span>\n\t\t\t\t\t\t\t\t\t\t\t<\/a>\n\t\t\t\t\t\t\t\t\t<\/li>\n\t\t\t\t\t\t\t\t<li class=\"elementor-icon-list-item\">\n\t\t\t\t\t\t\t\t\t\t\t<a href=\"https:\/\/ilesaintbernard.ca\/documentation\/\">\n\n\t\t\t\t\t\t\t\t\t\t\t<span class=\"elementor-icon-list-text\">Documentation<\/span>\n\t\t\t\t\t\t\t\t\t\t\t<\/a>\n\t\t\t\t\t\t\t\t\t<\/li>\n\t\t\t\t\t\t\t\t<li class=\"elementor-icon-list-item\">\n\t\t\t\t\t\t\t\t\t\t\t<a href=\"https:\/\/ilesaintbernard.ca\/postesdisponibles\/\">\n\n\t\t\t\t\t\t\t\t\t\t\t<span class=\"elementor-icon-list-text\">Emplois<\/span>\n\t\t\t\t\t\t\t\t\t\t\t<\/a>\n\t\t\t\t\t\t\t\t\t<\/li>\n\t\t\t\t\t\t\t\t<li class=\"elementor-icon-list-item\">\n\t\t\t\t\t\t\t\t\t\t\t<a href=\"https:\/\/ilesaintbernard.ca\/faq\/\">\n\n\t\t\t\t\t\t\t\t\t\t\t<span class=\"elementor-icon-list-text\">FAQ<\/span>\n\t\t\t\t\t\t\t\t\t\t\t<\/a>\n\t\t\t\t\t\t\t\t\t<\/li>\n\t\t\t\t\t\t\t\t<li class=\"elementor-icon-list-item\">\n\t\t\t\t\t\t\t\t\t\t\t<a href=\"https:\/\/ilesaintbernard.ca\/heritagesaintbernard\/\">\n\n\t\t\t\t\t\t\t\t\t\t\t<span class=\"elementor-icon-list-text\">H\u00e9ritage Saint-Bernard<\/span>\n\t\t\t\t\t\t\t\t\t\t\t<\/a>\n\t\t\t\t\t\t\t\t\t<\/li>\n\t\t\t\t\t\t\t\t<li class=\"elementor-icon-list-item\">\n\t\t\t\t\t\t\t\t\t\t\t<a href=\"https:\/\/ilesaintbernard.ca\/medias\/\">\n\n\t\t\t\t\t\t\t\t\t\t\t<span class=\"elementor-icon-list-text\">M\u00e9dias<\/span>\n\t\t\t\t\t\t\t\t\t\t\t<\/a>\n\t\t\t\t\t\t\t\t\t<\/li>\n\t\t\t\t\t\t\t\t<li class=\"elementor-icon-list-item\">\n\t\t\t\t\t\t\t\t\t\t\t<a href=\"https:\/\/ilesaintbernard.ca\/equipe\/\">\n\n\t\t\t\t\t\t\t\t\t\t\t<span class=\"elementor-icon-list-text\">Notre \u00e9quipe<\/span>\n\t\t\t\t\t\t\t\t\t\t\t<\/a>\n\t\t\t\t\t\t\t\t\t<\/li>\n\t\t\t\t\t\t<\/ul>\n\t\t\t\t\t\t<\/div>\n\t\t\t\t<\/div>\n\t\t\t\t\t<\/div>\n\t\t<\/div>\n\t\t\t\t<div class=\"elementor-column elementor-col-33 elementor-inner-column elementor-element elementor-element-2a2f56f\" data-id=\"2a2f56f\" data-element_type=\"column\" data-e-type=\"column\">\n\t\t\t<div class=\"elementor-widget-wrap elementor-element-populated\">\n\t\t\t\t\t\t<div class=\"elementor-element elementor-element-f6c1ed0 elementor-widget elementor-widget-heading\" data-id=\"f6c1ed0\" data-element_type=\"widget\" data-e-type=\"widget\" data-widget_type=\"heading.default\">\n\t\t\t\t<div class=\"elementor-widget-container\">\n\t\t\t\t\t<h5 class=\"elementor-heading-title elementor-size-default\">r\u00e9seaux sociaux<\/h5>\t\t\t\t<\/div>\n\t\t\t\t<\/div>\n\t\t\t\t<div class=\"elementor-element elementor-element-bc730ec e-grid-align-left e-grid-align-mobile-left elementor-shape-circle elementor-grid-6 elementor-widget elementor-widget-social-icons\" data-id=\"bc730ec\" data-element_type=\"widget\" data-e-type=\"widget\" data-widget_type=\"social-icons.default\">\n\t\t\t\t<div class=\"elementor-widget-container\">\n\t\t\t\t\t\t\t<div class=\"elementor-social-icons-wrapper elementor-grid\" role=\"list\">\n\t\t\t\t\t\t\t<span class=\"elementor-grid-item\" role=\"listitem\">\n\t\t\t\t\t<a class=\"elementor-icon elementor-social-icon elementor-social-icon-facebook-f elementor-repeater-item-cc27893\" href=\"https:\/\/www.facebook.com\/heritagestbernard\/\" target=\"_blank\">\n\t\t\t\t\t\t<span class=\"elementor-screen-only\">Facebook-f<\/span>\n\t\t\t\t\t\t<i aria-hidden=\"true\" class=\"fab fa-facebook-f\"><\/i>\t\t\t\t\t<\/a>\n\t\t\t\t<\/span>\n\t\t\t\t\t\t\t<span class=\"elementor-grid-item\" role=\"listitem\">\n\t\t\t\t\t<a class=\"elementor-icon elementor-social-icon elementor-social-icon-youtube elementor-repeater-item-dbaeb71\" href=\"https:\/\/www.youtube.com\/user\/heritagestbernard\" target=\"_blank\">\n\t\t\t\t\t\t<span class=\"elementor-screen-only\">Youtube<\/span>\n\t\t\t\t\t\t<i aria-hidden=\"true\" class=\"fab fa-youtube\"><\/i>\t\t\t\t\t<\/a>\n\t\t\t\t<\/span>\n\t\t\t\t\t\t\t<span class=\"elementor-grid-item\" role=\"listitem\">\n\t\t\t\t\t<a class=\"elementor-icon elementor-social-icon elementor-social-icon-flickr elementor-repeater-item-4b41289\" href=\"https:\/\/www.flickr.com\/groups\/hsbernard\/pool\/?rb=1\" target=\"_blank\">\n\t\t\t\t\t\t<span class=\"elementor-screen-only\">Flickr<\/span>\n\t\t\t\t\t\t<i aria-hidden=\"true\" class=\"fab fa-flickr\"><\/i>\t\t\t\t\t<\/a>\n\t\t\t\t<\/span>\n\t\t\t\t\t\t\t<span class=\"elementor-grid-item\" role=\"listitem\">\n\t\t\t\t\t<a class=\"elementor-icon elementor-social-icon elementor-social-icon-instagram elementor-repeater-item-2bb2574\" href=\"https:\/\/www.instagram.com\/heritagesaintbernard\/\" target=\"_blank\">\n\t\t\t\t\t\t<span class=\"elementor-screen-only\">Instagram<\/span>\n\t\t\t\t\t\t<i aria-hidden=\"true\" class=\"fab fa-instagram\"><\/i>\t\t\t\t\t<\/a>\n\t\t\t\t<\/span>\n\t\t\t\t\t<\/div>\n\t\t\t\t\t\t<\/div>\n\t\t\t\t<\/div>\n\t\t\t\t\t<\/div>\n\t\t<\/div>\n\t\t\t\t<div class=\"elementor-column elementor-col-33 elementor-inner-column elementor-element elementor-element-7aca5a6\" data-id=\"7aca5a6\" data-element_type=\"column\" data-e-type=\"column\">\n\t\t\t<div class=\"elementor-widget-wrap elementor-element-populated\">\n\t\t\t\t\t\t<div class=\"elementor-element elementor-element-3b3243f elementor-widget elementor-widget-heading\" data-id=\"3b3243f\" data-element_type=\"widget\" data-e-type=\"widget\" data-widget_type=\"heading.default\">\n\t\t\t\t<div class=\"elementor-widget-container\">\n\t\t\t\t\t<h5 class=\"elementor-heading-title elementor-size-default\">Nous joindre<\/h5>\t\t\t\t<\/div>\n\t\t\t\t<\/div>\n\t\t\t\t<div class=\"elementor-element elementor-element-26c348f elementor-widget elementor-widget-text-editor\" data-id=\"26c348f\" data-element_type=\"widget\" data-e-type=\"widget\" data-widget_type=\"text-editor.default\">\n\t\t\t\t<div class=\"elementor-widget-container\">\n\t\t\t\t\t\t\t\t\t<p><span style=\"font-family: Karla;\"><strong>\u00cele Saint-Bernard<br \/><\/strong><\/span><span style=\"font-family: Karla;\">480, boulevard D\u2019Youville<br \/><\/span><span style=\"font-family: Karla;\">Ch\u00e2teauguay, Qu\u00e9bec J6J 5T9<\/span><\/p><p><span style=\"font-family: Karla;\"><strong>Renseignements g\u00e9n\u00e9raux<br \/><\/strong><\/span><span style=\"font-family: Karla;\">450 698-3133<br \/><\/span><span style=\"text-decoration: underline;\"><span style=\"font-family: Karla; color: #ffffff;\"><a style=\"color: #ffffff; text-decoration: underline;\" href=\"mailto:info@heritagestbernard.qc.ca\">info@heritagestbernard.qc.ca<\/a><\/span><\/span><\/p><p><span style=\"font-family: Karla;\"><strong>Protection des renseignements personnels<br \/><\/strong><\/span><span style=\"font-family: Karla;\">Nadine Leli\u00e8vre<br \/><\/span><span style=\"text-decoration: underline;\"><span style=\"font-family: Karla;\"><span style=\"color: #ffffff; text-decoration: underline;\"><a style=\"color: #ffffff; text-decoration: underline;\" href=\"mailto:vieprivee@heritagestbernard.qc.ca\">vieprivee@heritagestbernard.qc.ca<\/a><\/span><\/span><\/span><\/p><p><a href=\"https:\/\/ilesaintbernard.ca\/politique-de-confidentialite\/\"><span style=\"text-decoration: underline;\"><span style=\"font-family: Karla; color: #ffffff; text-decoration: underline;\">Politique de confidentialit\u00e9<\/span><\/span><\/a><\/p>\t\t\t\t\t\t\t\t<\/div>\n\t\t\t\t<\/div>\n\t\t\t\t\t<\/div>\n\t\t<\/div>\n\t\t\t\t\t<\/div>\n\t\t<\/section>\n\t\t\t\t<section data-particle_enable=\"false\" data-particle-mobile-disabled=\"false\" class=\"elementor-section elementor-inner-section elementor-element elementor-element-5a5dde0 elementor-section-boxed elementor-section-height-default elementor-section-height-default\" data-id=\"5a5dde0\" data-element_type=\"section\" data-e-type=\"section\">\n\t\t\t\t\t\t<div class=\"elementor-container elementor-column-gap-default\">\n\t\t\t\t\t<div class=\"elementor-column elementor-col-50 elementor-inner-column elementor-element elementor-element-09e401e\" data-id=\"09e401e\" data-element_type=\"column\" data-e-type=\"column\">\n\t\t\t<div class=\"elementor-widget-wrap elementor-element-populated\">\n\t\t\t\t\t\t<div class=\"elementor-element elementor-element-c1eba52 elementor-widget elementor-widget-global elementor-global-17836 elementor-widget-text-editor\" data-id=\"c1eba52\" data-element_type=\"widget\" data-e-type=\"widget\" data-widget_type=\"text-editor.default\">\n\t\t\t\t<div class=\"elementor-widget-container\">\n\t\t\t\t\t\t\t\t\t<p><span style=\"font-family: Karla;\">\u00a9 2025 Tous les droits r\u00e9serv\u00e9s \u00e0 H\u00e9ritage Saint-Bernard<\/span><\/p>\t\t\t\t\t\t\t\t<\/div>\n\t\t\t\t<\/div>\n\t\t\t\t\t<\/div>\n\t\t<\/div>\n\t\t\t\t<div class=\"elementor-column elementor-col-50 elementor-inner-column elementor-element elementor-element-f9f7806\" data-id=\"f9f7806\" data-element_type=\"column\" data-e-type=\"column\">\n\t\t\t<div class=\"elementor-widget-wrap elementor-element-populated\">\n\t\t\t\t\t\t<div class=\"elementor-element elementor-element-a575073 elementor-hidden-phone elementor-widget elementor-widget-text-editor\" data-id=\"a575073\" data-element_type=\"widget\" data-e-type=\"widget\" data-widget_type=\"text-editor.default\">\n\t\t\t\t<div class=\"elementor-widget-container\">\n\t\t\t\t\t\t\t\t\t<p><span style=\"font-family: Karla;\"><a href=\"http:\/\/www.ilesaintbernard.com\"><span style=\"color: #ffffff;\">Accueil<\/span><\/a>\u00a0 \u00a0 \/\u00a0 \u00a0 <span style=\"color: #ffffff;\"><a style=\"color: #ffffff;\" href=\"https:\/\/ilesaintbernard.ca\/plansite\/\">Plan du site<\/a><\/span>\u00a0<\/span><\/p>\t\t\t\t\t\t\t\t<\/div>\n\t\t\t\t<\/div>\n\t\t\t\t\t<\/div>\n\t\t<\/div>\n\t\t\t\t\t<\/div>\n\t\t<\/section>\n\t\t\t\t\t<\/div>\n\t\t<\/div>\n\t\t\t\t\t<\/div>\n\t\t<\/section>\n\t\t\t\t<\/div>\n\t\t","protected":false},"excerpt":{"rendered":"<p>Archivesdes communiqu\u00e9s 2024 2023 2022 2021 2020 2019 2018 2017 2016 2015 2014 2013 2012 2011 2010 2009 2008 2024 12 d\u00e9cembre \u2014 Modification du trac\u00e9 de ski de fond au centre \u00e9cologique Fernand-Seguin 20 novembre \u2014 Am\u00e9lioration des infrastructures du refuge faunique Marguerite-D\u2019Youville : d\u00e9but des travaux 10 septembre \u2014 Vers un automne color\u00e9, &hellip; <\/p>\n<p class=\"link-more\"><a href=\"https:\/\/ilesaintbernard.ca\/english\/communiquesarchives\/\" class=\"more-link\">Continue reading<span class=\"screen-reader-text\"> \u00ab\u00a0Communiqu\u00e9s archives\u00a0\u00bb<\/span><\/a><\/p>","protected":false},"author":4,"featured_media":501,"parent":0,"menu_order":0,"comment_status":"closed","ping_status":"closed","template":"elementor_canvas","meta":{"episode_type":"","audio_file":"","podmotor_file_id":"","podmotor_episode_id":"","cover_image":"","cover_image_id":"","duration":"","filesize":"","filesize_raw":"","date_recorded":"","explicit":"","block":"","footnotes":""},"class_list":["post-2588","page","type-page","status-publish","has-post-thumbnail","hentry","entry"],"yoast_head":"<!-- This site is optimized with the Yoast SEO plugin v27.4 - https:\/\/yoast.com\/product\/yoast-seo-wordpress\/ -->\n<title>Communiqu\u00e9s archives &#8212; \u00cele Saint-Bernard<\/title>\n<meta name=\"robots\" content=\"index, follow, max-snippet:-1, max-image-preview:large, max-video-preview:-1\" \/>\n<link rel=\"canonical\" href=\"https:\/\/ilesaintbernard.ca\/english\/communiquesarchives\/\" \/>\n<meta property=\"og:locale\" content=\"en_US\" \/>\n<meta property=\"og:type\" content=\"article\" \/>\n<meta property=\"og:title\" content=\"Communiqu\u00e9s archives &#8212; \u00cele Saint-Bernard\" \/>\n<meta property=\"og:description\" content=\"Archivesdes communiqu\u00e9s 2024 2023 2022 2021 2020 2019 2018 2017 2016 2015 2014 2013 2012 2011 2010 2009 2008 2024 12 d\u00e9cembre \u2014 Modification du trac\u00e9 de ski de fond au centre \u00e9cologique Fernand-Seguin 20 novembre \u2014 Am\u00e9lioration des infrastructures du refuge faunique Marguerite-D\u2019Youville : d\u00e9but des travaux 10 septembre \u2014 Vers un automne color\u00e9, &hellip; Continue reading &quot;Communiqu\u00e9s archives&quot;\" \/>\n<meta property=\"og:url\" content=\"https:\/\/ilesaintbernard.ca\/english\/communiquesarchives\/\" \/>\n<meta property=\"og:site_name\" content=\"\u00cele Saint-Bernard\" \/>\n<meta property=\"article:publisher\" content=\"https:\/\/www.facebook.com\/heritagestbernard\/\" \/>\n<meta property=\"article:modified_time\" content=\"2025-08-01T18:02:37+00:00\" \/>\n<meta property=\"og:image\" content=\"https:\/\/ilesaintbernard.ca\/wp-content\/uploads\/2019\/05\/8-2.png\" \/>\n\t<meta property=\"og:image:width\" content=\"1140\" \/>\n\t<meta property=\"og:image:height\" content=\"500\" \/>\n\t<meta property=\"og:image:type\" content=\"image\/png\" \/>\n<meta name=\"twitter:card\" content=\"summary_large_image\" \/>\n<meta name=\"twitter:site\" content=\"@hsbernard\" \/>\n<meta name=\"twitter:label1\" content=\"Est. reading time\" \/>\n\t<meta name=\"twitter:data1\" content=\"21 minutes\" \/>\n<script type=\"application\/ld+json\" class=\"yoast-schema-graph\">{\"@context\":\"https:\\\/\\\/schema.org\",\"@graph\":[{\"@type\":\"WebPage\",\"@id\":\"https:\\\/\\\/ilesaintbernard.ca\\\/communiquesarchives\\\/\",\"url\":\"https:\\\/\\\/ilesaintbernard.ca\\\/communiquesarchives\\\/\",\"name\":\"Communiqu\u00e9s archives &#8212; \u00cele Saint-Bernard\",\"isPartOf\":{\"@id\":\"https:\\\/\\\/ilesaintbernard.ca\\\/#website\"},\"primaryImageOfPage\":{\"@id\":\"https:\\\/\\\/ilesaintbernard.ca\\\/communiquesarchives\\\/#primaryimage\"},\"image\":{\"@id\":\"https:\\\/\\\/ilesaintbernard.ca\\\/communiquesarchives\\\/#primaryimage\"},\"thumbnailUrl\":\"https:\\\/\\\/ilesaintbernard.ca\\\/wp-content\\\/uploads\\\/2019\\\/05\\\/8-2.png\",\"datePublished\":\"2019-11-28T13:53:39+00:00\",\"dateModified\":\"2025-08-01T18:02:37+00:00\",\"breadcrumb\":{\"@id\":\"https:\\\/\\\/ilesaintbernard.ca\\\/communiquesarchives\\\/#breadcrumb\"},\"inLanguage\":\"en-US\",\"potentialAction\":[{\"@type\":\"ReadAction\",\"target\":[\"https:\\\/\\\/ilesaintbernard.ca\\\/communiquesarchives\\\/\"]}]},{\"@type\":\"ImageObject\",\"inLanguage\":\"en-US\",\"@id\":\"https:\\\/\\\/ilesaintbernard.ca\\\/communiquesarchives\\\/#primaryimage\",\"url\":\"https:\\\/\\\/ilesaintbernard.ca\\\/wp-content\\\/uploads\\\/2019\\\/05\\\/8-2.png\",\"contentUrl\":\"https:\\\/\\\/ilesaintbernard.ca\\\/wp-content\\\/uploads\\\/2019\\\/05\\\/8-2.png\",\"width\":1140,\"height\":500},{\"@type\":\"BreadcrumbList\",\"@id\":\"https:\\\/\\\/ilesaintbernard.ca\\\/communiquesarchives\\\/#breadcrumb\",\"itemListElement\":[{\"@type\":\"ListItem\",\"position\":1,\"name\":\"Accueil\",\"item\":\"https:\\\/\\\/ilesaintbernard.ca\\\/\"},{\"@type\":\"ListItem\",\"position\":2,\"name\":\"Communiqu\u00e9s archives\"}]},{\"@type\":\"WebSite\",\"@id\":\"https:\\\/\\\/ilesaintbernard.ca\\\/#website\",\"url\":\"https:\\\/\\\/ilesaintbernard.ca\\\/\",\"name\":\"\u00cele Saint-Bernard\",\"description\":\"Entre nature et culture\",\"publisher\":{\"@id\":\"https:\\\/\\\/ilesaintbernard.ca\\\/#organization\"},\"potentialAction\":[{\"@type\":\"SearchAction\",\"target\":{\"@type\":\"EntryPoint\",\"urlTemplate\":\"https:\\\/\\\/ilesaintbernard.ca\\\/?s={search_term_string}\"},\"query-input\":{\"@type\":\"PropertyValueSpecification\",\"valueRequired\":true,\"valueName\":\"search_term_string\"}}],\"inLanguage\":\"en-US\"},{\"@type\":\"Organization\",\"@id\":\"https:\\\/\\\/ilesaintbernard.ca\\\/#organization\",\"name\":\"\u00cele Saint-Bernard\",\"url\":\"https:\\\/\\\/ilesaintbernard.ca\\\/\",\"logo\":{\"@type\":\"ImageObject\",\"inLanguage\":\"en-US\",\"@id\":\"https:\\\/\\\/ilesaintbernard.ca\\\/#\\\/schema\\\/logo\\\/image\\\/\",\"url\":\"https:\\\/\\\/ilesaintbernard.ca\\\/wp-content\\\/uploads\\\/2019\\\/05\\\/logo@2x-1.png\",\"contentUrl\":\"https:\\\/\\\/ilesaintbernard.ca\\\/wp-content\\\/uploads\\\/2019\\\/05\\\/logo@2x-1.png\",\"width\":250,\"height\":200,\"caption\":\"\u00cele Saint-Bernard\"},\"image\":{\"@id\":\"https:\\\/\\\/ilesaintbernard.ca\\\/#\\\/schema\\\/logo\\\/image\\\/\"},\"sameAs\":[\"https:\\\/\\\/www.facebook.com\\\/heritagestbernard\\\/\",\"https:\\\/\\\/x.com\\\/hsbernard\",\"https:\\\/\\\/www.instagram.com\\\/heritagesaintbernard\\\/\",\"https:\\\/\\\/www.youtube.com\\\/user\\\/heritagestbernard\"]}]}<\/script>\n<!-- \/ Yoast SEO plugin. -->","yoast_head_json":{"title":"Communiqu\u00e9s archives &#8212; \u00cele Saint-Bernard","robots":{"index":"index","follow":"follow","max-snippet":"max-snippet:-1","max-image-preview":"max-image-preview:large","max-video-preview":"max-video-preview:-1"},"canonical":"https:\/\/ilesaintbernard.ca\/english\/communiquesarchives\/","og_locale":"en_US","og_type":"article","og_title":"Communiqu\u00e9s archives &#8212; \u00cele Saint-Bernard","og_description":"Archivesdes communiqu\u00e9s 2024 2023 2022 2021 2020 2019 2018 2017 2016 2015 2014 2013 2012 2011 2010 2009 2008 2024 12 d\u00e9cembre \u2014 Modification du trac\u00e9 de ski de fond au centre \u00e9cologique Fernand-Seguin 20 novembre \u2014 Am\u00e9lioration des infrastructures du refuge faunique Marguerite-D\u2019Youville : d\u00e9but des travaux 10 septembre \u2014 Vers un automne color\u00e9, &hellip; Continue reading \"Communiqu\u00e9s archives\"","og_url":"https:\/\/ilesaintbernard.ca\/english\/communiquesarchives\/","og_site_name":"\u00cele Saint-Bernard","article_publisher":"https:\/\/www.facebook.com\/heritagestbernard\/","article_modified_time":"2025-08-01T18:02:37+00:00","og_image":[{"width":1140,"height":500,"url":"https:\/\/ilesaintbernard.ca\/wp-content\/uploads\/2019\/05\/8-2.png","type":"image\/png"}],"twitter_card":"summary_large_image","twitter_site":"@hsbernard","twitter_misc":{"Est. reading time":"21 minutes"},"schema":{"@context":"https:\/\/schema.org","@graph":[{"@type":"WebPage","@id":"https:\/\/ilesaintbernard.ca\/communiquesarchives\/","url":"https:\/\/ilesaintbernard.ca\/communiquesarchives\/","name":"Communiqu\u00e9s archives &#8212; \u00cele Saint-Bernard","isPartOf":{"@id":"https:\/\/ilesaintbernard.ca\/#website"},"primaryImageOfPage":{"@id":"https:\/\/ilesaintbernard.ca\/communiquesarchives\/#primaryimage"},"image":{"@id":"https:\/\/ilesaintbernard.ca\/communiquesarchives\/#primaryimage"},"thumbnailUrl":"https:\/\/ilesaintbernard.ca\/wp-content\/uploads\/2019\/05\/8-2.png","datePublished":"2019-11-28T13:53:39+00:00","dateModified":"2025-08-01T18:02:37+00:00","breadcrumb":{"@id":"https:\/\/ilesaintbernard.ca\/communiquesarchives\/#breadcrumb"},"inLanguage":"en-US","potentialAction":[{"@type":"ReadAction","target":["https:\/\/ilesaintbernard.ca\/communiquesarchives\/"]}]},{"@type":"ImageObject","inLanguage":"en-US","@id":"https:\/\/ilesaintbernard.ca\/communiquesarchives\/#primaryimage","url":"https:\/\/ilesaintbernard.ca\/wp-content\/uploads\/2019\/05\/8-2.png","contentUrl":"https:\/\/ilesaintbernard.ca\/wp-content\/uploads\/2019\/05\/8-2.png","width":1140,"height":500},{"@type":"BreadcrumbList","@id":"https:\/\/ilesaintbernard.ca\/communiquesarchives\/#breadcrumb","itemListElement":[{"@type":"ListItem","position":1,"name":"Accueil","item":"https:\/\/ilesaintbernard.ca\/"},{"@type":"ListItem","position":2,"name":"Communiqu\u00e9s archives"}]},{"@type":"WebSite","@id":"https:\/\/ilesaintbernard.ca\/#website","url":"https:\/\/ilesaintbernard.ca\/","name":"\u00cele Saint-Bernard","description":"Entre nature et culture","publisher":{"@id":"https:\/\/ilesaintbernard.ca\/#organization"},"potentialAction":[{"@type":"SearchAction","target":{"@type":"EntryPoint","urlTemplate":"https:\/\/ilesaintbernard.ca\/?s={search_term_string}"},"query-input":{"@type":"PropertyValueSpecification","valueRequired":true,"valueName":"search_term_string"}}],"inLanguage":"en-US"},{"@type":"Organization","@id":"https:\/\/ilesaintbernard.ca\/#organization","name":"\u00cele Saint-Bernard","url":"https:\/\/ilesaintbernard.ca\/","logo":{"@type":"ImageObject","inLanguage":"en-US","@id":"https:\/\/ilesaintbernard.ca\/#\/schema\/logo\/image\/","url":"https:\/\/ilesaintbernard.ca\/wp-content\/uploads\/2019\/05\/logo@2x-1.png","contentUrl":"https:\/\/ilesaintbernard.ca\/wp-content\/uploads\/2019\/05\/logo@2x-1.png","width":250,"height":200,"caption":"\u00cele Saint-Bernard"},"image":{"@id":"https:\/\/ilesaintbernard.ca\/#\/schema\/logo\/image\/"},"sameAs":["https:\/\/www.facebook.com\/heritagestbernard\/","https:\/\/x.com\/hsbernard","https:\/\/www.instagram.com\/heritagesaintbernard\/","https:\/\/www.youtube.com\/user\/heritagestbernard"]}]}},"_links":{"self":[{"href":"https:\/\/ilesaintbernard.ca\/english\/wp-json\/wp\/v2\/pages\/2588","targetHints":{"allow":["GET"]}}],"collection":[{"href":"https:\/\/ilesaintbernard.ca\/english\/wp-json\/wp\/v2\/pages"}],"about":[{"href":"https:\/\/ilesaintbernard.ca\/english\/wp-json\/wp\/v2\/types\/page"}],"author":[{"embeddable":true,"href":"https:\/\/ilesaintbernard.ca\/english\/wp-json\/wp\/v2\/users\/4"}],"replies":[{"embeddable":true,"href":"https:\/\/ilesaintbernard.ca\/english\/wp-json\/wp\/v2\/comments?post=2588"}],"version-history":[{"count":0,"href":"https:\/\/ilesaintbernard.ca\/english\/wp-json\/wp\/v2\/pages\/2588\/revisions"}],"wp:featuredmedia":[{"embeddable":true,"href":"https:\/\/ilesaintbernard.ca\/english\/wp-json\/wp\/v2\/media\/501"}],"wp:attachment":[{"href":"https:\/\/ilesaintbernard.ca\/english\/wp-json\/wp\/v2\/media?parent=2588"}],"curies":[{"name":"wp","href":"https:\/\/api.w.org\/{rel}","templated":true}]}}